{"id":641,"date":"2025-02-07T08:27:11","date_gmt":"2025-02-07T08:27:11","guid":{"rendered":"https:\/\/smart-age.eu\/qui-sommes-nous\/"},"modified":"2026-01-07T10:45:53","modified_gmt":"2026-01-07T10:45:53","slug":"qui-sommes-nous","status":"publish","type":"page","link":"https:\/\/smart-age.eu\/fr\/qui-sommes-nous\/","title":{"rendered":"Qui sommes-nous ?"},"content":{"rendered":"<p>[et_pb_section fb_built=\u00a0\u00bb1&Prime; _builder_version=\u00a0\u00bb4.27.4&Prime; _module_preset=\u00a0\u00bbdefault\u00a0\u00bb custom_padding=\u00a0\u00bb3px||5px|||\u00a0\u00bb global_colors_info=\u00a0\u00bb{}\u00a0\u00bb][et_pb_row _builder_version=\u00a0\u00bb4.27.4&Prime; _module_preset=\u00a0\u00bbdefault\u00a0\u00bb global_colors_info=\u00a0\u00bb{}\u00a0\u00bb][et_pb_column type=\u00a0\u00bb4_4&Prime; _builder_version=\u00a0\u00bb4.27.4&Prime; _module_preset=\u00a0\u00bbdefault\u00a0\u00bb global_colors_info=\u00a0\u00bb{}\u00a0\u00bb][et_pb_text _builder_version=\u00a0\u00bb4.27.4&Prime; _module_preset=\u00a0\u00bbdefault\u00a0\u00bb header_font=\u00a0\u00bb|700||on|||||\u00a0\u00bb header_font_size=\u00a0\u00bb46px\u00a0\u00bb global_colors_info=\u00a0\u00bb{}\u00a0\u00bb]<\/p>\n<h1 style=\"text-align: left;\">Qui sommes-nous ?<\/h1>\n<p>[\/et_pb_text][\/et_pb_column][\/et_pb_row][\/et_pb_section][et_pb_section fb_built=\u00a0\u00bb1&Prime; _builder_version=\u00a0\u00bb4.27.4&Prime; _module_preset=\u00a0\u00bbdefault\u00a0\u00bb custom_padding=\u00a0\u00bb0px||5px|||\u00a0\u00bb global_colors_info=\u00a0\u00bb{}\u00a0\u00bb][et_pb_row _builder_version=\u00a0\u00bb4.27.4&Prime; _module_preset=\u00a0\u00bbdefault\u00a0\u00bb custom_padding=\u00a0\u00bb5px||0px|||\u00a0\u00bb global_colors_info=\u00a0\u00bb{}\u00a0\u00bb][et_pb_column type=\u00a0\u00bb4_4&Prime; _builder_version=\u00a0\u00bb4.27.4&Prime; _module_preset=\u00a0\u00bbdefault\u00a0\u00bb global_colors_info=\u00a0\u00bb{}\u00a0\u00bb][et_pb_text _builder_version=\u00a0\u00bb4.27.4&Prime; _module_preset=\u00a0\u00bbdefault\u00a0\u00bb header_2_text_color=\u00a0\u00bb#19BF6C\u00a0\u00bb header_2_line_height=\u00a0\u00bb1.3em\u00a0\u00bb global_colors_info=\u00a0\u00bb{}\u00a0\u00bb]<\/p>\n<h2>Le consortium SMART-AGE combine l&rsquo;exp\u00e9rience de 21 partenaires issus des milieux universitaires, politiques et sociaux:<\/h2>\n<p>[\/et_pb_text][\/et_pb_column][\/et_pb_row][\/et_pb_section][et_pb_section fb_built=\u00a0\u00bb1&Prime; _builder_version=\u00a0\u00bb4.27.4&Prime; _module_preset=\u00a0\u00bbdefault\u00a0\u00bb custom_padding=\u00a0\u00bb3px||4px|||\u00a0\u00bb global_colors_info=\u00a0\u00bb{}\u00a0\u00bb][et_pb_row column_structure=\u00a0\u00bb3_4,1_4&Prime; _builder_version=\u00a0\u00bb4.27.4&Prime; _module_preset=\u00a0\u00bbdefault\u00a0\u00bb border_width_bottom=\u00a0\u00bb1px\u00a0\u00bb border_color_bottom=\u00a0\u00bb#E5E5E5&Prime; global_colors_info=\u00a0\u00bb{}\u00a0\u00bb][et_pb_column type=\u00a0\u00bb3_4&Prime; _builder_version=\u00a0\u00bb4.27.4&Prime; _module_preset=\u00a0\u00bbdefault\u00a0\u00bb global_colors_info=\u00a0\u00bb{}\u00a0\u00bb][et_pb_text _builder_version=\u00a0\u00bb4.27.4&Prime; _module_preset=\u00a0\u00bbdefault\u00a0\u00bb header_3_font=\u00a0\u00bb|700|||||||\u00a0\u00bb global_colors_info=\u00a0\u00bb{}\u00a0\u00bb]<\/p>\n<h3>Universit\u00e9 d&rsquo;Anvers<\/h3>\n<p>L&rsquo;Universit\u00e9 d&rsquo;Anvers agit en tant que coordinateur du projet et apporte son exp\u00e9rience en mati\u00e8re de collaboration et de recherche transfrontali\u00e8res par le biais de sa Facult\u00e9 de droit, repr\u00e9sent\u00e9e par les groupes de recherche \u00ab\u00a0Business and Law\u00a0\u00bb et \u00ab\u00a0Government and Law\u00a0\u00bb. Ces groupes ont beaucoup travaill\u00e9 sur des questions juridico-scientifiques \u00e0 l&rsquo;intersection des affaires, du droit, de la gouvernance et des d\u00e9fis soci\u00e9taux, en particulier dans des domaines tels que la mondialisation, la num\u00e9risation et la durabilit\u00e9. En mettant l&rsquo;accent sur la durabilit\u00e9 sociale et l&rsquo;inclusivit\u00e9 dans la planification de la mobilit\u00e9, la Facult\u00e9 joue un r\u00f4le central dans le Work Package 1 (WP1).  <\/p>\n<p>Les principaux contributeurs sont les suivants:<\/p>\n<ul>\n<li>Prof Wouter Verheyen, qui poss\u00e8de une vaste exp\u00e9rience en mati\u00e8re de transport durable et de droit de la mobilit\u00e9, ainsi que dans la direction de consortiums et la conduite de recherches politiques pour des organisations publiques et priv\u00e9es.<\/li>\n<li>\u00dclk\u00fc Tanriverdi, chercheur sp\u00e9cialis\u00e9 dans l&rsquo;\u00e9tude des r\u00e9glementations relatives \u00e0 la mobilit\u00e9 \u00ab\u00a0intelligente\u00a0\u00bb et \u00e0 l&rsquo;accessibilit\u00e9, donne un aper\u00e7u du paysage r\u00e9glementaire de la Flandre.<\/li>\n<\/ul>\n<p>Leur exp\u00e9rience combin\u00e9e contribue \u00e0 l&rsquo;\u00e9laboration de cadres juridiques et politiques pour une mobilit\u00e9 urbaine durable et inclusive.<\/p>\n<p>[\/et_pb_text][\/et_pb_column][et_pb_column type=\u00a0\u00bb1_4&Prime; _builder_version=\u00a0\u00bb4.27.4&Prime; _module_preset=\u00a0\u00bbdefault\u00a0\u00bb custom_padding=\u00a0\u00bb3%||||false|false\u00a0\u00bb global_colors_info=\u00a0\u00bb{}\u00a0\u00bb][et_pb_image src=\u00a0\u00bbhttps:\/\/smart-age.eu\/wp-content\/uploads\/2025\/02\/logo-UA.jpg\u00a0\u00bb title_text=\u00a0\u00bblogo UA\u00a0\u00bb _builder_version=\u00a0\u00bb4.27.4&Prime; _module_preset=\u00a0\u00bbdefault\u00a0\u00bb width=\u00a0\u00bb100%\u00a0\u00bb width_tablet=\u00a0\u00bb47%\u00a0\u00bb width_phone=\u00a0\u00bb47%\u00a0\u00bb width_last_edited=\u00a0\u00bbon|phone\u00a0\u00bb global_colors_info=\u00a0\u00bb{}\u00a0\u00bb][\/et_pb_image][\/et_pb_column][\/et_pb_row][\/et_pb_section][et_pb_section fb_built=\u00a0\u00bb1&Prime; _builder_version=\u00a0\u00bb4.27.4&Prime; _module_preset=\u00a0\u00bbdefault\u00a0\u00bb custom_padding=\u00a0\u00bb3px||5px|||\u00a0\u00bb global_colors_info=\u00a0\u00bb{}\u00a0\u00bb][et_pb_row column_structure=\u00a0\u00bb3_4,1_4&Prime; _builder_version=\u00a0\u00bb4.27.4&Prime; _module_preset=\u00a0\u00bbdefault\u00a0\u00bb border_width_bottom=\u00a0\u00bb1px\u00a0\u00bb border_color_bottom=\u00a0\u00bb#E5E5E5&Prime; global_colors_info=\u00a0\u00bb{}\u00a0\u00bb][et_pb_column type=\u00a0\u00bb3_4&Prime; _builder_version=\u00a0\u00bb4.27.4&Prime; _module_preset=\u00a0\u00bbdefault\u00a0\u00bb global_colors_info=\u00a0\u00bb{}\u00a0\u00bb][et_pb_text _builder_version=\u00a0\u00bb4.27.4&Prime; _module_preset=\u00a0\u00bbdefault\u00a0\u00bb header_3_font=\u00a0\u00bb|700|||||||\u00a0\u00bb global_colors_info=\u00a0\u00bb{}\u00a0\u00bb]<\/p>\n<h3>AP University of Applied Sciences and Arts Antwerp<\/h3>\n<p>L&rsquo;AP University of Applied Sciences and Arts Antwerp apporte sa contribution par l&rsquo;interm\u00e9diaire de son groupe de recherche Stadskracht, qui se concentre sur la recherche appliqu\u00e9e et participative en vue de cr\u00e9er des villes inclusives, saines et durables. Stadskracht a l&rsquo;habitude de travailler avec des fonctionnaires locaux et des personnes \u00e2g\u00e9es sur la mobilit\u00e9 adapt\u00e9e aux personnes \u00e2g\u00e9es et les d\u00e9fis de l&rsquo;espace public, en utilisant des m\u00e9thodes participatives telles que des entretiens avec des groupes de marche et des cartes thermiques bas\u00e9es sur le SIG. <\/p>\n<p>Les principaux contributeurs sont les suivants:<\/p>\n<ul>\n<li>Pieter Cools, exp\u00e9riment\u00e9 en mati\u00e8re d&rsquo;innovation sociale urbaine, de participation citoyenne et de projets de recherche financ\u00e9s par l&rsquo;UE.<\/li>\n<li>Sofie Vermeiren, chercheuse, infirmi\u00e8re et g\u00e9rontologue, sp\u00e9cialis\u00e9e dans la participation et les soins aux personnes \u00e2g\u00e9es et poss\u00e9dant une exp\u00e9rience pertinente dans l&rsquo;organisation d&rsquo;entretiens en marchant.<\/li>\n<\/ul>\n<p>Leur travail soutient les approches participatives de la mobilit\u00e9 adapt\u00e9e aux personnes \u00e2g\u00e9es dans le cadre du module de travail 3 (WP3).<\/p>\n<p>[\/et_pb_text][\/et_pb_column][et_pb_column type=\u00a0\u00bb1_4&Prime; _builder_version=\u00a0\u00bb4.27.4&Prime; _module_preset=\u00a0\u00bbdefault\u00a0\u00bb custom_padding=\u00a0\u00bb3%||||false|false\u00a0\u00bb global_colors_info=\u00a0\u00bb{}\u00a0\u00bb][et_pb_image src=\u00a0\u00bbhttps:\/\/smart-age.eu\/wp-content\/uploads\/2025\/02\/AP_logo_staand_ENG_rgb.png\u00a0\u00bb title_text=\u00a0\u00bbAP_logo_staand_ENG_rgb\u00a0\u00bb _builder_version=\u00a0\u00bb4.27.4&Prime; _module_preset=\u00a0\u00bbdefault\u00a0\u00bb width=\u00a0\u00bb58%\u00a0\u00bb width_tablet=\u00a0\u00bb43%\u00a0\u00bb width_phone=\u00a0\u00bb42%\u00a0\u00bb width_last_edited=\u00a0\u00bbon|phone\u00a0\u00bb global_colors_info=\u00a0\u00bb{}\u00a0\u00bb][\/et_pb_image][\/et_pb_column][\/et_pb_row][\/et_pb_section][et_pb_section fb_built=\u00a0\u00bb1&Prime; _builder_version=\u00a0\u00bb4.27.4&Prime; _module_preset=\u00a0\u00bbdefault\u00a0\u00bb custom_padding=\u00a0\u00bb3px||5px|||\u00a0\u00bb global_colors_info=\u00a0\u00bb{}\u00a0\u00bb][et_pb_row column_structure=\u00a0\u00bb3_4,1_4&Prime; _builder_version=\u00a0\u00bb4.27.4&Prime; _module_preset=\u00a0\u00bbdefault\u00a0\u00bb border_width_bottom=\u00a0\u00bb1px\u00a0\u00bb border_color_bottom=\u00a0\u00bb#E5E5E5&Prime; global_colors_info=\u00a0\u00bb{}\u00a0\u00bb][et_pb_column type=\u00a0\u00bb3_4&Prime; _builder_version=\u00a0\u00bb4.27.4&Prime; _module_preset=\u00a0\u00bbdefault\u00a0\u00bb global_colors_info=\u00a0\u00bb{}\u00a0\u00bb][et_pb_text _builder_version=\u00a0\u00bb4.27.4&Prime; _module_preset=\u00a0\u00bbdefault\u00a0\u00bb header_3_font=\u00a0\u00bb|700|||||||\u00a0\u00bb global_colors_info=\u00a0\u00bb{}\u00a0\u00bb]<\/p>\n<h3>Universit\u00e9 de Szczecin<\/h3>\n<p>L&rsquo;universit\u00e9 de Szczecin contribue au projet par l&rsquo;interm\u00e9diaire de son d\u00e9partement de gestion des transports, sp\u00e9cialis\u00e9 dans les syst\u00e8mes de transport, la mobilit\u00e9 et l&rsquo;\u00e9conomie des transports, en mettant l&rsquo;accent sur le d\u00e9veloppement durable. L&rsquo;\u00e9quipe apporte son exp\u00e9rience dans la recherche et le d\u00e9veloppement li\u00e9s aux services de mobilit\u00e9 pour les personnes \u00e2g\u00e9es, en soutenant le Work Package 2 (WP2). <\/p>\n<p>Les principaux contributeurs sont les suivants:<\/p>\n<ul>\n<li>Dr Zuzanna K\u0142os-Adamkiewicz, professeure adjointe sp\u00e9cialis\u00e9e dans la mobilit\u00e9 durable, le transport urbain et la gestion de la mobilit\u00e9. Elle a coordonn\u00e9 des plans de transport, d\u00e9velopp\u00e9 des audits de mobilit\u00e9 et travaill\u00e9 de mani\u00e8re intensive avec des gouvernements locaux et des projets de transport europ\u00e9ens. <\/li>\n<li>Prof Tomasz Kwarci\u0144ski, professeur associ\u00e9, sp\u00e9cialiste des transports publics, de l&rsquo;accessibilit\u00e9 des transports ruraux et des technologies de transport urbain \u00e0 faibles \u00e9missions, qui a collabor\u00e9 \u00e0 de nombreux projets r\u00e9gionaux et internationaux.<\/li>\n<li>Dr Agnieszka Gozdek, professeur assistant sp\u00e9cialis\u00e9 dans le transport routier, la mobilit\u00e9 urbaine et le d\u00e9veloppement durable, qui participe activement \u00e0 des projets europ\u00e9ens dans le domaine des transports.<\/li>\n<li>Dr Sylwia Kowalska, professeur assistant, qui \u00e9tudie le transport durable, les transferts modaux et la politique europ\u00e9enne des transports.<\/li>\n<\/ul>\n<p>L&rsquo;universit\u00e9 collabore avec des acteurs locaux cl\u00e9s, notamment les villes de Szczecin et Gorz\u00f3w Wielkopolski, les autorit\u00e9s de transport public et les organisations de d\u00e9fense des personnes \u00e2g\u00e9es. Ces partenaires apportent leur contribution par le biais d&rsquo;ateliers, d&rsquo;apports politiques et d&rsquo;\u00e9tudes sur la mobilit\u00e9 locale, renfor\u00e7ant ainsi la pertinence et l&rsquo;impact du projet sur les solutions de mobilit\u00e9 pour les personnes \u00e2g\u00e9es. <\/p>\n<p>[\/et_pb_text][\/et_pb_column][et_pb_column type=\u00a0\u00bb1_4&Prime; _builder_version=\u00a0\u00bb4.27.4&Prime; _module_preset=\u00a0\u00bbdefault\u00a0\u00bb custom_padding=\u00a0\u00bb3%||||false|false\u00a0\u00bb global_colors_info=\u00a0\u00bb{}\u00a0\u00bb][et_pb_image src=\u00a0\u00bbhttps:\/\/smart-age.eu\/wp-content\/uploads\/2025\/02\/the-university-of-szczecin.jpg\u00a0\u00bb title_text=\u00a0\u00bbthe-university-of-szczecin\u00a0\u00bb _builder_version=\u00a0\u00bb4.27.4&Prime; _module_preset=\u00a0\u00bbdefault\u00a0\u00bb width_tablet=\u00a0\u00bb51%\u00a0\u00bb width_phone=\u00a0\u00bb69%\u00a0\u00bb width_last_edited=\u00a0\u00bbon|phone\u00a0\u00bb global_colors_info=\u00a0\u00bb{}\u00a0\u00bb][\/et_pb_image][\/et_pb_column][\/et_pb_row][\/et_pb_section][et_pb_section fb_built=\u00a0\u00bb1&Prime; _builder_version=\u00a0\u00bb4.27.4&Prime; _module_preset=\u00a0\u00bbdefault\u00a0\u00bb custom_padding=\u00a0\u00bb3px||5px|||\u00a0\u00bb global_colors_info=\u00a0\u00bb{}\u00a0\u00bb][et_pb_row column_structure=\u00a0\u00bb3_4,1_4&Prime; _builder_version=\u00a0\u00bb4.27.4&Prime; _module_preset=\u00a0\u00bbdefault\u00a0\u00bb border_width_bottom=\u00a0\u00bb1px\u00a0\u00bb border_color_bottom=\u00a0\u00bb#E5E5E5&Prime; global_colors_info=\u00a0\u00bb{}\u00a0\u00bb][et_pb_column type=\u00a0\u00bb3_4&Prime; _builder_version=\u00a0\u00bb4.27.4&Prime; _module_preset=\u00a0\u00bbdefault\u00a0\u00bb global_colors_info=\u00a0\u00bb{}\u00a0\u00bb][et_pb_text _builder_version=\u00a0\u00bb4.27.4&Prime; _module_preset=\u00a0\u00bbdefault\u00a0\u00bb header_3_font=\u00a0\u00bb|700|||||||\u00a0\u00bb global_colors_info=\u00a0\u00bb{}\u00a0\u00bb]<\/p>\n<h3>Politecnico di Milano<\/h3>\n<p>Le d\u00e9partement d&rsquo;architecture et d&rsquo;\u00e9tudes urbaines (DAStU) du Politecnico di Milano apporte une expertise interdisciplinaire en mati\u00e8re d&rsquo;urbanisme, de mobilit\u00e9 et d&rsquo;\u00e9conomie des transports. En se concentrant sur la relation entre les caract\u00e9ristiques des quartiers et les habitudes de mobilit\u00e9 des personnes \u00e2g\u00e9es, l&rsquo;\u00e9quipe apporte des informations pr\u00e9cieuses au Work Package 3 (WP3). <\/p>\n<p>Les principaux contributeurs sont les suivants:<\/p>\n<ul>\n<li>Dr Federica Maria Rossi, professeur assistant, experte en \u00e9conomie des transports et en \u00e9conomie r\u00e9gionale.<\/li>\n<li>Prof Ilaria Mariotti, sp\u00e9cialis\u00e9e dans l&rsquo;\u00e9conomie urbaine et r\u00e9gionale, avec une solide exp\u00e9rience en mati\u00e8re de mobilit\u00e9 et de vieillissement.<\/li>\n<li><span data-olk-copy-source=\"MessageBody\">Tiziano Pavanini, chercheur associ\u00e9, s&rsquo;est sp\u00e9cialis\u00e9 dans l&rsquo;\u00e9conomie des transports et plus particuli\u00e8rement dans la mobilit\u00e9 urbaine durable.<\/span><\/li>\n<\/ul>\n<p>Leurs recherches sur les transports publics, l&rsquo;accessibilit\u00e9 et le bien-\u00eatre des personnes \u00e2g\u00e9es soutiennent des strat\u00e9gies de mobilit\u00e9 durable et inclusive, tout comme leurs collaborations avec des partenaires locaux \u00e0 Milan et \u00e0 G\u00eanes.<\/p>\n<p>[\/et_pb_text][\/et_pb_column][et_pb_column type=\u00a0\u00bb1_4&Prime; _builder_version=\u00a0\u00bb4.27.4&Prime; _module_preset=\u00a0\u00bbdefault\u00a0\u00bb custom_padding=\u00a0\u00bb3%||||false|false\u00a0\u00bb global_colors_info=\u00a0\u00bb{}\u00a0\u00bb][et_pb_image src=\u00a0\u00bbhttps:\/\/smart-age.eu\/wp-content\/uploads\/2025\/02\/logo_polimi.png\u00a0\u00bb title_text=\u00a0\u00bblogo_polimi\u00a0\u00bb _builder_version=\u00a0\u00bb4.27.4&Prime; _module_preset=\u00a0\u00bbdefault\u00a0\u00bb width_tablet=\u00a0\u00bb51%\u00a0\u00bb width_phone=\u00a0\u00bb68%\u00a0\u00bb width_last_edited=\u00a0\u00bbon|phone\u00a0\u00bb global_colors_info=\u00a0\u00bb{}\u00a0\u00bb][\/et_pb_image][\/et_pb_column][\/et_pb_row][\/et_pb_section][et_pb_section fb_built=\u00a0\u00bb1&Prime; _builder_version=\u00a0\u00bb4.27.4&Prime; _module_preset=\u00a0\u00bbdefault\u00a0\u00bb custom_padding=\u00a0\u00bb3px||5px|||\u00a0\u00bb global_colors_info=\u00a0\u00bb{}\u00a0\u00bb][et_pb_row column_structure=\u00a0\u00bb3_4,1_4&Prime; _builder_version=\u00a0\u00bb4.27.4&Prime; _module_preset=\u00a0\u00bbdefault\u00a0\u00bb border_width_bottom=\u00a0\u00bb1px\u00a0\u00bb border_color_bottom=\u00a0\u00bb#E5E5E5&Prime; global_colors_info=\u00a0\u00bb{}\u00a0\u00bb][et_pb_column type=\u00a0\u00bb3_4&Prime; _builder_version=\u00a0\u00bb4.27.4&Prime; _module_preset=\u00a0\u00bbdefault\u00a0\u00bb global_colors_info=\u00a0\u00bb{}\u00a0\u00bb][et_pb_text _builder_version=\u00a0\u00bb4.27.4&Prime; _module_preset=\u00a0\u00bbdefault\u00a0\u00bb header_3_font=\u00a0\u00bb|700|||||||\u00a0\u00bb global_colors_info=\u00a0\u00bb{}\u00a0\u00bb]<\/p>\n<h3>Odisee University of Applied Sciences<\/h3>\n<p>Le Centre pour l&rsquo;entrepreneuriat durable (CenSE) de l&rsquo;Universit\u00e9 des sciences appliqu\u00e9es d&rsquo;Odisee se sp\u00e9cialise dans la recherche orient\u00e9e vers la pratique pour la durabilit\u00e9 socio-\u00e9conomique et environnementale, en mettant l&rsquo;accent sur l&rsquo;engagement des parties prenantes et le partage des initiatives de mobilit\u00e9. L&rsquo;\u00e9quipe dirigera le WP4, qui se concentre sur le d\u00e9veloppement et la validation du cadre commun, et codirigera le WP2, qui analyse les pratiques du march\u00e9 et l&rsquo;accueil des utilisateurs. L&rsquo;implication du Centre de recherche sur les soins aux personnes \u00e2g\u00e9es (EXP-O) d&rsquo;Odisee, qui se concentre sur le vieillissement actif et l&rsquo;autonomisation, renforce la capacit\u00e9 de l&rsquo;\u00e9quipe \u00e0 atteindre les objectifs de SMART-AGE.  <\/p>\n<p>Les principaux chercheurs sont les suivants:<\/p>\n<ul>\n<li>Dr Bart Henssen, directeur du CenSE, dont les recherches portent sur la transformation vers des entreprises et des \u00e9cosyst\u00e8mes durables.<\/li>\n<li>Karen Brabant, chercheuse principale et coordinatrice de l&rsquo;\u00e9conomie circulaire au CenSE, qui compl\u00e8te l&rsquo;\u00e9quipe gr\u00e2ce \u00e0 son expertise en mati\u00e8re de partenariats multi-acteurs et de mod\u00e8les d&rsquo;entreprise collaboratifs.<\/li>\n<li>Dries Couckuyt, PhD, chercheur principal sur l&rsquo;interdisciplinarit\u00e9 avec une expertise en politique \u00e9conomique et en durabilit\u00e9 environnementale des entreprises pour stimuler l&rsquo;innovation politique et la transformation durable des entreprises.<\/li>\n<li>Tesnime Imnadine, assistante de recherche, qui soutient divers projets de d\u00e9veloppement durable et g\u00e8re les communications internes et externes du CenSE, en mettant \u00e0 profit son expertise en mati\u00e8re de communication strat\u00e9gique.<\/li>\n<\/ul>\n<p>[\/et_pb_text][\/et_pb_column][et_pb_column type=\u00a0\u00bb1_4&Prime; _builder_version=\u00a0\u00bb4.27.4&Prime; _module_preset=\u00a0\u00bbdefault\u00a0\u00bb custom_padding=\u00a0\u00bb3%||||false|false\u00a0\u00bb global_colors_info=\u00a0\u00bb{}\u00a0\u00bb][et_pb_image src=\u00a0\u00bbhttps:\/\/smart-age.eu\/wp-content\/uploads\/2025\/02\/CenSE-logo-black-on-white.jpg\u00a0\u00bb title_text=\u00a0\u00bbCenSE logo black on white\u00a0\u00bb _builder_version=\u00a0\u00bb4.27.4&Prime; _module_preset=\u00a0\u00bbdefault\u00a0\u00bb width_tablet=\u00a0\u00bb62%\u00a0\u00bb width_phone=\u00a0\u00bb96%\u00a0\u00bb width_last_edited=\u00a0\u00bbon|phone\u00a0\u00bb global_colors_info=\u00a0\u00bb{}\u00a0\u00bb width__hover_enabled=\u00a0\u00bbon|desktop\u00a0\u00bb][\/et_pb_image][\/et_pb_column][\/et_pb_row][et_pb_row column_structure=\u00a0\u00bb3_4,1_4&Prime; _builder_version=\u00a0\u00bb4.27.4&Prime; _module_preset=\u00a0\u00bbdefault\u00a0\u00bb border_width_bottom=\u00a0\u00bb1px\u00a0\u00bb border_color_bottom=\u00a0\u00bb#E5E5E5&Prime; global_colors_info=\u00a0\u00bb{}\u00a0\u00bb][et_pb_column type=\u00a0\u00bb3_4&Prime; _builder_version=\u00a0\u00bb4.27.4&Prime; _module_preset=\u00a0\u00bbdefault\u00a0\u00bb global_colors_info=\u00a0\u00bb{}\u00a0\u00bb][et_pb_text _builder_version=\u00a0\u00bb4.27.4&Prime; _module_preset=\u00a0\u00bbdefault\u00a0\u00bb header_3_font=\u00a0\u00bb|700|||||||\u00a0\u00bb global_colors_info=\u00a0\u00bb{}\u00a0\u00bb]<\/p>\n<h3>Urban Studies Institute &#8211; Universit\u00e9 d&rsquo;Anverse<\/h3>\n<p>L&rsquo;Institut d&rsquo;\u00e9tudes urbaines (USI) de l&rsquo;Universit\u00e9 d&rsquo;Anvers est un centre de recherche interdisciplinaire qui se consacre \u00e0 la compr\u00e9hension et \u00e0 la r\u00e9solution des probl\u00e8mes urbains. L&rsquo;USI encourage la collaboration sur des sujets tels que la mobilit\u00e9 durable, l&rsquo;accessibilit\u00e9 urbaine et le d\u00e9veloppement des villes. Dans le cadre du projet SMART-AGE, l&rsquo;USI a apport\u00e9 son expertise en soutenant la pr\u00e9paration de la proposition soumise au DUT. Leurs id\u00e9es continuent d&rsquo;\u00eatre pr\u00e9cieuses pour fa\u00e7onner l&rsquo;approche du projet en mati\u00e8re de mobilit\u00e9 urbaine durable pour les populations vieillissantes.   <\/p>\n<p>[\/et_pb_text][\/et_pb_column][et_pb_column type=\u00a0\u00bb1_4&Prime; _builder_version=\u00a0\u00bb4.27.4&Prime; _module_preset=\u00a0\u00bbdefault\u00a0\u00bb custom_padding=\u00a0\u00bb3%||||false|false\u00a0\u00bb global_colors_info=\u00a0\u00bb{}\u00a0\u00bb][et_pb_image src=\u00a0\u00bbhttps:\/\/smart-age.eu\/wp-content\/uploads\/2025\/03\/usi-en-rgb.jpg\u00a0\u00bb title_text=\u00a0\u00bbusi-en-rgb\u00a0\u00bb _builder_version=\u00a0\u00bb4.27.4&Prime; _module_preset=\u00a0\u00bbdefault\u00a0\u00bb width_tablet=\u00a0\u00bb62%\u00a0\u00bb width_phone=\u00a0\u00bb96%\u00a0\u00bb width_last_edited=\u00a0\u00bbon|phone\u00a0\u00bb global_colors_info=\u00a0\u00bb{}\u00a0\u00bb width__hover_enabled=\u00a0\u00bbon|desktop\u00a0\u00bb][\/et_pb_image][\/et_pb_column][\/et_pb_row][\/et_pb_section][et_pb_section fb_built=\u00a0\u00bb1&Prime; _builder_version=\u00a0\u00bb4.27.4&Prime; _module_preset=\u00a0\u00bbdefault\u00a0\u00bb custom_padding=\u00a0\u00bb3px||5px|||\u00a0\u00bb global_colors_info=\u00a0\u00bb{}\u00a0\u00bb][et_pb_row column_structure=\u00a0\u00bb3_4,1_4&Prime; _builder_version=\u00a0\u00bb4.27.4&Prime; _module_preset=\u00a0\u00bbdefault\u00a0\u00bb border_width_bottom=\u00a0\u00bb1px\u00a0\u00bb border_color_bottom=\u00a0\u00bb#E5E5E5&Prime; global_colors_info=\u00a0\u00bb{}\u00a0\u00bb][et_pb_column type=\u00a0\u00bb3_4&Prime; _builder_version=\u00a0\u00bb4.27.4&Prime; _module_preset=\u00a0\u00bbdefault\u00a0\u00bb global_colors_info=\u00a0\u00bb{}\u00a0\u00bb][et_pb_text _builder_version=\u00a0\u00bb4.27.4&Prime; _module_preset=\u00a0\u00bbdefault\u00a0\u00bb header_3_font=\u00a0\u00bb|700|||||||\u00a0\u00bb global_colors_info=\u00a0\u00bb{}\u00a0\u00bb]<\/p>\n<h3>Ville d&rsquo;Anvers<\/h3>\n<p>La ville d&rsquo;Anvers s&rsquo;associe \u00e0 SMART-AGE pour soutenir la recherche sur la mobilit\u00e9 \u00e0 l&rsquo;\u00e9preuve du temps et relever les d\u00e9fis locaux en mati\u00e8re de connectivit\u00e9, de vieillissement sur place et de r\u00e9duction de la d\u00e9pendance \u00e0 l&rsquo;\u00e9gard de la voiture. La ville d&rsquo;Anvers apporte son expertise, des \u00e9tudes de cas et des contributions politiques, en veillant \u00e0 ce que les r\u00e9sultats du projet s&rsquo;alignent sur ses priorit\u00e9s et ses tendances d\u00e9mographiques. <\/p>\n<p>[\/et_pb_text][\/et_pb_column][et_pb_column type=\u00a0\u00bb1_4&Prime; _builder_version=\u00a0\u00bb4.27.4&Prime; _module_preset=\u00a0\u00bbdefault\u00a0\u00bb custom_padding=\u00a0\u00bb3%||||false|false\u00a0\u00bb global_colors_info=\u00a0\u00bb{}\u00a0\u00bb][et_pb_image src=\u00a0\u00bbhttps:\/\/smart-age.eu\/wp-content\/uploads\/2025\/02\/stad_antwerpen.png\u00a0\u00bb title_text=\u00a0\u00bbstad_antwerpen\u00a0\u00bb _builder_version=\u00a0\u00bb4.27.4&Prime; _module_preset=\u00a0\u00bbdefault\u00a0\u00bb width_tablet=\u00a0\u00bb53%\u00a0\u00bb width_phone=\u00a0\u00bb72%\u00a0\u00bb width_last_edited=\u00a0\u00bbon|phone\u00a0\u00bb global_colors_info=\u00a0\u00bb{}\u00a0\u00bb][\/et_pb_image][\/et_pb_column][\/et_pb_row][\/et_pb_section][et_pb_section fb_built=\u00a0\u00bb1&Prime; _builder_version=\u00a0\u00bb4.27.4&Prime; _module_preset=\u00a0\u00bbdefault\u00a0\u00bb custom_padding=\u00a0\u00bb3px||5px|||\u00a0\u00bb global_colors_info=\u00a0\u00bb{}\u00a0\u00bb][et_pb_row column_structure=\u00a0\u00bb3_4,1_4&Prime; _builder_version=\u00a0\u00bb4.27.4&Prime; _module_preset=\u00a0\u00bbdefault\u00a0\u00bb border_width_bottom=\u00a0\u00bb1px\u00a0\u00bb border_color_bottom=\u00a0\u00bb#E5E5E5&Prime; global_colors_info=\u00a0\u00bb{}\u00a0\u00bb][et_pb_column type=\u00a0\u00bb3_4&Prime; _builder_version=\u00a0\u00bb4.27.4&Prime; _module_preset=\u00a0\u00bbdefault\u00a0\u00bb global_colors_info=\u00a0\u00bb{}\u00a0\u00bb][et_pb_text _builder_version=\u00a0\u00bb4.27.4&Prime; _module_preset=\u00a0\u00bbdefault\u00a0\u00bb header_3_font=\u00a0\u00bb|700|||||||\u00a0\u00bb global_colors_info=\u00a0\u00bb{}\u00a0\u00bb]<\/p>\n<h3>Zarz\u0105d Drog i Transportu Miejskiego w Szczecinie (ZDiTM)<\/h3>\n<p>ZDiTM, l&rsquo;organisateur des transports publics de Szczecin et de sa banlieue, a acquis de l&rsquo;exp\u00e9rience en relevant les d\u00e9fis de la mobilit\u00e9 moderne et en adaptant les services pour r\u00e9pondre aux divers besoins des utilisateurs. Dans le cadre du projet SMART-AGE, ZDiTM s&rsquo;attache \u00e0 comprendre et \u00e0 r\u00e9pondre aux besoins de mobilit\u00e9 des personnes \u00e2g\u00e9es. <\/p>\n<p>[\/et_pb_text][\/et_pb_column][et_pb_column type=\u00a0\u00bb1_4&Prime; _builder_version=\u00a0\u00bb4.27.4&Prime; _module_preset=\u00a0\u00bbdefault\u00a0\u00bb custom_padding=\u00a0\u00bb3%||||false|false\u00a0\u00bb global_colors_info=\u00a0\u00bb{}\u00a0\u00bb][et_pb_image src=\u00a0\u00bbhttps:\/\/smart-age.eu\/wp-content\/uploads\/2025\/02\/zditm.png\u00a0\u00bb title_text=\u00a0\u00bbzditm\u00a0\u00bb _builder_version=\u00a0\u00bb4.27.4&Prime; _module_preset=\u00a0\u00bbdefault\u00a0\u00bb width_tablet=\u00a0\u00bb65%\u00a0\u00bb width_phone=\u00a0\u00bb86%\u00a0\u00bb width_last_edited=\u00a0\u00bbon|phone\u00a0\u00bb global_colors_info=\u00a0\u00bb{}\u00a0\u00bb][\/et_pb_image][\/et_pb_column][\/et_pb_row][\/et_pb_section][et_pb_section fb_built=\u00a0\u00bb1&Prime; _builder_version=\u00a0\u00bb4.27.4&Prime; _module_preset=\u00a0\u00bbdefault\u00a0\u00bb custom_padding=\u00a0\u00bb3px||5px|||\u00a0\u00bb global_colors_info=\u00a0\u00bb{}\u00a0\u00bb][et_pb_row column_structure=\u00a0\u00bb3_4,1_4&Prime; _builder_version=\u00a0\u00bb4.27.4&Prime; _module_preset=\u00a0\u00bbdefault\u00a0\u00bb border_width_bottom=\u00a0\u00bb1px\u00a0\u00bb border_color_bottom=\u00a0\u00bb#E5E5E5&Prime; global_colors_info=\u00a0\u00bb{}\u00a0\u00bb][et_pb_column type=\u00a0\u00bb3_4&Prime; _builder_version=\u00a0\u00bb4.27.4&Prime; _module_preset=\u00a0\u00bbdefault\u00a0\u00bb global_colors_info=\u00a0\u00bb{}\u00a0\u00bb][et_pb_text _builder_version=\u00a0\u00bb4.27.4&Prime; _module_preset=\u00a0\u00bbdefault\u00a0\u00bb header_3_font=\u00a0\u00bb|700|||||||\u00a0\u00bb global_colors_info=\u00a0\u00bb{}\u00a0\u00bb]<\/p>\n<h3>Towarzystwo Wspierania Inicjatyw Kulturalno-Spo\u0142ecznych<\/h3>\n<p>Towarzystwo Wspierania Inicjatyw Kulturalno-Spo\u0142ecznych, un centre pour personnes \u00e2g\u00e9es bas\u00e9 \u00e0 Szczecin, apporte son expertise dans le soutien aux personnes \u00e2g\u00e9es et la promotion de l&rsquo;engagement communautaire. Dans le cadre du projet SMART-AGE, le centre participe activement pour s&rsquo;assurer que le projet aborde les d\u00e9fis de mobilit\u00e9 auxquels sont confront\u00e9s les seniors, dans le but de promouvoir des options de transport alternatives et d&rsquo;am\u00e9liorer la qualit\u00e9 de vie. <\/p>\n<p>[\/et_pb_text][\/et_pb_column][et_pb_column type=\u00a0\u00bb1_4&Prime; _builder_version=\u00a0\u00bb4.27.4&Prime; _module_preset=\u00a0\u00bbdefault\u00a0\u00bb custom_padding=\u00a0\u00bb3%||||false|false\u00a0\u00bb global_colors_info=\u00a0\u00bb{}\u00a0\u00bb][et_pb_image src=\u00a0\u00bbhttps:\/\/smart-age.eu\/wp-content\/uploads\/2025\/02\/twiks.png\u00a0\u00bb title_text=\u00a0\u00bbtwiks\u00a0\u00bb _builder_version=\u00a0\u00bb4.27.4&Prime; _module_preset=\u00a0\u00bbdefault\u00a0\u00bb width=\u00a0\u00bb74%\u00a0\u00bb width_tablet=\u00a0\u00bb33%\u00a0\u00bb width_phone=\u00a0\u00bb33%\u00a0\u00bb width_last_edited=\u00a0\u00bbon|phone\u00a0\u00bb custom_margin=\u00a0\u00bb-65px||||false|false\u00a0\u00bb custom_padding=\u00a0\u00bb0px||||false|false\u00a0\u00bb global_colors_info=\u00a0\u00bb{}\u00a0\u00bb][\/et_pb_image][\/et_pb_column][\/et_pb_row][\/et_pb_section][et_pb_section fb_built=\u00a0\u00bb1&Prime; _builder_version=\u00a0\u00bb4.27.4&Prime; _module_preset=\u00a0\u00bbdefault\u00a0\u00bb custom_padding=\u00a0\u00bb3px||5px|||\u00a0\u00bb global_colors_info=\u00a0\u00bb{}\u00a0\u00bb][et_pb_row column_structure=\u00a0\u00bb3_4,1_4&Prime; _builder_version=\u00a0\u00bb4.27.4&Prime; _module_preset=\u00a0\u00bbdefault\u00a0\u00bb border_width_bottom=\u00a0\u00bb1px\u00a0\u00bb border_color_bottom=\u00a0\u00bb#E5E5E5&Prime; global_colors_info=\u00a0\u00bb{}\u00a0\u00bb][et_pb_column type=\u00a0\u00bb3_4&Prime; _builder_version=\u00a0\u00bb4.27.4&Prime; _module_preset=\u00a0\u00bbdefault\u00a0\u00bb global_colors_info=\u00a0\u00bb{}\u00a0\u00bb][et_pb_text _builder_version=\u00a0\u00bb4.27.4&Prime; _module_preset=\u00a0\u00bbdefault\u00a0\u00bb header_3_font=\u00a0\u00bb|700|||||||\u00a0\u00bb global_colors_info=\u00a0\u00bb{}\u00a0\u00bb]<\/p>\n<h3>Azienda Mobilit\u00e0 e Trasporti SPA<\/h3>\n<p>Azienda Mobilit\u00e0 e Trasporti SPA (AMT SPA), l&rsquo;op\u00e9rateur de transport public urbain et suburbain de G\u00eanes, contribue activement au projet SMART-AGE en tant que partenaire cl\u00e9 de l&rsquo;\u00e9tude de cas de G\u00eanes. AMT SPA offre son expertise et ses ressources en mati\u00e8re de transport, de mobilit\u00e9 et de personnes \u00e2g\u00e9es, renfor\u00e7ant ainsi les efforts du projet pour am\u00e9liorer l&rsquo;accessibilit\u00e9 et la qualit\u00e9 de vie des personnes \u00e2g\u00e9es \u00e0 G\u00eanes et au-del\u00e0. <\/p>\n<p>[\/et_pb_text][\/et_pb_column][et_pb_column type=\u00a0\u00bb1_4&Prime; _builder_version=\u00a0\u00bb4.27.4&Prime; _module_preset=\u00a0\u00bbdefault\u00a0\u00bb custom_padding=\u00a0\u00bb3%||||false|false\u00a0\u00bb global_colors_info=\u00a0\u00bb{}\u00a0\u00bb][et_pb_image src=\u00a0\u00bbhttps:\/\/smart-age.eu\/wp-content\/uploads\/2025\/02\/logo-mobilita-e-trasporti-SPA.png\u00a0\u00bb title_text=\u00a0\u00bblogo mobilita e trasporti SPA\u00a0\u00bb _builder_version=\u00a0\u00bb4.27.4&Prime; _module_preset=\u00a0\u00bbdefault\u00a0\u00bb width=\u00a0\u00bb80%\u00a0\u00bb width_tablet=\u00a0\u00bb39%\u00a0\u00bb width_phone=\u00a0\u00bb36%\u00a0\u00bb width_last_edited=\u00a0\u00bbon|phone\u00a0\u00bb global_colors_info=\u00a0\u00bb{}\u00a0\u00bb][\/et_pb_image][\/et_pb_column][\/et_pb_row][\/et_pb_section][et_pb_section fb_built=\u00a0\u00bb1&Prime; _builder_version=\u00a0\u00bb4.27.4&Prime; _module_preset=\u00a0\u00bbdefault\u00a0\u00bb custom_padding=\u00a0\u00bb3px||5px|||\u00a0\u00bb global_colors_info=\u00a0\u00bb{}\u00a0\u00bb][et_pb_row column_structure=\u00a0\u00bb3_4,1_4&Prime; _builder_version=\u00a0\u00bb4.27.4&Prime; _module_preset=\u00a0\u00bbdefault\u00a0\u00bb border_width_bottom=\u00a0\u00bb1px\u00a0\u00bb border_color_bottom=\u00a0\u00bb#E5E5E5&Prime; global_colors_info=\u00a0\u00bb{}\u00a0\u00bb][et_pb_column type=\u00a0\u00bb3_4&Prime; _builder_version=\u00a0\u00bb4.27.4&Prime; _module_preset=\u00a0\u00bbdefault\u00a0\u00bb global_colors_info=\u00a0\u00bb{}\u00a0\u00bb][et_pb_text _builder_version=\u00a0\u00bb4.27.4&Prime; _module_preset=\u00a0\u00bbdefault\u00a0\u00bb header_3_font=\u00a0\u00bb|700|||||||\u00a0\u00bb global_colors_info=\u00a0\u00bb{}\u00a0\u00bb]<\/p>\n<h3>UniGeSenior<\/h3>\n<p>UniGeSenior, l&rsquo;initiative de l&rsquo;universit\u00e9 de G\u00eanes pour les personnes de plus de 45 ans, collabore activement au projet SMART-AGE dans le cadre de l&rsquo;\u00e9tude de cas de G\u00eanes. Gr\u00e2ce \u00e0 son expertise en mati\u00e8re de r\u00e9ponse aux besoins de la population vieillissante de G\u00eanes, UniGeSenior contribue \u00e0 l&rsquo;\u00e9laboration de solutions sur mesure pour am\u00e9liorer la mobilit\u00e9 et la qualit\u00e9 de vie des personnes \u00e2g\u00e9es. <\/p>\n<p>[\/et_pb_text][\/et_pb_column][et_pb_column type=\u00a0\u00bb1_4&Prime; _builder_version=\u00a0\u00bb4.27.4&Prime; _module_preset=\u00a0\u00bbdefault\u00a0\u00bb custom_padding=\u00a0\u00bb3%||||false|false\u00a0\u00bb global_colors_info=\u00a0\u00bb{}\u00a0\u00bb][et_pb_image src=\u00a0\u00bbhttps:\/\/smart-age.eu\/wp-content\/uploads\/2025\/02\/New_UniGeSenior-rit.jpg\u00a0\u00bb title_text=\u00a0\u00bbNew_UniGeSenior rit\u00a0\u00bb _builder_version=\u00a0\u00bb4.27.4&Prime; _module_preset=\u00a0\u00bbdefault\u00a0\u00bb width_tablet=\u00a0\u00bb\u00a0\u00bb width_phone=\u00a0\u00bb70%\u00a0\u00bb width_last_edited=\u00a0\u00bbon|phone\u00a0\u00bb global_colors_info=\u00a0\u00bb{}\u00a0\u00bb][\/et_pb_image][\/et_pb_column][\/et_pb_row][\/et_pb_section][et_pb_section fb_built=\u00a0\u00bb1&Prime; _builder_version=\u00a0\u00bb4.27.4&Prime; _module_preset=\u00a0\u00bbdefault\u00a0\u00bb custom_padding=\u00a0\u00bb3px||5px|||\u00a0\u00bb global_colors_info=\u00a0\u00bb{}\u00a0\u00bb][et_pb_row column_structure=\u00a0\u00bb3_4,1_4&Prime; _builder_version=\u00a0\u00bb4.27.4&Prime; _module_preset=\u00a0\u00bbdefault\u00a0\u00bb border_width_bottom=\u00a0\u00bb1px\u00a0\u00bb border_color_bottom=\u00a0\u00bb#E5E5E5&Prime; global_colors_info=\u00a0\u00bb{}\u00a0\u00bb][et_pb_column type=\u00a0\u00bb3_4&Prime; _builder_version=\u00a0\u00bb4.27.4&Prime; _module_preset=\u00a0\u00bbdefault\u00a0\u00bb global_colors_info=\u00a0\u00bb{}\u00a0\u00bb][et_pb_text _builder_version=\u00a0\u00bb4.27.4&Prime; _module_preset=\u00a0\u00bbdefault\u00a0\u00bb header_3_font=\u00a0\u00bb|700|||||||\u00a0\u00bb global_colors_info=\u00a0\u00bb{}\u00a0\u00bb]<\/p>\n<h3>Lantis<\/h3>\n<p>Lantis r\u00e9alise des projets de mobilit\u00e9 complexes dans la r\u00e9gion d&rsquo;Anvers, am\u00e9liorant la ville et la r\u00e9gion en construisant des connexions vitales. Dans le cadre de cette mission, Lantis soutient la R\u00e9gion des Transports d&rsquo;Anvers, l&rsquo;un des 15 clusters de Flandre responsables de la planification et de la mise en \u0153uvre de la mobilit\u00e9 r\u00e9gionale, dans la r\u00e9alisation de son objectif d&rsquo;une part modale de 50\/50 en faveur du transport durable. Forte d&rsquo;une grande exp\u00e9rience dans la promotion de la collaboration supra-locale et des services de mobilit\u00e9 inclusifs, Lantis contribuera au projet SMART-AGE en partageant des \u00e9tudes de cas, en participant \u00e0 des tables rondes politiques et en veillant \u00e0 ce que les r\u00e9sultats de la recherche s&rsquo;alignent sur les d\u00e9fis r\u00e9gionaux en mati\u00e8re de mobilit\u00e9 afin d&rsquo;am\u00e9liorer l&rsquo;accessibilit\u00e9 pour les populations vieillissantes.  <\/p>\n<p>[\/et_pb_text][\/et_pb_column][et_pb_column type=\u00a0\u00bb1_4&Prime; _builder_version=\u00a0\u00bb4.27.4&Prime; _module_preset=\u00a0\u00bbdefault\u00a0\u00bb custom_padding=\u00a0\u00bb3%||||false|false\u00a0\u00bb global_colors_info=\u00a0\u00bb{}\u00a0\u00bb][et_pb_image src=\u00a0\u00bbhttps:\/\/smart-age.eu\/wp-content\/uploads\/2025\/02\/08-logo-lantis.jpg\u00a0\u00bb title_text=\u00a0\u00bb08-logo-lantis\u00a0\u00bb _builder_version=\u00a0\u00bb4.27.4&Prime; _module_preset=\u00a0\u00bbdefault\u00a0\u00bb width=\u00a0\u00bb76%\u00a0\u00bb width_tablet=\u00a0\u00bb44%\u00a0\u00bb width_phone=\u00a0\u00bb50%\u00a0\u00bb width_last_edited=\u00a0\u00bbon|phone\u00a0\u00bb global_colors_info=\u00a0\u00bb{}\u00a0\u00bb][\/et_pb_image][\/et_pb_column][\/et_pb_row][\/et_pb_section][et_pb_section fb_built=\u00a0\u00bb1&Prime; _builder_version=\u00a0\u00bb4.27.4&Prime; _module_preset=\u00a0\u00bbdefault\u00a0\u00bb custom_padding=\u00a0\u00bb3px||5px|||\u00a0\u00bb global_colors_info=\u00a0\u00bb{}\u00a0\u00bb][et_pb_row column_structure=\u00a0\u00bb3_4,1_4&Prime; _builder_version=\u00a0\u00bb4.27.4&Prime; _module_preset=\u00a0\u00bbdefault\u00a0\u00bb border_width_bottom=\u00a0\u00bb1px\u00a0\u00bb border_color_bottom=\u00a0\u00bb#E5E5E5&Prime; global_colors_info=\u00a0\u00bb{}\u00a0\u00bb][et_pb_column type=\u00a0\u00bb3_4&Prime; _builder_version=\u00a0\u00bb4.27.4&Prime; _module_preset=\u00a0\u00bbdefault\u00a0\u00bb global_colors_info=\u00a0\u00bb{}\u00a0\u00bb][et_pb_text _builder_version=\u00a0\u00bb4.27.4&Prime; _module_preset=\u00a0\u00bbdefault\u00a0\u00bb header_3_font=\u00a0\u00bb|700|||||||\u00a0\u00bb custom_padding=\u00a0\u00bb6px|||||\u00a0\u00bb global_colors_info=\u00a0\u00bb{}\u00a0\u00bb]<\/p>\n<h3>Miasto Gorz\u00f3w Wielkopolski<\/h3>\n<p>La ville de Gorz\u00f3w Wielkopolski apporte son exp\u00e9rience dans le traitement des d\u00e9fis sociaux, y compris les probl\u00e8mes de mobilit\u00e9 des personnes \u00e2g\u00e9es, gr\u00e2ce \u00e0 sa participation active \u00e0 divers projets.<\/p>\n<p>[\/et_pb_text][\/et_pb_column][et_pb_column type=\u00a0\u00bb1_4&Prime; _builder_version=\u00a0\u00bb4.27.4&Prime; _module_preset=\u00a0\u00bbdefault\u00a0\u00bb custom_padding=\u00a0\u00bb3%||||false|false\u00a0\u00bb global_colors_info=\u00a0\u00bb{}\u00a0\u00bb][et_pb_image src=\u00a0\u00bbhttps:\/\/smart-age.eu\/wp-content\/uploads\/2025\/02\/banner-1.png\u00a0\u00bb title_text=\u00a0\u00bbbanner-1&Prime; _builder_version=\u00a0\u00bb4.27.4&Prime; _module_preset=\u00a0\u00bbdefault\u00a0\u00bb width_tablet=\u00a0\u00bb\u00a0\u00bb width_phone=\u00a0\u00bb68%\u00a0\u00bb width_last_edited=\u00a0\u00bbon|phone\u00a0\u00bb global_colors_info=\u00a0\u00bb{}\u00a0\u00bb][\/et_pb_image][\/et_pb_column][\/et_pb_row][\/et_pb_section][et_pb_section fb_built=\u00a0\u00bb1&Prime; _builder_version=\u00a0\u00bb4.27.4&Prime; _module_preset=\u00a0\u00bbdefault\u00a0\u00bb custom_padding=\u00a0\u00bb3px||5px|||\u00a0\u00bb global_colors_info=\u00a0\u00bb{}\u00a0\u00bb][et_pb_row column_structure=\u00a0\u00bb3_4,1_4&Prime; _builder_version=\u00a0\u00bb4.27.4&Prime; _module_preset=\u00a0\u00bbdefault\u00a0\u00bb border_width_bottom=\u00a0\u00bb1px\u00a0\u00bb border_color_bottom=\u00a0\u00bb#E5E5E5&Prime; global_colors_info=\u00a0\u00bb{}\u00a0\u00bb][et_pb_column type=\u00a0\u00bb3_4&Prime; _builder_version=\u00a0\u00bb4.27.4&Prime; _module_preset=\u00a0\u00bbdefault\u00a0\u00bb global_colors_info=\u00a0\u00bb{}\u00a0\u00bb][et_pb_text _builder_version=\u00a0\u00bb4.27.4&Prime; _module_preset=\u00a0\u00bbdefault\u00a0\u00bb header_3_font=\u00a0\u00bb|700|||||||\u00a0\u00bb global_colors_info=\u00a0\u00bb{}\u00a0\u00bb]<\/p>\n<h3>Urzad Miasta Szczecin<\/h3>\n<p>La ville de Szczecin apporte son exp\u00e9rience en mati\u00e8re de projets de mobilit\u00e9 et de r\u00e9solution des probl\u00e8mes de mobilit\u00e9 des personnes \u00e2g\u00e9es. Par l&rsquo;interm\u00e9diaire de son d\u00e9partement des affaires sociales, la ville s&rsquo;engage activement en fournissant des informations sur les politiques locales et des documents strat\u00e9giques. <\/p>\n<p>[\/et_pb_text][\/et_pb_column][et_pb_column type=\u00a0\u00bb1_4&Prime; _builder_version=\u00a0\u00bb4.27.4&Prime; _module_preset=\u00a0\u00bbdefault\u00a0\u00bb custom_padding=\u00a0\u00bb3%||||false|false\u00a0\u00bb global_colors_info=\u00a0\u00bb{}\u00a0\u00bb][et_pb_image src=\u00a0\u00bbhttps:\/\/smart-age.eu\/wp-content\/uploads\/2025\/02\/Miasto-Szczecin.png\u00a0\u00bb title_text=\u00a0\u00bbMiasto-Szczecin\u00a0\u00bb _builder_version=\u00a0\u00bb4.27.4&Prime; _module_preset=\u00a0\u00bbdefault\u00a0\u00bb width_tablet=\u00a0\u00bb42%\u00a0\u00bb width_phone=\u00a0\u00bb74%\u00a0\u00bb width_last_edited=\u00a0\u00bbon|phone\u00a0\u00bb global_colors_info=\u00a0\u00bb{}\u00a0\u00bb][\/et_pb_image][\/et_pb_column][\/et_pb_row][\/et_pb_section][et_pb_section fb_built=\u00a0\u00bb1&Prime; _builder_version=\u00a0\u00bb4.27.4&Prime; _module_preset=\u00a0\u00bbdefault\u00a0\u00bb custom_padding=\u00a0\u00bb3px||5px|||\u00a0\u00bb global_colors_info=\u00a0\u00bb{}\u00a0\u00bb][et_pb_row column_structure=\u00a0\u00bb3_4,1_4&Prime; _builder_version=\u00a0\u00bb4.27.4&Prime; _module_preset=\u00a0\u00bbdefault\u00a0\u00bb border_width_bottom=\u00a0\u00bb1px\u00a0\u00bb border_color_bottom=\u00a0\u00bb#E5E5E5&Prime; global_colors_info=\u00a0\u00bb{}\u00a0\u00bb][et_pb_column type=\u00a0\u00bb3_4&Prime; _builder_version=\u00a0\u00bb4.27.4&Prime; _module_preset=\u00a0\u00bbdefault\u00a0\u00bb global_colors_info=\u00a0\u00bb{}\u00a0\u00bb][et_pb_text _builder_version=\u00a0\u00bb4.27.4&Prime; _module_preset=\u00a0\u00bbdefault\u00a0\u00bb header_3_font=\u00a0\u00bb|700|||||||\u00a0\u00bb global_colors_info=\u00a0\u00bb{}\u00a0\u00bb]<\/p>\n<h3>Mpact<\/h3>\n<p>Mpact est une organisation \u00e0 but non lucratif qui poss\u00e8de des d\u00e9cennies d&rsquo;exp\u00e9rience dans le d\u00e9veloppement et l&rsquo;optimisation de solutions de mobilit\u00e9 partag\u00e9e \u00e0 travers la Belgique. Engag\u00e9e \u00e0 \u00e9quilibrer le bien-\u00eatre humain, la prosp\u00e9rit\u00e9 \u00e9conomique et la durabilit\u00e9 environnementale, Mpact se concentre sur la cr\u00e9ation de syst\u00e8mes de mobilit\u00e9 inclusifs qui donnent la priorit\u00e9 \u00e0 l&rsquo;accessibilit\u00e9 pour les personnes moins mobiles, souvent n\u00e9glig\u00e9es par les plateformes commerciales. Forte de son exp\u00e9rience en mati\u00e8re de politiques de r\u00e9duction de l&rsquo;utilisation de la voiture et de promotion des connexions multimodales, Mpact apporte une expertise pr\u00e9cieuse au projet SMART-AGE.  <\/p>\n<p>[\/et_pb_text][\/et_pb_column][et_pb_column type=\u00a0\u00bb1_4&Prime; _builder_version=\u00a0\u00bb4.27.4&Prime; _module_preset=\u00a0\u00bbdefault\u00a0\u00bb custom_padding=\u00a0\u00bb3%||||false|false\u00a0\u00bb global_colors_info=\u00a0\u00bb{}\u00a0\u00bb][et_pb_image src=\u00a0\u00bbhttps:\/\/smart-age.eu\/wp-content\/uploads\/2025\/02\/mpact_logo_rgb.png\u00a0\u00bb title_text=\u00a0\u00bbmpact_logo_rgb\u00a0\u00bb _builder_version=\u00a0\u00bb4.27.4&Prime; _module_preset=\u00a0\u00bbdefault\u00a0\u00bb width_tablet=\u00a0\u00bb52%\u00a0\u00bb width_phone=\u00a0\u00bb76%\u00a0\u00bb width_last_edited=\u00a0\u00bbon|phone\u00a0\u00bb global_colors_info=\u00a0\u00bb{}\u00a0\u00bb][\/et_pb_image][\/et_pb_column][\/et_pb_row][\/et_pb_section][et_pb_section fb_built=\u00a0\u00bb1&Prime; _builder_version=\u00a0\u00bb4.27.4&Prime; _module_preset=\u00a0\u00bbdefault\u00a0\u00bb custom_padding=\u00a0\u00bb3px||5px|||\u00a0\u00bb global_colors_info=\u00a0\u00bb{}\u00a0\u00bb][et_pb_row column_structure=\u00a0\u00bb3_4,1_4&Prime; _builder_version=\u00a0\u00bb4.27.4&Prime; _module_preset=\u00a0\u00bbdefault\u00a0\u00bb border_width_bottom=\u00a0\u00bb1px\u00a0\u00bb border_color_bottom=\u00a0\u00bb#E5E5E5&Prime; global_colors_info=\u00a0\u00bb{}\u00a0\u00bb][et_pb_column type=\u00a0\u00bb3_4&Prime; _builder_version=\u00a0\u00bb4.27.4&Prime; _module_preset=\u00a0\u00bbdefault\u00a0\u00bb global_colors_info=\u00a0\u00bb{}\u00a0\u00bb][et_pb_text _builder_version=\u00a0\u00bb4.27.4&Prime; _module_preset=\u00a0\u00bbdefault\u00a0\u00bb header_3_font=\u00a0\u00bb|700|||||||\u00a0\u00bb global_colors_info=\u00a0\u00bb{}\u00a0\u00bb]<\/p>\n<h3>Vlaamse Ouderenraad<\/h3>\n<p>Le Vlaamse Ouderenraad (Conseil flamand des personnes \u00e2g\u00e9es) est un conseil consultatif et participatif repr\u00e9sentant les personnes \u00e2g\u00e9es en Flandre. Fort d&rsquo;une grande exp\u00e9rience dans la d\u00e9fense des int\u00e9r\u00eats des personnes \u00e2g\u00e9es dans divers domaines politiques, le Conseil apporte des informations pr\u00e9cieuses au consortium SMART-AGE. <\/p>\n<p>[\/et_pb_text][\/et_pb_column][et_pb_column type=\u00a0\u00bb1_4&Prime; _builder_version=\u00a0\u00bb4.27.4&Prime; _module_preset=\u00a0\u00bbdefault\u00a0\u00bb custom_padding=\u00a0\u00bb3%||||false|false\u00a0\u00bb global_colors_info=\u00a0\u00bb{}\u00a0\u00bb][et_pb_image src=\u00a0\u00bbhttps:\/\/smart-age.eu\/wp-content\/uploads\/2025\/02\/Vlaamse-Ouderenraad-scaled.jpg\u00a0\u00bb title_text=\u00a0\u00bbVlaamse Ouderenraad\u00a0\u00bb _builder_version=\u00a0\u00bb4.27.4&Prime; _module_preset=\u00a0\u00bbdefault\u00a0\u00bb width_tablet=\u00a0\u00bb49%\u00a0\u00bb width_phone=\u00a0\u00bb67%\u00a0\u00bb width_last_edited=\u00a0\u00bbon|phone\u00a0\u00bb global_colors_info=\u00a0\u00bb{}\u00a0\u00bb][\/et_pb_image][\/et_pb_column][\/et_pb_row][\/et_pb_section][et_pb_section fb_built=\u00a0\u00bb1&Prime; _builder_version=\u00a0\u00bb4.27.4&Prime; _module_preset=\u00a0\u00bbdefault\u00a0\u00bb custom_padding=\u00a0\u00bb3px||5px|||\u00a0\u00bb global_colors_info=\u00a0\u00bb{}\u00a0\u00bb][et_pb_row column_structure=\u00a0\u00bb3_4,1_4&Prime; _builder_version=\u00a0\u00bb4.27.4&Prime; _module_preset=\u00a0\u00bbdefault\u00a0\u00bb border_width_bottom=\u00a0\u00bb1px\u00a0\u00bb border_color_bottom=\u00a0\u00bb#E5E5E5&Prime; global_colors_info=\u00a0\u00bb{}\u00a0\u00bb][et_pb_column type=\u00a0\u00bb3_4&Prime; _builder_version=\u00a0\u00bb4.27.4&Prime; _module_preset=\u00a0\u00bbdefault\u00a0\u00bb global_colors_info=\u00a0\u00bb{}\u00a0\u00bb][et_pb_text _builder_version=\u00a0\u00bb4.27.4&Prime; _module_preset=\u00a0\u00bbdefault\u00a0\u00bb header_3_font=\u00a0\u00bb|700|||||||\u00a0\u00bb global_colors_info=\u00a0\u00bb{}\u00a0\u00bb]<\/p>\n<h3>Municipio 9 Milano<\/h3>\n<p>La municipalit\u00e9 9 de la ville de Milan s&rsquo;associe \u00e0 SMART-AGE en tant qu&rsquo;\u00e9tude de cas. S&rsquo;appuyant sur ses pr\u00e9c\u00e9dentes collaborations avec le Politecnico di Milano, elle contribue \u00e0 la collecte de donn\u00e9es, au partage des politiques, aux promenades interactives sur la mobilit\u00e9 et \u00e0 la diffusion du projet. <\/p>\n<p>[\/et_pb_text][\/et_pb_column][et_pb_column type=\u00a0\u00bb1_4&Prime; _builder_version=\u00a0\u00bb4.27.4&Prime; _module_preset=\u00a0\u00bbdefault\u00a0\u00bb custom_padding=\u00a0\u00bb3%||||false|false\u00a0\u00bb global_colors_info=\u00a0\u00bb{}\u00a0\u00bb][et_pb_image src=\u00a0\u00bbhttps:\/\/smart-age.eu\/wp-content\/uploads\/2025\/02\/Municipio_09.png\u00a0\u00bb title_text=\u00a0\u00bbMunicipio_09&Prime; _builder_version=\u00a0\u00bb4.27.4&Prime; _module_preset=\u00a0\u00bbdefault\u00a0\u00bb width=\u00a0\u00bb74%\u00a0\u00bb width_tablet=\u00a0\u00bb41%\u00a0\u00bb width_phone=\u00a0\u00bb52%\u00a0\u00bb width_last_edited=\u00a0\u00bbon|phone\u00a0\u00bb global_colors_info=\u00a0\u00bb{}\u00a0\u00bb][\/et_pb_image][\/et_pb_column][\/et_pb_row][\/et_pb_section][et_pb_section fb_built=\u00a0\u00bb1&Prime; _builder_version=\u00a0\u00bb4.27.4&Prime; _module_preset=\u00a0\u00bbdefault\u00a0\u00bb custom_padding=\u00a0\u00bb3px||5px|||\u00a0\u00bb global_colors_info=\u00a0\u00bb{}\u00a0\u00bb][et_pb_row column_structure=\u00a0\u00bb3_4,1_4&Prime; _builder_version=\u00a0\u00bb4.27.4&Prime; _module_preset=\u00a0\u00bbdefault\u00a0\u00bb border_width_bottom=\u00a0\u00bb1px\u00a0\u00bb border_color_bottom=\u00a0\u00bb#E5E5E5&Prime; global_colors_info=\u00a0\u00bb{}\u00a0\u00bb][et_pb_column type=\u00a0\u00bb3_4&Prime; _builder_version=\u00a0\u00bb4.27.4&Prime; _module_preset=\u00a0\u00bbdefault\u00a0\u00bb global_colors_info=\u00a0\u00bb{}\u00a0\u00bb][et_pb_text _builder_version=\u00a0\u00bb4.27.4&Prime; _module_preset=\u00a0\u00bbdefault\u00a0\u00bb header_3_font=\u00a0\u00bb|700|||||||\u00a0\u00bb global_colors_info=\u00a0\u00bb{}\u00a0\u00bb]<\/p>\n<h3>Auser Indieme di Milano<\/h3>\n<p>AUSER Milano, une association de promotion sociale, rejoint SMART-AGE en tant que partenaire de coop\u00e9ration cl\u00e9, mettant \u00e0 profit son expertise en mati\u00e8re de soutien aux personnes \u00e2g\u00e9es et de promotion de l&rsquo;inclusion sociale. Forte d&rsquo;une vaste exp\u00e9rience dans les services communautaires et de collaborations avec la municipalit\u00e9 de Milan et le Politecnico di Milano, AUSER Milano contribue aux activit\u00e9s de co-cr\u00e9ation, \u00e0 la collecte de donn\u00e9es et \u00e0 la diffusion du projet. <\/p>\n<p>[\/et_pb_text][\/et_pb_column][et_pb_column type=\u00a0\u00bb1_4&Prime; _builder_version=\u00a0\u00bb4.27.4&Prime; _module_preset=\u00a0\u00bbdefault\u00a0\u00bb custom_padding=\u00a0\u00bb3%||||false|false\u00a0\u00bb global_colors_info=\u00a0\u00bb{}\u00a0\u00bb][et_pb_image src=\u00a0\u00bbhttps:\/\/smart-age.eu\/wp-content\/uploads\/2025\/02\/auser.png\u00a0\u00bb title_text=\u00a0\u00bbauser\u00a0\u00bb _builder_version=\u00a0\u00bb4.27.4&Prime; _module_preset=\u00a0\u00bbdefault\u00a0\u00bb width_tablet=\u00a0\u00bb42%\u00a0\u00bb width_phone=\u00a0\u00bb67%\u00a0\u00bb width_last_edited=\u00a0\u00bbon|phone\u00a0\u00bb global_colors_info=\u00a0\u00bb{}\u00a0\u00bb][\/et_pb_image][\/et_pb_column][\/et_pb_row][\/et_pb_section][et_pb_section fb_built=\u00a0\u00bb1&Prime; _builder_version=\u00a0\u00bb4.27.4&Prime; _module_preset=\u00a0\u00bbdefault\u00a0\u00bb custom_padding=\u00a0\u00bb3px||5px|||\u00a0\u00bb global_colors_info=\u00a0\u00bb{}\u00a0\u00bb][et_pb_row column_structure=\u00a0\u00bb3_4,1_4&Prime; _builder_version=\u00a0\u00bb4.27.4&Prime; _module_preset=\u00a0\u00bbdefault\u00a0\u00bb border_width_bottom=\u00a0\u00bb1px\u00a0\u00bb border_color_bottom=\u00a0\u00bb#E5E5E5&Prime; global_colors_info=\u00a0\u00bb{}\u00a0\u00bb][et_pb_column type=\u00a0\u00bb3_4&Prime; _builder_version=\u00a0\u00bb4.27.4&Prime; _module_preset=\u00a0\u00bbdefault\u00a0\u00bb global_colors_info=\u00a0\u00bb{}\u00a0\u00bb][et_pb_text _builder_version=\u00a0\u00bb4.27.4&Prime; _module_preset=\u00a0\u00bbdefault\u00a0\u00bb header_3_font=\u00a0\u00bb|700|||||||\u00a0\u00bb global_colors_info=\u00a0\u00bb{}\u00a0\u00bb]<\/p>\n<h3>Brussels Mobility<\/h3>\n<p>Bruxelles Mobilit\u00e9, l&rsquo;administration responsable du transport et de l&rsquo;infrastructure dans la r\u00e9gion de Bruxelles-Capitale, se joint au projet SMART-AGE pour partager son expertise en mati\u00e8re de gestion du transport urbain. Ses contributions comprennent l&rsquo;analyse de donn\u00e9es cruciales sur les besoins de mobilit\u00e9 des personnes \u00e2g\u00e9es \u00e0 l&rsquo;aide d&rsquo;outils tels que les enqu\u00eates sur le comportement des voyageurs et les statistiques sur la mobilit\u00e9, ainsi que la facilitation de la communication et de la coordination entre les acteurs cl\u00e9s au sein de l&rsquo;administration et les partenaires du projet. <\/p>\n<p>[\/et_pb_text][\/et_pb_column][et_pb_column type=\u00a0\u00bb1_4&Prime; _builder_version=\u00a0\u00bb4.27.4&Prime; _module_preset=\u00a0\u00bbdefault\u00a0\u00bb custom_padding=\u00a0\u00bb3%||||false|false\u00a0\u00bb global_colors_info=\u00a0\u00bb{}\u00a0\u00bb][et_pb_image src=\u00a0\u00bbhttps:\/\/smart-age.eu\/wp-content\/uploads\/2025\/02\/Brussels-Mobility.png\u00a0\u00bb title_text=\u00a0\u00bbBrussels Mobility\u00a0\u00bb _builder_version=\u00a0\u00bb4.27.4&Prime; _module_preset=\u00a0\u00bbdefault\u00a0\u00bb width_tablet=\u00a0\u00bb\u00a0\u00bb width_phone=\u00a0\u00bb72%\u00a0\u00bb width_last_edited=\u00a0\u00bbon|phone\u00a0\u00bb global_colors_info=\u00a0\u00bb{}\u00a0\u00bb width__hover_enabled=\u00a0\u00bbon|desktop\u00a0\u00bb][\/et_pb_image][\/et_pb_column][\/et_pb_row][\/et_pb_section][et_pb_section fb_built=\u00a0\u00bb1&Prime; _builder_version=\u00a0\u00bb4.27.4&Prime; _module_preset=\u00a0\u00bbdefault\u00a0\u00bb custom_padding=\u00a0\u00bb3px||5px|||\u00a0\u00bb global_colors_info=\u00a0\u00bb{}\u00a0\u00bb][et_pb_row column_structure=\u00a0\u00bb3_4,1_4&Prime; _builder_version=\u00a0\u00bb4.27.4&Prime; _module_preset=\u00a0\u00bbdefault\u00a0\u00bb border_width_bottom=\u00a0\u00bb1px\u00a0\u00bb border_color_bottom=\u00a0\u00bb#E5E5E5&Prime; global_colors_info=\u00a0\u00bb{}\u00a0\u00bb][et_pb_column type=\u00a0\u00bb3_4&Prime; _builder_version=\u00a0\u00bb4.27.4&Prime; _module_preset=\u00a0\u00bbdefault\u00a0\u00bb global_colors_info=\u00a0\u00bb{}\u00a0\u00bb][et_pb_text _builder_version=\u00a0\u00bb4.27.4&Prime; _module_preset=\u00a0\u00bbdefault\u00a0\u00bb header_3_font=\u00a0\u00bb|700|||||||\u00a0\u00bb global_colors_info=\u00a0\u00bb{}\u00a0\u00bb]<\/p>\n<h3>Brussels Ouderenplatform<\/h3>\n<p>La Brussels Ouderenplatform (Bop) est une organisation sans but lucratif qui se consacre, entre autres, \u00e0 la d\u00e9fense des droits des personnes \u00e2g\u00e9es \u00e0 Bruxelles. Sa mission est d&rsquo;amplifier la voix des personnes \u00e2g\u00e9es et de leurs organisations, en veillant \u00e0 ce que leurs besoins soient entendus par les d\u00e9cideurs politiques. L&rsquo;unit\u00e9 de plaidoyer de l&rsquo;OBP encourage le dialogue, collabore avec les organisations et engage les d\u00e9cideurs politiques. Elle dispose d&rsquo;un grand nombre de donn\u00e9es importantes pour le projet SMART-AGE et poss\u00e8de une grande exp\u00e9rience dans la construction de ponts entre les besoins de la communaut\u00e9 des personnes \u00e2g\u00e9es et les d\u00e9cideurs politiques.   <\/p>\n<p>[\/et_pb_text][\/et_pb_column][et_pb_column type=\u00a0\u00bb1_4&Prime; _builder_version=\u00a0\u00bb4.27.4&Prime; _module_preset=\u00a0\u00bbdefault\u00a0\u00bb custom_padding=\u00a0\u00bb3%||||false|false\u00a0\u00bb global_colors_info=\u00a0\u00bb{}\u00a0\u00bb][et_pb_image src=\u00a0\u00bbhttps:\/\/smart-age.eu\/wp-content\/uploads\/2025\/02\/bop_logo_kleur.jpg\u00a0\u00bb title_text=\u00a0\u00bbbop_logo_kleur\u00a0\u00bb _builder_version=\u00a0\u00bb4.27.4&Prime; _module_preset=\u00a0\u00bbdefault\u00a0\u00bb width_tablet=\u00a0\u00bb44%\u00a0\u00bb width_phone=\u00a0\u00bb67%\u00a0\u00bb width_last_edited=\u00a0\u00bbon|phone\u00a0\u00bb global_colors_info=\u00a0\u00bb{}\u00a0\u00bb][\/et_pb_image][\/et_pb_column][\/et_pb_row][\/et_pb_section][et_pb_section fb_built=\u00a0\u00bb1&Prime; _builder_version=\u00a0\u00bb4.27.4&Prime; _module_preset=\u00a0\u00bbdefault\u00a0\u00bb custom_padding=\u00a0\u00bb3px||5px|||\u00a0\u00bb global_colors_info=\u00a0\u00bb{}\u00a0\u00bb][et_pb_row column_structure=\u00a0\u00bb3_4,1_4&Prime; _builder_version=\u00a0\u00bb4.27.4&Prime; _module_preset=\u00a0\u00bbdefault\u00a0\u00bb border_width_bottom=\u00a0\u00bb1px\u00a0\u00bb border_color_bottom=\u00a0\u00bb#E5E5E5&Prime; global_colors_info=\u00a0\u00bb{}\u00a0\u00bb][et_pb_column type=\u00a0\u00bb3_4&Prime; _builder_version=\u00a0\u00bb4.27.4&Prime; _module_preset=\u00a0\u00bbdefault\u00a0\u00bb global_colors_info=\u00a0\u00bb{}\u00a0\u00bb][et_pb_text _builder_version=\u00a0\u00bb4.27.4&Prime; _module_preset=\u00a0\u00bbdefault\u00a0\u00bb header_3_font=\u00a0\u00bb|700|||||||\u00a0\u00bb global_colors_info=\u00a0\u00bb{}\u00a0\u00bb]<\/p>\n<h3>District Berendrecht-Zandvliet<\/h3>\n<p>Le district de Berendrecht-Zandvliet participe au projet SMART-AGE en tant qu&rsquo;\u00e9tude de cas, avec un contexte rural et logistique particulier. Avec ses zones r\u00e9sidentielles dispers\u00e9es, son infrastructure portuaire et ses d\u00e9fis sp\u00e9cifiques en mati\u00e8re de mobilit\u00e9, le district apporte une perspective compl\u00e9mentaire au projet. Il contribue en partageant son expertise locale, en impliquant les r\u00e9sidents et les parties prenantes, et en participant \u00e0 la diffusion des r\u00e9sultats au sein de la communaut\u00e9.  <\/p>\n<p>[\/et_pb_text][\/et_pb_column][et_pb_column type=\u00a0\u00bb1_4&Prime; _builder_version=\u00a0\u00bb4.27.4&Prime; _module_preset=\u00a0\u00bbdefault\u00a0\u00bb custom_padding=\u00a0\u00bb3%||||false|false\u00a0\u00bb global_colors_info=\u00a0\u00bb{}\u00a0\u00bb][et_pb_image title_text=\u00a0\u00bbsponsorlogo_DistrictBZL_kleur\u00a0\u00bb _builder_version=\u00a0\u00bb4.27.4&Prime; _module_preset=\u00a0\u00bbdefault\u00a0\u00bb width_tablet=\u00a0\u00bb44%\u00a0\u00bb width_phone=\u00a0\u00bb67%\u00a0\u00bb width_last_edited=\u00a0\u00bbon|phone\u00a0\u00bb global_colors_info=\u00a0\u00bb{}\u00a0\u00bb src=\u00a0\u00bbhttps:\/\/smart-age.eu\/wp-content\/uploads\/2026\/01\/sponsorlogo_DistrictBZL_kleur.png\u00a0\u00bb hover_enabled=\u00a0\u00bb0&Prime; sticky_enabled=\u00a0\u00bb0&Prime;][\/et_pb_image][\/et_pb_column][\/et_pb_row][\/et_pb_section][et_pb_section fb_built=\u00a0\u00bb1&Prime; _builder_version=\u00a0\u00bb4.27.4&Prime; _module_preset=\u00a0\u00bbdefault\u00a0\u00bb custom_padding=\u00a0\u00bb3px||5px|||\u00a0\u00bb global_colors_info=\u00a0\u00bb{}\u00a0\u00bb][et_pb_row column_structure=\u00a0\u00bb3_4,1_4&Prime; _builder_version=\u00a0\u00bb4.27.4&Prime; _module_preset=\u00a0\u00bbdefault\u00a0\u00bb border_width_bottom=\u00a0\u00bb1px\u00a0\u00bb border_color_bottom=\u00a0\u00bb#E5E5E5&Prime; global_colors_info=\u00a0\u00bb{}\u00a0\u00bb][et_pb_column type=\u00a0\u00bb3_4&Prime; _builder_version=\u00a0\u00bb4.27.4&Prime; _module_preset=\u00a0\u00bbdefault\u00a0\u00bb global_colors_info=\u00a0\u00bb{}\u00a0\u00bb][et_pb_text _builder_version=\u00a0\u00bb4.27.4&Prime; _module_preset=\u00a0\u00bbdefault\u00a0\u00bb header_3_font=\u00a0\u00bb|700|||||||\u00a0\u00bb global_colors_info=\u00a0\u00bb{}\u00a0\u00bb]<\/p>\n<h3>District Hoboken<\/h3>\n<p>Le quartier d&rsquo;Hoboken \u00e0 Anvers rejoint le projet SMART-AGE en tant qu&rsquo;\u00e9tude de cas urbaine. Gr\u00e2ce \u00e0 la diversit\u00e9 de ses quartiers r\u00e9sidentiels, au dynamisme de ses associations locales et \u00e0 son m\u00e9lange unique d&rsquo;espaces industriels et verts, Hoboken offre des perspectives pr\u00e9cieuses sur la mobilit\u00e9 et l&rsquo;accessibilit\u00e9 pour diff\u00e9rents publics cibles. Le quartier contribue au projet par la collecte de donn\u00e9es locales, la consultation des habitants et le partage d&rsquo;informations pratiques en mati\u00e8re de politiques publiques.  <\/p>\n<p>[\/et_pb_text][\/et_pb_column][et_pb_column type=\u00a0\u00bb1_4&Prime; _builder_version=\u00a0\u00bb4.27.4&Prime; _module_preset=\u00a0\u00bbdefault\u00a0\u00bb custom_padding=\u00a0\u00bb3%||||false|false\u00a0\u00bb global_colors_info=\u00a0\u00bb{}\u00a0\u00bb][et_pb_image title_text=\u00a0\u00bbLogo_District-Hoboken_Rechts_sRGB\u00a0\u00bb _builder_version=\u00a0\u00bb4.27.4&Prime; _module_preset=\u00a0\u00bbdefault\u00a0\u00bb width_tablet=\u00a0\u00bb44%\u00a0\u00bb width_phone=\u00a0\u00bb67%\u00a0\u00bb width_last_edited=\u00a0\u00bbon|phone\u00a0\u00bb global_colors_info=\u00a0\u00bb{}\u00a0\u00bb src=\u00a0\u00bbhttps:\/\/smart-age.eu\/wp-content\/uploads\/2026\/01\/Logo_District-Hoboken_Rechts_sRGB.avif\u00a0\u00bb hover_enabled=\u00a0\u00bb0&Prime; sticky_enabled=\u00a0\u00bb0&Prime;][\/et_pb_image][\/et_pb_column][\/et_pb_row][\/et_pb_section][et_pb_section fb_built=\u00a0\u00bb1&Prime; _builder_version=\u00a0\u00bb4.27.4&Prime; _module_preset=\u00a0\u00bbdefault\u00a0\u00bb custom_padding=\u00a0\u00bb3px||54px|||\u00a0\u00bb global_colors_info=\u00a0\u00bb{}\u00a0\u00bb][et_pb_row column_structure=\u00a0\u00bb3_4,1_4&Prime; _builder_version=\u00a0\u00bb4.27.4&Prime; _module_preset=\u00a0\u00bbdefault\u00a0\u00bb border_color_bottom=\u00a0\u00bb#E5E5E5&Prime; global_colors_info=\u00a0\u00bb{}\u00a0\u00bb][et_pb_column type=\u00a0\u00bb3_4&Prime; _builder_version=\u00a0\u00bb4.27.4&Prime; _module_preset=\u00a0\u00bbdefault\u00a0\u00bb global_colors_info=\u00a0\u00bb{}\u00a0\u00bb][et_pb_text _builder_version=\u00a0\u00bb4.27.4&Prime; _module_preset=\u00a0\u00bbdefault\u00a0\u00bb header_3_font=\u00a0\u00bb|700|||||||\u00a0\u00bb global_colors_info=\u00a0\u00bb{}\u00a0\u00bb]<\/p>\n<h3>Comune di Genova<\/h3>\n<p>La Comune di Genova rejoint le projet SMART-AGE en tant que partenaire de coop\u00e9ration et ville d&rsquo;\u00e9tude de cas, s&rsquo;appuyant sur son exp\u00e9rience dans la promotion de la mobilit\u00e9 urbaine durable avec une attention particuli\u00e8re pour les personnes \u00e2g\u00e9es. Ayant collabor\u00e9 avec le co-candidat Politecnico di Milano sur des projets pr\u00e9c\u00e9dents, Genova apporte une expertise pr\u00e9cieuse dans les m\u00e9thodes de co-cr\u00e9ation, y compris la collecte de donn\u00e9es et le partage de politiques.<br \/>Traduit avec DeepL.com (version gratuite) <\/p>\n<p>[\/et_pb_text][\/et_pb_column][et_pb_column type=\u00a0\u00bb1_4&Prime; _builder_version=\u00a0\u00bb4.27.4&Prime; _module_preset=\u00a0\u00bbdefault\u00a0\u00bb custom_padding=\u00a0\u00bb3%||||false|false\u00a0\u00bb global_colors_info=\u00a0\u00bb{}\u00a0\u00bb][et_pb_image src=\u00a0\u00bbhttps:\/\/smart-age.eu\/wp-content\/uploads\/2025\/02\/comune-di-genova-logo-png-transparent.png\u00a0\u00bb title_text=\u00a0\u00bbcomune-di-genova-logo-png-transparent\u00a0\u00bb _builder_version=\u00a0\u00bb4.27.4&Prime; _module_preset=\u00a0\u00bbdefault\u00a0\u00bb width=\u00a0\u00bb79%\u00a0\u00bb width_tablet=\u00a0\u00bb35%\u00a0\u00bb width_phone=\u00a0\u00bb58%\u00a0\u00bb width_last_edited=\u00a0\u00bbon|phone\u00a0\u00bb global_colors_info=\u00a0\u00bb{}\u00a0\u00bb][\/et_pb_image][\/et_pb_column][\/et_pb_row][\/et_pb_section]<\/p>\n","protected":false},"excerpt":{"rendered":"<p>Qui sommes-nous ?Le consortium SMART-AGE combine l&rsquo;exp\u00e9rience de 21 partenaires issus des milieux universitaires, politiques et sociaux:Universit\u00e9 d&rsquo;Anvers L&rsquo;Universit\u00e9 d&rsquo;Anvers agit en tant que coordinateur du projet et apporte son exp\u00e9rience en mati\u00e8re de collaboration et de recherche transfrontali\u00e8res par le biais de sa Facult\u00e9 de droit, repr\u00e9sent\u00e9e par les groupes de recherche \u00ab\u00a0Business and [&hellip;]<\/p>\n","protected":false},"author":3,"featured_media":0,"parent":0,"menu_order":0,"comment_status":"closed","ping_status":"closed","template":"","meta":{"_et_pb_use_builder":"on","_et_pb_old_content":"","_et_gb_content_width":"","_umich_oidc_access":"","footnotes":""},"class_list":["post-641","page","type-page","status-publish","hentry"],"yoast_head":"<!-- This site is optimized with the Yoast SEO plugin v27.5 - https:\/\/yoast.com\/product\/yoast-seo-wordpress\/ -->\n<title>Qui sommes-nous ? - SMART-AGE<\/title>\n<meta name=\"robots\" content=\"index, follow, max-snippet:-1, max-image-preview:large, max-video-preview:-1\" \/>\n<link rel=\"canonical\" href=\"https:\/\/smart-age.eu\/fr\/qui-sommes-nous\/\" \/>\n<meta property=\"og:locale\" content=\"fr_FR\" \/>\n<meta property=\"og:type\" content=\"article\" \/>\n<meta property=\"og:title\" content=\"Qui sommes-nous ? - SMART-AGE\" \/>\n<meta property=\"og:description\" content=\"Qui sommes-nous ?Le consortium SMART-AGE combine l&#039;exp\u00e9rience de 21 partenaires issus des milieux universitaires, politiques et sociaux:Universit\u00e9 d&#039;Anvers L&#039;Universit\u00e9 d&#039;Anvers agit en tant que coordinateur du projet et apporte son exp\u00e9rience en mati\u00e8re de collaboration et de recherche transfrontali\u00e8res par le biais de sa Facult\u00e9 de droit, repr\u00e9sent\u00e9e par les groupes de recherche &quot;Business and [&hellip;]\" \/>\n<meta property=\"og:url\" content=\"https:\/\/smart-age.eu\/fr\/qui-sommes-nous\/\" \/>\n<meta property=\"og:site_name\" content=\"SMART-AGE\" \/>\n<meta property=\"article:modified_time\" content=\"2026-01-07T10:45:53+00:00\" \/>\n<meta name=\"twitter:card\" content=\"summary_large_image\" \/>\n<meta name=\"twitter:label1\" content=\"Dur\u00e9e de lecture estim\u00e9e\" \/>\n\t<meta name=\"twitter:data1\" content=\"29 minutes\" \/>\n<script type=\"application\/ld+json\" class=\"yoast-schema-graph\">{\"@context\":\"https:\\\/\\\/schema.org\",\"@graph\":[{\"@type\":\"WebPage\",\"@id\":\"https:\\\/\\\/smart-age.eu\\\/fr\\\/qui-sommes-nous\\\/\",\"url\":\"https:\\\/\\\/smart-age.eu\\\/fr\\\/qui-sommes-nous\\\/\",\"name\":\"Qui sommes-nous ? - SMART-AGE\",\"isPartOf\":{\"@id\":\"https:\\\/\\\/smart-age.eu\\\/#website\"},\"datePublished\":\"2025-02-07T08:27:11+00:00\",\"dateModified\":\"2026-01-07T10:45:53+00:00\",\"breadcrumb\":{\"@id\":\"https:\\\/\\\/smart-age.eu\\\/fr\\\/qui-sommes-nous\\\/#breadcrumb\"},\"inLanguage\":\"fr-FR\",\"potentialAction\":[{\"@type\":\"ReadAction\",\"target\":[\"https:\\\/\\\/smart-age.eu\\\/fr\\\/qui-sommes-nous\\\/\"]}]},{\"@type\":\"BreadcrumbList\",\"@id\":\"https:\\\/\\\/smart-age.eu\\\/fr\\\/qui-sommes-nous\\\/#breadcrumb\",\"itemListElement\":[{\"@type\":\"ListItem\",\"position\":1,\"name\":\"Home\",\"item\":\"https:\\\/\\\/smart-age.eu\\\/fr\\\/home\\\/\"},{\"@type\":\"ListItem\",\"position\":2,\"name\":\"Qui sommes-nous ?\"}]},{\"@type\":\"WebSite\",\"@id\":\"https:\\\/\\\/smart-age.eu\\\/#website\",\"url\":\"https:\\\/\\\/smart-age.eu\\\/\",\"name\":\"SMART-AGE\",\"description\":\"Sustainable Mobility and Accessibility for Resilient Transport in Aging Urban Environments\",\"potentialAction\":[{\"@type\":\"SearchAction\",\"target\":{\"@type\":\"EntryPoint\",\"urlTemplate\":\"https:\\\/\\\/smart-age.eu\\\/?s={search_term_string}\"},\"query-input\":{\"@type\":\"PropertyValueSpecification\",\"valueRequired\":true,\"valueName\":\"search_term_string\"}}],\"inLanguage\":\"fr-FR\"}]}<\/script>\n<!-- \/ Yoast SEO plugin. -->","yoast_head_json":{"title":"Qui sommes-nous ? - SMART-AGE","robots":{"index":"index","follow":"follow","max-snippet":"max-snippet:-1","max-image-preview":"max-image-preview:large","max-video-preview":"max-video-preview:-1"},"canonical":"https:\/\/smart-age.eu\/fr\/qui-sommes-nous\/","og_locale":"fr_FR","og_type":"article","og_title":"Qui sommes-nous ? - SMART-AGE","og_description":"Qui sommes-nous ?Le consortium SMART-AGE combine l'exp\u00e9rience de 21 partenaires issus des milieux universitaires, politiques et sociaux:Universit\u00e9 d'Anvers L'Universit\u00e9 d'Anvers agit en tant que coordinateur du projet et apporte son exp\u00e9rience en mati\u00e8re de collaboration et de recherche transfrontali\u00e8res par le biais de sa Facult\u00e9 de droit, repr\u00e9sent\u00e9e par les groupes de recherche \"Business and [&hellip;]","og_url":"https:\/\/smart-age.eu\/fr\/qui-sommes-nous\/","og_site_name":"SMART-AGE","article_modified_time":"2026-01-07T10:45:53+00:00","twitter_card":"summary_large_image","twitter_misc":{"Dur\u00e9e de lecture estim\u00e9e":"29 minutes"},"schema":{"@context":"https:\/\/schema.org","@graph":[{"@type":"WebPage","@id":"https:\/\/smart-age.eu\/fr\/qui-sommes-nous\/","url":"https:\/\/smart-age.eu\/fr\/qui-sommes-nous\/","name":"Qui sommes-nous ? - SMART-AGE","isPartOf":{"@id":"https:\/\/smart-age.eu\/#website"},"datePublished":"2025-02-07T08:27:11+00:00","dateModified":"2026-01-07T10:45:53+00:00","breadcrumb":{"@id":"https:\/\/smart-age.eu\/fr\/qui-sommes-nous\/#breadcrumb"},"inLanguage":"fr-FR","potentialAction":[{"@type":"ReadAction","target":["https:\/\/smart-age.eu\/fr\/qui-sommes-nous\/"]}]},{"@type":"BreadcrumbList","@id":"https:\/\/smart-age.eu\/fr\/qui-sommes-nous\/#breadcrumb","itemListElement":[{"@type":"ListItem","position":1,"name":"Home","item":"https:\/\/smart-age.eu\/fr\/home\/"},{"@type":"ListItem","position":2,"name":"Qui sommes-nous ?"}]},{"@type":"WebSite","@id":"https:\/\/smart-age.eu\/#website","url":"https:\/\/smart-age.eu\/","name":"SMART-AGE","description":"Sustainable Mobility and Accessibility for Resilient Transport in Aging Urban Environments","potentialAction":[{"@type":"SearchAction","target":{"@type":"EntryPoint","urlTemplate":"https:\/\/smart-age.eu\/?s={search_term_string}"},"query-input":{"@type":"PropertyValueSpecification","valueRequired":true,"valueName":"search_term_string"}}],"inLanguage":"fr-FR"}]}},"_links":{"self":[{"href":"https:\/\/smart-age.eu\/fr\/wp-json\/wp\/v2\/pages\/641","targetHints":{"allow":["GET"]}}],"collection":[{"href":"https:\/\/smart-age.eu\/fr\/wp-json\/wp\/v2\/pages"}],"about":[{"href":"https:\/\/smart-age.eu\/fr\/wp-json\/wp\/v2\/types\/page"}],"author":[{"embeddable":true,"href":"https:\/\/smart-age.eu\/fr\/wp-json\/wp\/v2\/users\/3"}],"replies":[{"embeddable":true,"href":"https:\/\/smart-age.eu\/fr\/wp-json\/wp\/v2\/comments?post=641"}],"version-history":[{"count":18,"href":"https:\/\/smart-age.eu\/fr\/wp-json\/wp\/v2\/pages\/641\/revisions"}],"predecessor-version":[{"id":932,"href":"https:\/\/smart-age.eu\/fr\/wp-json\/wp\/v2\/pages\/641\/revisions\/932"}],"wp:attachment":[{"href":"https:\/\/smart-age.eu\/fr\/wp-json\/wp\/v2\/media?parent=641"}],"curies":[{"name":"wp","href":"https:\/\/api.w.org\/{rel}","templated":true}]}}