{"id":588,"date":"2025-02-07T08:27:11","date_gmt":"2025-02-07T08:27:11","guid":{"rendered":"https:\/\/smart-age.eu\/chi-siamo\/"},"modified":"2026-01-07T10:48:04","modified_gmt":"2026-01-07T10:48:04","slug":"chi-siamo","status":"publish","type":"page","link":"https:\/\/smart-age.eu\/it\/chi-siamo\/","title":{"rendered":"Chi siamo"},"content":{"rendered":"<p>[et_pb_section fb_built=&#8221;1&#8243; _builder_version=&#8221;4.27.4&#8243; _module_preset=&#8221;default&#8221; custom_padding=&#8221;3px||5px|||&#8221; global_colors_info=&#8221;{}&#8221;][et_pb_row _builder_version=&#8221;4.27.4&#8243; _module_preset=&#8221;default&#8221; global_colors_info=&#8221;{}&#8221;][et_pb_column type=&#8221;4_4&#8243; _builder_version=&#8221;4.27.4&#8243; _module_preset=&#8221;default&#8221; global_colors_info=&#8221;{}&#8221;][et_pb_text _builder_version=&#8221;4.27.4&#8243; _module_preset=&#8221;default&#8221; header_font=&#8221;|700||on|||||&#8221; header_font_size=&#8221;46px&#8221; global_colors_info=&#8221;{}&#8221;]<\/p>\n<h1 style=\"text-align: left;\">Chi siamo<\/h1>\n<p>[\/et_pb_text][\/et_pb_column][\/et_pb_row][\/et_pb_section][et_pb_section fb_built=&#8221;1&#8243; _builder_version=&#8221;4.27.4&#8243; _module_preset=&#8221;default&#8221; custom_padding=&#8221;0px||5px|||&#8221; global_colors_info=&#8221;{}&#8221;][et_pb_row _builder_version=&#8221;4.27.4&#8243; _module_preset=&#8221;default&#8221; custom_padding=&#8221;5px||0px|||&#8221; global_colors_info=&#8221;{}&#8221;][et_pb_column type=&#8221;4_4&#8243; _builder_version=&#8221;4.27.4&#8243; _module_preset=&#8221;default&#8221; global_colors_info=&#8221;{}&#8221;][et_pb_text _builder_version=&#8221;4.27.4&#8243; _module_preset=&#8221;default&#8221; header_2_text_color=&#8221;#19BF6C&#8221; header_2_line_height=&#8221;1.3em&#8221; global_colors_info=&#8221;{}&#8221;]<\/p>\n<h2>Il consorzio SMART-AGE unisce l&#8217;esperienza di 21 partner provenienti dal mondo accademico, politico e sociale:<\/h2>\n<p>[\/et_pb_text][\/et_pb_column][\/et_pb_row][\/et_pb_section][et_pb_section fb_built=&#8221;1&#8243; _builder_version=&#8221;4.27.4&#8243; _module_preset=&#8221;default&#8221; custom_padding=&#8221;3px||4px|||&#8221; global_colors_info=&#8221;{}&#8221;][et_pb_row column_structure=&#8221;3_4,1_4&#8243; _builder_version=&#8221;4.27.4&#8243; _module_preset=&#8221;default&#8221; border_width_bottom=&#8221;1px&#8221; border_color_bottom=&#8221;#E5E5E5&#8243; global_colors_info=&#8221;{}&#8221;][et_pb_column type=&#8221;3_4&#8243; _builder_version=&#8221;4.27.4&#8243; _module_preset=&#8221;default&#8221; global_colors_info=&#8221;{}&#8221;][et_pb_text _builder_version=&#8221;4.27.4&#8243; _module_preset=&#8221;default&#8221; header_3_font=&#8221;|700|||||||&#8221; global_colors_info=&#8221;{}&#8221;]<\/p>\n<h3>Universit\u00e0 di Anversa<\/h3>\n<p>L&#8217;Universit\u00e0 di Anversa funge da coordinatore del progetto e porta con s\u00e9 l&#8217;esperienza nella collaborazione e nella ricerca transfrontaliera attraverso la sua Facolt\u00e0 di Giurisprudenza, rappresentata dai gruppi di ricerca Business and Law e Government and Law. Questi gruppi hanno lavorato a lungo su questioni giuridico-scientifiche all&#8217;intersezione tra business, diritto, governance e sfide sociali, in particolare in campi quali la globalizzazione, la digitalizzazione e la sostenibilit\u00e0. Ponendo l&#8217;accento sulla sostenibilit\u00e0 sociale e sull&#8217;inclusivit\u00e0 nella pianificazione della mobilit\u00e0, la Facolt\u00e0 svolge un ruolo centrale nel Work Package 1 (WP1).  <\/p>\n<p>Tra i principali collaboratori figurano:<\/p>\n<ul>\n<li>Il Prof. Wouter Verheyen, che ha una vasta esperienza nel settore del trasporto sostenibile e del diritto della mobilit\u00e0, oltre che nella guida di consorzi e nella conduzione di ricerche di policy per organizzazioni pubbliche e private.<\/li>\n<li>\u00dclk\u00fc Tanriverdi, ricercatore con un background nello studio delle normative per la mobilit\u00e0 \u201cintelligente\u201d e l&#8217;accessibilit\u00e0, offre spunti di riflessione sul panorama normativo delle Fiandre.<\/li>\n<\/ul>\n<p>La loro combinata esperienza contribuisce allo sviluppo di quadri giuridici e di policy per una mobilit\u00e0 urbana sostenibile e inclusiva.<\/p>\n<p>[\/et_pb_text][\/et_pb_column][et_pb_column type=&#8221;1_4&#8243; _builder_version=&#8221;4.27.4&#8243; _module_preset=&#8221;default&#8221; custom_padding=&#8221;3%||||false|false&#8221; global_colors_info=&#8221;{}&#8221;][et_pb_image src=&#8221;https:\/\/smart-age.eu\/wp-content\/uploads\/2025\/02\/logo-UA.jpg&#8221; title_text=&#8221;logo UA&#8221; _builder_version=&#8221;4.27.4&#8243; _module_preset=&#8221;default&#8221; width=&#8221;100%&#8221; width_tablet=&#8221;47%&#8221; width_phone=&#8221;47%&#8221; width_last_edited=&#8221;on|phone&#8221; global_colors_info=&#8221;{}&#8221;][\/et_pb_image][\/et_pb_column][\/et_pb_row][\/et_pb_section][et_pb_section fb_built=&#8221;1&#8243; _builder_version=&#8221;4.27.4&#8243; _module_preset=&#8221;default&#8221; custom_padding=&#8221;3px||5px|||&#8221; global_colors_info=&#8221;{}&#8221;][et_pb_row column_structure=&#8221;3_4,1_4&#8243; _builder_version=&#8221;4.27.4&#8243; _module_preset=&#8221;default&#8221; border_width_bottom=&#8221;1px&#8221; border_color_bottom=&#8221;#E5E5E5&#8243; global_colors_info=&#8221;{}&#8221;][et_pb_column type=&#8221;3_4&#8243; _builder_version=&#8221;4.27.4&#8243; _module_preset=&#8221;default&#8221; global_colors_info=&#8221;{}&#8221;][et_pb_text _builder_version=&#8221;4.27.4&#8243; _module_preset=&#8221;default&#8221; header_3_font=&#8221;|700|||||||&#8221; global_colors_info=&#8221;{}&#8221;]<\/p>\n<h3>AP Universit\u00e0 di Scienze Applicate e Arti di Anversa<\/h3>\n<p>L&#8217;AP University of Applied Sciences and Arts Antwerp contribuisce attraverso il suo gruppo di ricerca Stadskracht, che si concentra sulla ricerca applicata e partecipativa per creare citt\u00e0 inclusive e sostenibili. Stadskracht ha esperienza di lavoro con funzionari locali e cittadini anziani sulle sfide della mobilit\u00e0 e dello spazio pubblico a misura di anziano, utilizzando metodi partecipativi come interviste accompagnando in passeggiata gli anziani, e mappe di calore basate su GIS. <\/p>\n<p>Tra i principali collaboratori figurano:<\/p>\n<ul>\n<li>Pieter Cools, esperto di innovazione sociale urbana, partecipazione dei cittadini e progetti di ricerca finanziati dall&#8217;UE.<\/li>\n<li>Sofie Vermeiren, ricercatrice, infermiera e gerontologa esperta in partecipazione e assistenza agli anziani e con una notevole esperienza nell&#8217;organizzazione di interviste a piedi.<\/li>\n<\/ul>\n<p>Il loro lavoro sostiene gli approcci partecipativi alla mobilit\u00e0 a misura di anziano nel Work Package 3 (WP3).<\/p>\n<p>[\/et_pb_text][\/et_pb_column][et_pb_column type=&#8221;1_4&#8243; _builder_version=&#8221;4.27.4&#8243; _module_preset=&#8221;default&#8221; custom_padding=&#8221;3%||||false|false&#8221; global_colors_info=&#8221;{}&#8221;][et_pb_image src=&#8221;https:\/\/smart-age.eu\/wp-content\/uploads\/2025\/02\/AP_logo_staand_ENG_rgb.png&#8221; title_text=&#8221;AP_logo_staand_ENG_rgb&#8221; _builder_version=&#8221;4.27.4&#8243; _module_preset=&#8221;default&#8221; width=&#8221;58%&#8221; width_tablet=&#8221;43%&#8221; width_phone=&#8221;42%&#8221; width_last_edited=&#8221;on|phone&#8221; global_colors_info=&#8221;{}&#8221;][\/et_pb_image][\/et_pb_column][\/et_pb_row][\/et_pb_section][et_pb_section fb_built=&#8221;1&#8243; _builder_version=&#8221;4.27.4&#8243; _module_preset=&#8221;default&#8221; custom_padding=&#8221;3px||5px|||&#8221; global_colors_info=&#8221;{}&#8221;][et_pb_row column_structure=&#8221;3_4,1_4&#8243; _builder_version=&#8221;4.27.4&#8243; _module_preset=&#8221;default&#8221; border_width_bottom=&#8221;1px&#8221; border_color_bottom=&#8221;#E5E5E5&#8243; global_colors_info=&#8221;{}&#8221;][et_pb_column type=&#8221;3_4&#8243; _builder_version=&#8221;4.27.4&#8243; _module_preset=&#8221;default&#8221; global_colors_info=&#8221;{}&#8221;][et_pb_text _builder_version=&#8221;4.27.4&#8243; _module_preset=&#8221;default&#8221; header_3_font=&#8221;|700|||||||&#8221; global_colors_info=&#8221;{}&#8221;]<\/p>\n<h3>Universit\u00e0 di Stettino<\/h3>\n<p>L&#8217;Universit\u00e0 di Stettino contribuisce al progetto attraverso il suo Dipartimento di Gestione dei Trasporti, specializzato in sistemi di trasporto, mobilit\u00e0 ed economia dei trasporti con particolare attenzione allo sviluppo sostenibile. Il team porta la sua esperienza nella ricerca e nello sviluppo di servizi di mobilit\u00e0 per adulti anziani, supportando il Work Package 2 (WP2). <\/p>\n<p>Tra i principali collaboratori figurano:<\/p>\n<ul>\n<li>Dott.ssa Zuzanna K\u0142os-Adamkiewicz, professore assistente con esperienza in mobilit\u00e0 sostenibile, trasporto urbano e gestione della mobilit\u00e0. Ha coordinato piani di trasporto, sviluppato audit di mobilit\u00e0 e lavorato a lungo con le amministrazioni locali e con progetti di trasporto europei. <\/li>\n<li>Prof. Tomasz Kwarci\u0144ski, professore associato con un background nel trasporto pubblico, nell&#8217;accessibilit\u00e0 del trasporto rurale e nelle tecnologie di trasporto urbano a basse emissioni, con un&#8217;ampia collaborazione in progetti regionali e internazionali.<\/li>\n<li>Dott.ssa Agnieszka Gozdek, professore assistente, si occupa di trasporto stradale, mobilit\u00e0 urbana e sviluppo sostenibile, con un coinvolgimento attivo in progetti di trasporto europei.<\/li>\n<li>Dott.ssa Sylwia Kowalska, assistente alla ricerca sul trasporto sostenibile, sul trasferimento modale e sulla politica europea dei trasporti.<\/li>\n<\/ul>\n<p>L&#8217;universit\u00e0 collabora con i principali stakeholder locali, tra cui le citt\u00e0 di Stettino e Gorz\u00f3w Wielkopolski, le autorit\u00e0 del trasporto pubblico e le organizzazioni di difesa degli anziani. Questi partner contribuiscono attraverso workshop, input di policy e studi sulla mobilit\u00e0 locale, migliorando la rilevanza e l&#8217;impatto del progetto sulle soluzioni di mobilit\u00e0 degli anziani. <\/p>\n<p>[\/et_pb_text][\/et_pb_column][et_pb_column type=&#8221;1_4&#8243; _builder_version=&#8221;4.27.4&#8243; _module_preset=&#8221;default&#8221; custom_padding=&#8221;3%||||false|false&#8221; global_colors_info=&#8221;{}&#8221;][et_pb_image src=&#8221;https:\/\/smart-age.eu\/wp-content\/uploads\/2025\/02\/the-university-of-szczecin.jpg&#8221; title_text=&#8221;the-university-of-szczecin&#8221; _builder_version=&#8221;4.27.4&#8243; _module_preset=&#8221;default&#8221; width_tablet=&#8221;51%&#8221; width_phone=&#8221;69%&#8221; width_last_edited=&#8221;on|phone&#8221; global_colors_info=&#8221;{}&#8221;][\/et_pb_image][\/et_pb_column][\/et_pb_row][\/et_pb_section][et_pb_section fb_built=&#8221;1&#8243; _builder_version=&#8221;4.27.4&#8243; _module_preset=&#8221;default&#8221; custom_padding=&#8221;3px||5px|||&#8221; global_colors_info=&#8221;{}&#8221;][et_pb_row column_structure=&#8221;3_4,1_4&#8243; _builder_version=&#8221;4.27.4&#8243; _module_preset=&#8221;default&#8221; border_width_bottom=&#8221;1px&#8221; border_color_bottom=&#8221;#E5E5E5&#8243; global_colors_info=&#8221;{}&#8221;][et_pb_column type=&#8221;3_4&#8243; _builder_version=&#8221;4.27.4&#8243; _module_preset=&#8221;default&#8221; global_colors_info=&#8221;{}&#8221;][et_pb_text _builder_version=&#8221;4.27.4&#8243; _module_preset=&#8221;default&#8221; header_3_font=&#8221;|700|||||||&#8221; global_colors_info=&#8221;{}&#8221;]<\/p>\n<h3>Politecnico di Milano<\/h3>\n<p>Il Dipartimento di Architettura e Studi Urbani (DAStU) del Politecnico di Milano contribuisce al progetto con competenze interdisciplinari in materia di pianificazione urbana, mobilit\u00e0 ed economia dei trasporti. Concentrandosi sulla relazione tra le caratteristiche del quartiere e le abitudini di mobilit\u00e0 degli anziani, il team fornisce preziose conoscenze al Work Package 3 (WP3). <\/p>\n<p>Tra i principali collaboratori figurano:<\/p>\n<ul>\n<li>Dott.ssa Federica Maria Rossi, ricercatrice RTDA, esperta di economia dei trasporti e regionale.<\/li>\n<li>Prof.ssa Ilaria Mariotti, professoressa associata, specializzata in economia urbana e regionale con un forte background in mobilit\u00e0 e invecchiamento.<\/li>\n<li><span data-olk-copy-source=\"MessageBody\">Dott. Tiziano Pavanini, assegnista di ricerca, specializzato in economia dei trasporti con focus su mobilit\u00e0 urbana sostenibile.<\/span><\/li>\n<\/ul>\n<p>Le loro ricerche sul trasporto pubblico, l&#8217;accessibilit\u00e0 e il benessere degli anziani supportano le strategie per una mobilit\u00e0 sostenibile e inclusiva, cos\u00ec come le loro collaborazioni con partner locali a Milano e Genova.<\/p>\n<p>[\/et_pb_text][\/et_pb_column][et_pb_column type=&#8221;1_4&#8243; _builder_version=&#8221;4.27.4&#8243; _module_preset=&#8221;default&#8221; custom_padding=&#8221;3%||||false|false&#8221; global_colors_info=&#8221;{}&#8221;][et_pb_image src=&#8221;https:\/\/smart-age.eu\/wp-content\/uploads\/2025\/02\/logo_polimi.png&#8221; title_text=&#8221;logo_polimi&#8221; _builder_version=&#8221;4.27.4&#8243; _module_preset=&#8221;default&#8221; width_tablet=&#8221;51%&#8221; width_phone=&#8221;68%&#8221; width_last_edited=&#8221;on|phone&#8221; global_colors_info=&#8221;{}&#8221;][\/et_pb_image][\/et_pb_column][\/et_pb_row][\/et_pb_section][et_pb_section fb_built=&#8221;1&#8243; _builder_version=&#8221;4.27.4&#8243; _module_preset=&#8221;default&#8221; custom_padding=&#8221;3px||5px|||&#8221; global_colors_info=&#8221;{}&#8221;][et_pb_row column_structure=&#8221;3_4,1_4&#8243; _builder_version=&#8221;4.27.4&#8243; _module_preset=&#8221;default&#8221; border_width_bottom=&#8221;1px&#8221; border_color_bottom=&#8221;#E5E5E5&#8243; global_colors_info=&#8221;{}&#8221;][et_pb_column type=&#8221;3_4&#8243; _builder_version=&#8221;4.27.4&#8243; _module_preset=&#8221;default&#8221; global_colors_info=&#8221;{}&#8221;][et_pb_text _builder_version=&#8221;4.27.4&#8243; _module_preset=&#8221;default&#8221; header_3_font=&#8221;|700|||||||&#8221; global_colors_info=&#8221;{}&#8221;]<\/p>\n<h3>Odisee Universit\u00e0 di Scienze Applicate<\/h3>\n<p>Il Centro per l&#8217;Imprenditorialit\u00e0 Sostenibile (CenSE) dell&#8217;Universit\u00e0 di Scienze Applicate Odisee \u00e8 specializzato nella ricerca orientata alla pratica per la sostenibilit\u00e0 socio-economica e ambientale, con particolare attenzione al coinvolgimento degli stakeholder e alla condivisione delle iniziative di mobilit\u00e0. Il team guider\u00e0 il WP4, concentrandosi sullo sviluppo e la validazione del quadro comune, e co-condurr\u00e0 il WP2, analizzando le pratiche di mercato e l&#8217;accoglienza degli utenti. Il coinvolgimento del Centro di ricerca sull&#8217;assistenza agli anziani (EXP-O) dell&#8217;Odisee, che si concentra sull&#8217;invecchiamento attivo e sull&#8217;empowerment, rafforza ulteriormente la capacit\u00e0 del team di affrontare gli obiettivi di SMART-AGE.  <\/p>\n<p>Tra i principali ricercatori figurano:<\/p>\n<ul>\n<li>Bart Henssen, responsabile del CenSE, la cui ricerca si concentra sulla trasformazione verso imprese ed ecosistemi sostenibili.<\/li>\n<li>Karen Brabant, ricercatrice senior e coordinatrice del Circular Economy spearhead del CenSE, che completa il team con la sua esperienza in partenariati multi-attore e modelli di business collaborativi.<\/li>\n<li>Dries Couckuyt, PhD, ricercatore senior sull&#8217;interdisciplinarit\u00e0 con esperienza in politica economica e sostenibilit\u00e0 ambientale aziendale per guidare l&#8217;innovazione politica e la trasformazione sostenibile delle imprese.<\/li>\n<li>Tesnime Imnadine, assistente ricercatore, che supporta una serie di progetti di sostenibilit\u00e0 e gestisce la comunicazione interna ed esterna del CenSE, utilizzando la sua esperienza di comunicazione strategica.<\/li>\n<\/ul>\n<p>[\/et_pb_text][\/et_pb_column][et_pb_column type=&#8221;1_4&#8243; _builder_version=&#8221;4.27.4&#8243; _module_preset=&#8221;default&#8221; custom_padding=&#8221;3%||||false|false&#8221; global_colors_info=&#8221;{}&#8221;][et_pb_image src=&#8221;https:\/\/smart-age.eu\/wp-content\/uploads\/2025\/02\/CenSE-logo-black-on-white.jpg&#8221; title_text=&#8221;CenSE logo black on white&#8221; _builder_version=&#8221;4.27.4&#8243; _module_preset=&#8221;default&#8221; width_tablet=&#8221;62%&#8221; width_phone=&#8221;96%&#8221; width_last_edited=&#8221;on|phone&#8221; global_colors_info=&#8221;{}&#8221; width__hover_enabled=&#8221;on|desktop&#8221;][\/et_pb_image][\/et_pb_column][\/et_pb_row][et_pb_row column_structure=&#8221;3_4,1_4&#8243; _builder_version=&#8221;4.27.4&#8243; _module_preset=&#8221;default&#8221; border_width_bottom=&#8221;1px&#8221; border_color_bottom=&#8221;#E5E5E5&#8243; global_colors_info=&#8221;{}&#8221;][et_pb_column type=&#8221;3_4&#8243; _builder_version=&#8221;4.27.4&#8243; _module_preset=&#8221;default&#8221; global_colors_info=&#8221;{}&#8221;][et_pb_text _builder_version=&#8221;4.27.4&#8243; _module_preset=&#8221;default&#8221; header_3_font=&#8221;|700|||||||&#8221; global_colors_info=&#8221;{}&#8221;]<\/p>\n<h3>Urban Studies Institute &#8211; Universit\u00e0 di Anversa<\/h3>\n<p>L&#8217;Istituto di studi urbani (USI) dell&#8217;Universit\u00e0 di Anversa \u00e8 un centro di ricerca interdisciplinare dedicato alla comprensione e alla risoluzione delle sfide urbane. L&#8217;USI promuove la collaborazione su temi quali la mobilit\u00e0 sostenibile, l&#8217;accessibilit\u00e0 urbana e lo sviluppo delle citt\u00e0. Nell&#8217;ambito del progetto SMART-AGE, l&#8217;USI ha contribuito con la sua esperienza alla preparazione della proposta presentata con successo al DUT. Le sue intuizioni continuano a essere preziose per definire l&#8217;approccio del progetto alla mobilit\u00e0 urbana sostenibile per le popolazioni anziane.   <\/p>\n<p>[\/et_pb_text][\/et_pb_column][et_pb_column type=&#8221;1_4&#8243; _builder_version=&#8221;4.27.4&#8243; _module_preset=&#8221;default&#8221; custom_padding=&#8221;3%||||false|false&#8221; global_colors_info=&#8221;{}&#8221;][et_pb_image src=&#8221;https:\/\/smart-age.eu\/wp-content\/uploads\/2025\/03\/usi-en-rgb.jpg&#8221; title_text=&#8221;usi-en-rgb&#8221; _builder_version=&#8221;4.27.4&#8243; _module_preset=&#8221;default&#8221; width_tablet=&#8221;62%&#8221; width_phone=&#8221;96%&#8221; width_last_edited=&#8221;on|phone&#8221; global_colors_info=&#8221;{}&#8221; width__hover_enabled=&#8221;on|desktop&#8221;][\/et_pb_image][\/et_pb_column][\/et_pb_row][\/et_pb_section][et_pb_section fb_built=&#8221;1&#8243; _builder_version=&#8221;4.27.4&#8243; _module_preset=&#8221;default&#8221; custom_padding=&#8221;3px||5px|||&#8221; global_colors_info=&#8221;{}&#8221;][et_pb_row column_structure=&#8221;3_4,1_4&#8243; _builder_version=&#8221;4.27.4&#8243; _module_preset=&#8221;default&#8221; border_width_bottom=&#8221;1px&#8221; border_color_bottom=&#8221;#E5E5E5&#8243; global_colors_info=&#8221;{}&#8221;][et_pb_column type=&#8221;3_4&#8243; _builder_version=&#8221;4.27.4&#8243; _module_preset=&#8221;default&#8221; global_colors_info=&#8221;{}&#8221;][et_pb_text _builder_version=&#8221;4.27.4&#8243; _module_preset=&#8221;default&#8221; header_3_font=&#8221;|700|||||||&#8221; global_colors_info=&#8221;{}&#8221;]<\/p>\n<h3>Citt\u00e0 di Anversa<\/h3>\n<p>La citt\u00e0 di Anversa si unisce a SMART-AGE per sostenere la ricerca sulla mobilit\u00e0 a prova di invecchiamento e affrontare le sfide locali in materia di connettivit\u00e0, &#8220;aging-in-place&#8221; e riduzione della dipendenza dall&#8217;automobile. Il municipio contribuisce con competenze, casi studio e input di policy, assicurando che i risultati del progetto siano in linea con le sue priorit\u00e0 e tendenze demografiche. <\/p>\n<p>[\/et_pb_text][\/et_pb_column][et_pb_column type=&#8221;1_4&#8243; _builder_version=&#8221;4.27.4&#8243; _module_preset=&#8221;default&#8221; custom_padding=&#8221;3%||||false|false&#8221; global_colors_info=&#8221;{}&#8221;][et_pb_image src=&#8221;https:\/\/smart-age.eu\/wp-content\/uploads\/2025\/02\/stad_antwerpen.png&#8221; title_text=&#8221;stad_antwerpen&#8221; _builder_version=&#8221;4.27.4&#8243; _module_preset=&#8221;default&#8221; width_tablet=&#8221;53%&#8221; width_phone=&#8221;72%&#8221; width_last_edited=&#8221;on|phone&#8221; global_colors_info=&#8221;{}&#8221;][\/et_pb_image][\/et_pb_column][\/et_pb_row][\/et_pb_section][et_pb_section fb_built=&#8221;1&#8243; _builder_version=&#8221;4.27.4&#8243; _module_preset=&#8221;default&#8221; custom_padding=&#8221;3px||5px|||&#8221; global_colors_info=&#8221;{}&#8221;][et_pb_row column_structure=&#8221;3_4,1_4&#8243; _builder_version=&#8221;4.27.4&#8243; _module_preset=&#8221;default&#8221; border_width_bottom=&#8221;1px&#8221; border_color_bottom=&#8221;#E5E5E5&#8243; global_colors_info=&#8221;{}&#8221;][et_pb_column type=&#8221;3_4&#8243; _builder_version=&#8221;4.27.4&#8243; _module_preset=&#8221;default&#8221; global_colors_info=&#8221;{}&#8221;][et_pb_text _builder_version=&#8221;4.27.4&#8243; _module_preset=&#8221;default&#8221; header_3_font=&#8221;|700|||||||&#8221; global_colors_info=&#8221;{}&#8221;]<\/p>\n<h3>Zarz\u0105d Drog i Transportu Miejskiego w Szczecinie (ZDiTM)<\/h3>\n<p>ZDiTM, l&#8217;organizzatore del trasporto pubblico di Stettino e della sua periferia, porta con s\u00e9 l&#8217;esperienza nell&#8217;affrontare le sfide della mobilit\u00e0 moderna e nell&#8217;adattare i servizi per soddisfare le diverse esigenze degli utenti. Nell&#8217;ambito del progetto SMART-AGE, ZDiTM si concentra sulla comprensione e sulla risposta alle esigenze di mobilit\u00e0 degli anziani. <\/p>\n<p>[\/et_pb_text][\/et_pb_column][et_pb_column type=&#8221;1_4&#8243; _builder_version=&#8221;4.27.4&#8243; _module_preset=&#8221;default&#8221; custom_padding=&#8221;3%||||false|false&#8221; global_colors_info=&#8221;{}&#8221;][et_pb_image src=&#8221;https:\/\/smart-age.eu\/wp-content\/uploads\/2025\/02\/zditm.png&#8221; title_text=&#8221;zditm&#8221; _builder_version=&#8221;4.27.4&#8243; _module_preset=&#8221;default&#8221; width_tablet=&#8221;65%&#8221; width_phone=&#8221;86%&#8221; width_last_edited=&#8221;on|phone&#8221; global_colors_info=&#8221;{}&#8221;][\/et_pb_image][\/et_pb_column][\/et_pb_row][\/et_pb_section][et_pb_section fb_built=&#8221;1&#8243; _builder_version=&#8221;4.27.4&#8243; _module_preset=&#8221;default&#8221; custom_padding=&#8221;3px||5px|||&#8221; global_colors_info=&#8221;{}&#8221;][et_pb_row column_structure=&#8221;3_4,1_4&#8243; _builder_version=&#8221;4.27.4&#8243; _module_preset=&#8221;default&#8221; border_width_bottom=&#8221;1px&#8221; border_color_bottom=&#8221;#E5E5E5&#8243; global_colors_info=&#8221;{}&#8221;][et_pb_column type=&#8221;3_4&#8243; _builder_version=&#8221;4.27.4&#8243; _module_preset=&#8221;default&#8221; global_colors_info=&#8221;{}&#8221;][et_pb_text _builder_version=&#8221;4.27.4&#8243; _module_preset=&#8221;default&#8221; header_3_font=&#8221;|700|||||||&#8221; global_colors_info=&#8221;{}&#8221;]<\/p>\n<h3>Towarzystwo Wspierania Inicjatyw Kulturalno-Spo\u0142ecznych<\/h3>\n<p>Towarzystwo Wspierania Inicjatyw Kulturalno-Spo\u0142ecznych, un centro per anziani con sede a Stettino, contribuisce con la sua esperienza a sostenere gli anziani e a promuovere l&#8217;impegno della comunit\u00e0. Nell&#8217;ambito di SMART-AGE, il centro partecipa attivamente per garantire che il progetto affronti le sfide della mobilit\u00e0 degli anziani, con l&#8217;obiettivo di promuovere opzioni di trasporto alternative e migliorare la qualit\u00e0 della vita. <\/p>\n<p>[\/et_pb_text][\/et_pb_column][et_pb_column type=&#8221;1_4&#8243; _builder_version=&#8221;4.27.4&#8243; _module_preset=&#8221;default&#8221; custom_padding=&#8221;3%||||false|false&#8221; global_colors_info=&#8221;{}&#8221;][et_pb_image src=&#8221;https:\/\/smart-age.eu\/wp-content\/uploads\/2025\/02\/twiks.png&#8221; title_text=&#8221;twiks&#8221; _builder_version=&#8221;4.27.4&#8243; _module_preset=&#8221;default&#8221; width=&#8221;74%&#8221; width_tablet=&#8221;33%&#8221; width_phone=&#8221;33%&#8221; width_last_edited=&#8221;on|phone&#8221; custom_margin=&#8221;-65px||||false|false&#8221; custom_padding=&#8221;0px||||false|false&#8221; global_colors_info=&#8221;{}&#8221;][\/et_pb_image][\/et_pb_column][\/et_pb_row][\/et_pb_section][et_pb_section fb_built=&#8221;1&#8243; _builder_version=&#8221;4.27.4&#8243; _module_preset=&#8221;default&#8221; custom_padding=&#8221;3px||5px|||&#8221; global_colors_info=&#8221;{}&#8221;][et_pb_row column_structure=&#8221;3_4,1_4&#8243; _builder_version=&#8221;4.27.4&#8243; _module_preset=&#8221;default&#8221; border_width_bottom=&#8221;1px&#8221; border_color_bottom=&#8221;#E5E5E5&#8243; global_colors_info=&#8221;{}&#8221;][et_pb_column type=&#8221;3_4&#8243; _builder_version=&#8221;4.27.4&#8243; _module_preset=&#8221;default&#8221; global_colors_info=&#8221;{}&#8221;][et_pb_text _builder_version=&#8221;4.27.4&#8243; _module_preset=&#8221;default&#8221; header_3_font=&#8221;|700|||||||&#8221; global_colors_info=&#8221;{}&#8221;]<\/p>\n<h3>Azienda Mobilit\u00e0 e Trasporti SPA<\/h3>\n<p>L&#8217;Azienda Mobilit\u00e0 e Trasporti SPA (AMT SPA), operatore del trasporto pubblico urbano ed extraurbano di Genova, contribuisce attivamente al progetto SMART-AGE come partner chiave nel caso di studio di Genova. AMT SPA offre le proprie competenze e risorse in materia di trasporti, mobilit\u00e0 e anziani, rafforzando cos\u00ec gli sforzi del progetto per migliorare l&#8217;accessibilit\u00e0 e la qualit\u00e0 della vita di questa fascia di popolazione a Genova e non solo. <\/p>\n<p>[\/et_pb_text][\/et_pb_column][et_pb_column type=&#8221;1_4&#8243; _builder_version=&#8221;4.27.4&#8243; _module_preset=&#8221;default&#8221; custom_padding=&#8221;3%||||false|false&#8221; global_colors_info=&#8221;{}&#8221;][et_pb_image src=&#8221;https:\/\/smart-age.eu\/wp-content\/uploads\/2025\/02\/logo-mobilita-e-trasporti-SPA.png&#8221; title_text=&#8221;logo mobilita e trasporti SPA&#8221; _builder_version=&#8221;4.27.4&#8243; _module_preset=&#8221;default&#8221; width=&#8221;80%&#8221; width_tablet=&#8221;39%&#8221; width_phone=&#8221;36%&#8221; width_last_edited=&#8221;on|phone&#8221; global_colors_info=&#8221;{}&#8221;][\/et_pb_image][\/et_pb_column][\/et_pb_row][\/et_pb_section][et_pb_section fb_built=&#8221;1&#8243; _builder_version=&#8221;4.27.4&#8243; _module_preset=&#8221;default&#8221; custom_padding=&#8221;3px||5px|||&#8221; global_colors_info=&#8221;{}&#8221;][et_pb_row column_structure=&#8221;3_4,1_4&#8243; _builder_version=&#8221;4.27.4&#8243; _module_preset=&#8221;default&#8221; border_width_bottom=&#8221;1px&#8221; border_color_bottom=&#8221;#E5E5E5&#8243; global_colors_info=&#8221;{}&#8221;][et_pb_column type=&#8221;3_4&#8243; _builder_version=&#8221;4.27.4&#8243; _module_preset=&#8221;default&#8221; global_colors_info=&#8221;{}&#8221;][et_pb_text _builder_version=&#8221;4.27.4&#8243; _module_preset=&#8221;default&#8221; header_3_font=&#8221;|700|||||||&#8221; global_colors_info=&#8221;{}&#8221;]<\/p>\n<h3>UniGeSenior<\/h3>\n<p>UniGeSenior, l&#8217;iniziativa dell&#8217;Universit\u00e0 di Genova per gli over 45, collabora attivamente al progetto SMART-AGE come parte del caso di studio di Genova. Grazie alla sua esperienza nell&#8217;affrontare le esigenze della popolazione genovese che invecchia, UniGeSenior contribuisce allo sviluppo di soluzioni su misura per migliorare la mobilit\u00e0 e la qualit\u00e0 della vita degli anziani. <\/p>\n<p>[\/et_pb_text][\/et_pb_column][et_pb_column type=&#8221;1_4&#8243; _builder_version=&#8221;4.27.4&#8243; _module_preset=&#8221;default&#8221; custom_padding=&#8221;3%||||false|false&#8221; global_colors_info=&#8221;{}&#8221;][et_pb_image src=&#8221;https:\/\/smart-age.eu\/wp-content\/uploads\/2025\/02\/New_UniGeSenior-rit.jpg&#8221; title_text=&#8221;New_UniGeSenior rit&#8221; _builder_version=&#8221;4.27.4&#8243; _module_preset=&#8221;default&#8221; width_tablet=&#8221;&#8221; width_phone=&#8221;70%&#8221; width_last_edited=&#8221;on|phone&#8221; global_colors_info=&#8221;{}&#8221;][\/et_pb_image][\/et_pb_column][\/et_pb_row][\/et_pb_section][et_pb_section fb_built=&#8221;1&#8243; _builder_version=&#8221;4.27.4&#8243; _module_preset=&#8221;default&#8221; custom_padding=&#8221;3px||5px|||&#8221; global_colors_info=&#8221;{}&#8221;][et_pb_row column_structure=&#8221;3_4,1_4&#8243; _builder_version=&#8221;4.27.4&#8243; _module_preset=&#8221;default&#8221; border_width_bottom=&#8221;1px&#8221; border_color_bottom=&#8221;#E5E5E5&#8243; global_colors_info=&#8221;{}&#8221;][et_pb_column type=&#8221;3_4&#8243; _builder_version=&#8221;4.27.4&#8243; _module_preset=&#8221;default&#8221; global_colors_info=&#8221;{}&#8221;][et_pb_text _builder_version=&#8221;4.27.4&#8243; _module_preset=&#8221;default&#8221; header_3_font=&#8221;|700|||||||&#8221; global_colors_info=&#8221;{}&#8221;]<\/p>\n<h3>Lantis<\/h3>\n<p>Lantis realizza progetti di mobilit\u00e0 complessi nella regione di Anversa, valorizzando la citt\u00e0 e la regione attraverso la costruzione di collegamenti vitali. Nell&#8217;ambito di questa missione, Lantis sostiene la Regione dei Trasporti di Anversa, uno dei 15 cluster delle Fiandre responsabili della pianificazione e dell&#8217;attuazione della mobilit\u00e0 regionale, nel raggiungimento dell&#8217;obiettivo di una quota modale del 50\/50 verso il trasporto sostenibile. Con una vasta esperienza nella promozione della collaborazione sovralocale e dei servizi di mobilit\u00e0 inclusiva, Lantis contribuir\u00e0 al progetto SMART-AGE condividendo casi di studio, partecipando a tavole rotonde e assicurando che i risultati della ricerca siano in linea con le sfide della mobilit\u00e0 regionale per migliorare l&#8217;accessibilit\u00e0 delle popolazioni anziane.  <\/p>\n<p>[\/et_pb_text][\/et_pb_column][et_pb_column type=&#8221;1_4&#8243; _builder_version=&#8221;4.27.4&#8243; _module_preset=&#8221;default&#8221; custom_padding=&#8221;3%||||false|false&#8221; global_colors_info=&#8221;{}&#8221;][et_pb_image src=&#8221;https:\/\/smart-age.eu\/wp-content\/uploads\/2025\/02\/08-logo-lantis.jpg&#8221; title_text=&#8221;08-logo-lantis&#8221; _builder_version=&#8221;4.27.4&#8243; _module_preset=&#8221;default&#8221; width=&#8221;76%&#8221; width_tablet=&#8221;44%&#8221; width_phone=&#8221;50%&#8221; width_last_edited=&#8221;on|phone&#8221; global_colors_info=&#8221;{}&#8221;][\/et_pb_image][\/et_pb_column][\/et_pb_row][\/et_pb_section][et_pb_section fb_built=&#8221;1&#8243; _builder_version=&#8221;4.27.4&#8243; _module_preset=&#8221;default&#8221; custom_padding=&#8221;3px||5px|||&#8221; global_colors_info=&#8221;{}&#8221;][et_pb_row column_structure=&#8221;3_4,1_4&#8243; _builder_version=&#8221;4.27.4&#8243; _module_preset=&#8221;default&#8221; border_width_bottom=&#8221;1px&#8221; border_color_bottom=&#8221;#E5E5E5&#8243; global_colors_info=&#8221;{}&#8221;][et_pb_column type=&#8221;3_4&#8243; _builder_version=&#8221;4.27.4&#8243; _module_preset=&#8221;default&#8221; global_colors_info=&#8221;{}&#8221;][et_pb_text _builder_version=&#8221;4.27.4&#8243; _module_preset=&#8221;default&#8221; header_3_font=&#8221;|700|||||||&#8221; custom_padding=&#8221;6px|||||&#8221; global_colors_info=&#8221;{}&#8221;]<\/p>\n<h3>Miasto Gorz\u00f3w Wielkopolski<\/h3>\n<p>La citt\u00e0 di Gorz\u00f3w Wielkopolski ha maturato esperienza nell&#8217;affrontare le sfide sociali, compresi i problemi di mobilit\u00e0 degli anziani, attraverso la partecipazione attiva a vari progetti.<\/p>\n<p>[\/et_pb_text][\/et_pb_column][et_pb_column type=&#8221;1_4&#8243; _builder_version=&#8221;4.27.4&#8243; _module_preset=&#8221;default&#8221; custom_padding=&#8221;3%||||false|false&#8221; global_colors_info=&#8221;{}&#8221;][et_pb_image src=&#8221;https:\/\/smart-age.eu\/wp-content\/uploads\/2025\/02\/banner-1.png&#8221; title_text=&#8221;banner-1&#8243; _builder_version=&#8221;4.27.4&#8243; _module_preset=&#8221;default&#8221; width_tablet=&#8221;&#8221; width_phone=&#8221;68%&#8221; width_last_edited=&#8221;on|phone&#8221; global_colors_info=&#8221;{}&#8221;][\/et_pb_image][\/et_pb_column][\/et_pb_row][\/et_pb_section][et_pb_section fb_built=&#8221;1&#8243; _builder_version=&#8221;4.27.4&#8243; _module_preset=&#8221;default&#8221; custom_padding=&#8221;3px||5px|||&#8221; global_colors_info=&#8221;{}&#8221;][et_pb_row column_structure=&#8221;3_4,1_4&#8243; _builder_version=&#8221;4.27.4&#8243; _module_preset=&#8221;default&#8221; border_width_bottom=&#8221;1px&#8221; border_color_bottom=&#8221;#E5E5E5&#8243; global_colors_info=&#8221;{}&#8221;][et_pb_column type=&#8221;3_4&#8243; _builder_version=&#8221;4.27.4&#8243; _module_preset=&#8221;default&#8221; global_colors_info=&#8221;{}&#8221;][et_pb_text _builder_version=&#8221;4.27.4&#8243; _module_preset=&#8221;default&#8221; header_3_font=&#8221;|700|||||||&#8221; global_colors_info=&#8221;{}&#8221;]<\/p>\n<h3>Urzad Miasta Szczecin<\/h3>\n<p>La citt\u00e0 di Stettino contribuisce con la sua esperienza nei progetti di mobilit\u00e0 e nell&#8217;affrontare le sfide della mobilit\u00e0 degli anziani. Attraverso il Dipartimento degli Affari Sociali, la citt\u00e0 si impegna attivamente fornendo approfondimenti sulle politiche locali e documenti strategici. <\/p>\n<p>[\/et_pb_text][\/et_pb_column][et_pb_column type=&#8221;1_4&#8243; _builder_version=&#8221;4.27.4&#8243; _module_preset=&#8221;default&#8221; custom_padding=&#8221;3%||||false|false&#8221; global_colors_info=&#8221;{}&#8221;][et_pb_image src=&#8221;https:\/\/smart-age.eu\/wp-content\/uploads\/2025\/02\/Miasto-Szczecin.png&#8221; title_text=&#8221;Miasto-Szczecin&#8221; _builder_version=&#8221;4.27.4&#8243; _module_preset=&#8221;default&#8221; width_tablet=&#8221;42%&#8221; width_phone=&#8221;74%&#8221; width_last_edited=&#8221;on|phone&#8221; global_colors_info=&#8221;{}&#8221;][\/et_pb_image][\/et_pb_column][\/et_pb_row][\/et_pb_section][et_pb_section fb_built=&#8221;1&#8243; _builder_version=&#8221;4.27.4&#8243; _module_preset=&#8221;default&#8221; custom_padding=&#8221;3px||5px|||&#8221; global_colors_info=&#8221;{}&#8221;][et_pb_row column_structure=&#8221;3_4,1_4&#8243; _builder_version=&#8221;4.27.4&#8243; _module_preset=&#8221;default&#8221; border_width_bottom=&#8221;1px&#8221; border_color_bottom=&#8221;#E5E5E5&#8243; global_colors_info=&#8221;{}&#8221;][et_pb_column type=&#8221;3_4&#8243; _builder_version=&#8221;4.27.4&#8243; _module_preset=&#8221;default&#8221; global_colors_info=&#8221;{}&#8221;][et_pb_text _builder_version=&#8221;4.27.4&#8243; _module_preset=&#8221;default&#8221; header_3_font=&#8221;|700|||||||&#8221; global_colors_info=&#8221;{}&#8221;]<\/p>\n<h3>Mpact<\/h3>\n<p>Mpact \u00e8 un&#8217;organizzazione non profit con decenni di esperienza nello sviluppo e nell&#8217;ottimizzazione di soluzioni di mobilit\u00e0 condivisa in Belgio. Impegnata a trovare un equilibrio tra benessere umano, prosperit\u00e0 economica e sostenibilit\u00e0 ambientale, Mpact si concentra sulla creazione di sistemi di mobilit\u00e0 inclusivi che danno priorit\u00e0 all&#8217;accessibilit\u00e0 per le persone con ridotta mobilit\u00e0, spesso trascurate dalle piattaforme commerciali. Con una solida esperienza nella promozione di politiche di riduzione delle auto e nella promozione di connessioni multimodali, Mpact apporta una preziosa esperienza al progetto SMART-AGE.  <\/p>\n<p>[\/et_pb_text][\/et_pb_column][et_pb_column type=&#8221;1_4&#8243; _builder_version=&#8221;4.27.4&#8243; _module_preset=&#8221;default&#8221; custom_padding=&#8221;3%||||false|false&#8221; global_colors_info=&#8221;{}&#8221;][et_pb_image src=&#8221;https:\/\/smart-age.eu\/wp-content\/uploads\/2025\/02\/mpact_logo_rgb.png&#8221; title_text=&#8221;mpact_logo_rgb&#8221; _builder_version=&#8221;4.27.4&#8243; _module_preset=&#8221;default&#8221; width_tablet=&#8221;52%&#8221; width_phone=&#8221;76%&#8221; width_last_edited=&#8221;on|phone&#8221; global_colors_info=&#8221;{}&#8221;][\/et_pb_image][\/et_pb_column][\/et_pb_row][\/et_pb_section][et_pb_section fb_built=&#8221;1&#8243; _builder_version=&#8221;4.27.4&#8243; _module_preset=&#8221;default&#8221; custom_padding=&#8221;3px||5px|||&#8221; global_colors_info=&#8221;{}&#8221;][et_pb_row column_structure=&#8221;3_4,1_4&#8243; _builder_version=&#8221;4.27.4&#8243; _module_preset=&#8221;default&#8221; border_width_bottom=&#8221;1px&#8221; border_color_bottom=&#8221;#E5E5E5&#8243; global_colors_info=&#8221;{}&#8221;][et_pb_column type=&#8221;3_4&#8243; _builder_version=&#8221;4.27.4&#8243; _module_preset=&#8221;default&#8221; global_colors_info=&#8221;{}&#8221;][et_pb_text _builder_version=&#8221;4.27.4&#8243; _module_preset=&#8221;default&#8221; header_3_font=&#8221;|700|||||||&#8221; global_colors_info=&#8221;{}&#8221;]<\/p>\n<h3>Vlaamse Ouderenraad<\/h3>\n<p>Il Vlaamse Ouderenraad (Consiglio fiammingo degli anziani) \u00e8 un consiglio consultivo e partecipativo che rappresenta gli anziani nelle Fiandre. Con una vasta esperienza nella difesa degli anziani in vari ambiti politici, il Consiglio apporta preziose conoscenze al consorzio SMART-AGE. <\/p>\n<p>[\/et_pb_text][\/et_pb_column][et_pb_column type=&#8221;1_4&#8243; _builder_version=&#8221;4.27.4&#8243; _module_preset=&#8221;default&#8221; custom_padding=&#8221;3%||||false|false&#8221; global_colors_info=&#8221;{}&#8221;][et_pb_image src=&#8221;https:\/\/smart-age.eu\/wp-content\/uploads\/2025\/02\/Vlaamse-Ouderenraad-scaled.jpg&#8221; title_text=&#8221;Vlaamse Ouderenraad&#8221; _builder_version=&#8221;4.27.4&#8243; _module_preset=&#8221;default&#8221; width_tablet=&#8221;49%&#8221; width_phone=&#8221;67%&#8221; width_last_edited=&#8221;on|phone&#8221; global_colors_info=&#8221;{}&#8221;][\/et_pb_image][\/et_pb_column][\/et_pb_row][\/et_pb_section][et_pb_section fb_built=&#8221;1&#8243; _builder_version=&#8221;4.27.4&#8243; _module_preset=&#8221;default&#8221; custom_padding=&#8221;3px||5px|||&#8221; global_colors_info=&#8221;{}&#8221;][et_pb_row column_structure=&#8221;3_4,1_4&#8243; _builder_version=&#8221;4.27.4&#8243; _module_preset=&#8221;default&#8221; border_width_bottom=&#8221;1px&#8221; border_color_bottom=&#8221;#E5E5E5&#8243; global_colors_info=&#8221;{}&#8221;][et_pb_column type=&#8221;3_4&#8243; _builder_version=&#8221;4.27.4&#8243; _module_preset=&#8221;default&#8221; global_colors_info=&#8221;{}&#8221;][et_pb_text _builder_version=&#8221;4.27.4&#8243; _module_preset=&#8221;default&#8221; header_3_font=&#8221;|700|||||||&#8221; global_colors_info=&#8221;{}&#8221;]<\/p>\n<h3>Municipio 9 Milano<\/h3>\n<p>Il Municipio 9 della citt\u00e0 di Milano collabora con SMART-AGE come caso di studio. Sulla base delle precedenti collaborazioni con il Politecnico di Milano, contribuisce alla raccolta dei dati, alla condivisione delle politiche, alle passeggiate interattive sulla mobilit\u00e0 e alla diffusione del progetto. <\/p>\n<p>[\/et_pb_text][\/et_pb_column][et_pb_column type=&#8221;1_4&#8243; _builder_version=&#8221;4.27.4&#8243; _module_preset=&#8221;default&#8221; custom_padding=&#8221;3%||||false|false&#8221; global_colors_info=&#8221;{}&#8221;][et_pb_image src=&#8221;https:\/\/smart-age.eu\/wp-content\/uploads\/2025\/02\/Municipio_09.png&#8221; title_text=&#8221;Municipio_09&#8243; _builder_version=&#8221;4.27.4&#8243; _module_preset=&#8221;default&#8221; width=&#8221;74%&#8221; width_tablet=&#8221;41%&#8221; width_phone=&#8221;52%&#8221; width_last_edited=&#8221;on|phone&#8221; global_colors_info=&#8221;{}&#8221;][\/et_pb_image][\/et_pb_column][\/et_pb_row][\/et_pb_section][et_pb_section fb_built=&#8221;1&#8243; _builder_version=&#8221;4.27.4&#8243; _module_preset=&#8221;default&#8221; custom_padding=&#8221;3px||5px|||&#8221; global_colors_info=&#8221;{}&#8221;][et_pb_row column_structure=&#8221;3_4,1_4&#8243; _builder_version=&#8221;4.27.4&#8243; _module_preset=&#8221;default&#8221; border_width_bottom=&#8221;1px&#8221; border_color_bottom=&#8221;#E5E5E5&#8243; global_colors_info=&#8221;{}&#8221;][et_pb_column type=&#8221;3_4&#8243; _builder_version=&#8221;4.27.4&#8243; _module_preset=&#8221;default&#8221; global_colors_info=&#8221;{}&#8221;][et_pb_text _builder_version=&#8221;4.27.4&#8243; _module_preset=&#8221;default&#8221; header_3_font=&#8221;|700|||||||&#8221; global_colors_info=&#8221;{}&#8221;]<\/p>\n<h3>Auser Indieme di Milano<\/h3>\n<p>AUSER Milano, associazione di promozione sociale, si unisce a SMART-AGE come partner di cooperazione chiave, facendo leva sulla sua esperienza nel sostegno agli anziani e nella promozione dell&#8217;inclusione sociale. Con una vasta esperienza nei servizi alla comunit\u00e0 e collaborazioni con il Comune di Milano e il Politecnico di Milano, AUSER Milano contribuisce alle attivit\u00e0 di co-creazione, alla raccolta dei dati e alla diffusione del progetto. <\/p>\n<p>[\/et_pb_text][\/et_pb_column][et_pb_column type=&#8221;1_4&#8243; _builder_version=&#8221;4.27.4&#8243; _module_preset=&#8221;default&#8221; custom_padding=&#8221;3%||||false|false&#8221; global_colors_info=&#8221;{}&#8221;][et_pb_image src=&#8221;https:\/\/smart-age.eu\/wp-content\/uploads\/2025\/02\/auser.png&#8221; title_text=&#8221;auser&#8221; _builder_version=&#8221;4.27.4&#8243; _module_preset=&#8221;default&#8221; width_tablet=&#8221;42%&#8221; width_phone=&#8221;67%&#8221; width_last_edited=&#8221;on|phone&#8221; global_colors_info=&#8221;{}&#8221;][\/et_pb_image][\/et_pb_column][\/et_pb_row][\/et_pb_section][et_pb_section fb_built=&#8221;1&#8243; _builder_version=&#8221;4.27.4&#8243; _module_preset=&#8221;default&#8221; custom_padding=&#8221;3px||5px|||&#8221; global_colors_info=&#8221;{}&#8221;][et_pb_row column_structure=&#8221;3_4,1_4&#8243; _builder_version=&#8221;4.27.4&#8243; _module_preset=&#8221;default&#8221; border_width_bottom=&#8221;1px&#8221; border_color_bottom=&#8221;#E5E5E5&#8243; global_colors_info=&#8221;{}&#8221;][et_pb_column type=&#8221;3_4&#8243; _builder_version=&#8221;4.27.4&#8243; _module_preset=&#8221;default&#8221; global_colors_info=&#8221;{}&#8221;][et_pb_text _builder_version=&#8221;4.27.4&#8243; _module_preset=&#8221;default&#8221; header_3_font=&#8221;|700|||||||&#8221; global_colors_info=&#8221;{}&#8221;]<\/p>\n<h3>Bruxelles Mobilit\u00e0<\/h3>\n<p>Brussels Mobility, l&#8217;amministrazione responsabile dei trasporti e delle infrastrutture della Regione di Bruxelles-Capitale, si unisce al progetto SMART-AGE per condividere la propria esperienza nella gestione dei trasporti urbani. Il suo contributo comprende l&#8217;analisi di dati cruciali sulle esigenze di mobilit\u00e0 degli anziani, utilizzando strumenti come le indagini sul comportamento di viaggio e le statistiche sulla mobilit\u00e0, oltre a facilitare la comunicazione e il coordinamento tra gli attori chiave dell&#8217;amministrazione e i partner del progetto. <\/p>\n<p>[\/et_pb_text][\/et_pb_column][et_pb_column type=&#8221;1_4&#8243; _builder_version=&#8221;4.27.4&#8243; _module_preset=&#8221;default&#8221; custom_padding=&#8221;3%||||false|false&#8221; global_colors_info=&#8221;{}&#8221;][et_pb_image src=&#8221;https:\/\/smart-age.eu\/wp-content\/uploads\/2025\/02\/Brussels-Mobility.png&#8221; title_text=&#8221;Bruxelles Mobilit\u00e0&#8221; _builder_version=&#8221;4.27.4&#8243; _module_preset=&#8221;default&#8221; width_tablet=&#8221;&#8221; width_phone=&#8221;72%&#8221; width_last_edited=&#8221;on|phone&#8221; global_colors_info=&#8221;{}&#8221; width__hover_enabled=&#8221;on|desktop&#8221;][\/et_pb_image][\/et_pb_column][\/et_pb_row][\/et_pb_section][et_pb_section fb_built=&#8221;1&#8243; _builder_version=&#8221;4.27.4&#8243; _module_preset=&#8221;default&#8221; custom_padding=&#8221;3px||5px|||&#8221; global_colors_info=&#8221;{}&#8221;][et_pb_row column_structure=&#8221;3_4,1_4&#8243; _builder_version=&#8221;4.27.4&#8243; _module_preset=&#8221;default&#8221; border_width_bottom=&#8221;1px&#8221; border_color_bottom=&#8221;#E5E5E5&#8243; global_colors_info=&#8221;{}&#8221;][et_pb_column type=&#8221;3_4&#8243; _builder_version=&#8221;4.27.4&#8243; _module_preset=&#8221;default&#8221; global_colors_info=&#8221;{}&#8221;][et_pb_text _builder_version=&#8221;4.27.4&#8243; _module_preset=&#8221;default&#8221; header_3_font=&#8221;|700|||||||&#8221; global_colors_info=&#8221;{}&#8221;]<\/p>\n<h3>Brussels Ouderenplatform<\/h3>\n<p>La Brussels Ouderenplatform (Bop) \u00e8 un&#8217;organizzazione no-profit che si occupa, tra le altre cose, di difendere i diritti degli anziani a Bruxelles. La sua missione \u00e8 quella di amplificare la voce delle persone anziane e delle loro organizzazioni, garantendo che le loro esigenze siano ascoltate dai politici. L&#8217;Unit\u00e0 Advocacy del BOp promuove il dialogo, collabora con le organizzazioni e coinvolge i politici. Ha a disposizione numerosi dati significativi per il progetto SMART-AGE e ha una vasta esperienza nel creare ponti tra le esigenze della comunit\u00e0 anziana e i responsabili politici.   <\/p>\n<p>[\/et_pb_text][\/et_pb_column][et_pb_column type=&#8221;1_4&#8243; _builder_version=&#8221;4.27.4&#8243; _module_preset=&#8221;default&#8221; custom_padding=&#8221;3%||||false|false&#8221; global_colors_info=&#8221;{}&#8221;][et_pb_image src=&#8221;https:\/\/smart-age.eu\/wp-content\/uploads\/2025\/02\/bop_logo_kleur.jpg&#8221; title_text=&#8221;bop_logo_kleur&#8221; _builder_version=&#8221;4.27.4&#8243; _module_preset=&#8221;default&#8221; width_tablet=&#8221;44%&#8221; width_phone=&#8221;67%&#8221; width_last_edited=&#8221;on|phone&#8221; global_colors_info=&#8221;{}&#8221;][\/et_pb_image][\/et_pb_column][\/et_pb_row][\/et_pb_section][et_pb_section fb_built=&#8221;1&#8243; _builder_version=&#8221;4.27.4&#8243; _module_preset=&#8221;default&#8221; custom_padding=&#8221;3px||5px|||&#8221; global_colors_info=&#8221;{}&#8221;][et_pb_row column_structure=&#8221;3_4,1_4&#8243; _builder_version=&#8221;4.27.4&#8243; _module_preset=&#8221;default&#8221; border_width_bottom=&#8221;1px&#8221; border_color_bottom=&#8221;#E5E5E5&#8243; global_colors_info=&#8221;{}&#8221;][et_pb_column type=&#8221;3_4&#8243; _builder_version=&#8221;4.27.4&#8243; _module_preset=&#8221;default&#8221; global_colors_info=&#8221;{}&#8221;][et_pb_text _builder_version=&#8221;4.27.4&#8243; _module_preset=&#8221;default&#8221; header_3_font=&#8221;|700|||||||&#8221; global_colors_info=&#8221;{}&#8221;]<\/p>\n<h3>Distretto di Berendrecht-Zandvliet<\/h3>\n<p>Il distretto di Berendrecht-Zandvliet partecipa a SMART-AGE come caso di studio con un contesto spiccatamente rurale e logistico. Con le sue aree residenziali disperse, le infrastrutture portuali e le specifiche sfide legate alla mobilit\u00e0, il distretto apporta una prospettiva complementare al progetto. Contribuisce condividendo conoscenze locali, coinvolgendo residenti e stakeholder e contribuendo a diffondere i risultati all&#8217;interno della comunit\u00e0.  <\/p>\n<p>[\/et_pb_text][\/et_pb_column][et_pb_column type=&#8221;1_4&#8243; _builder_version=&#8221;4.27.4&#8243; _module_preset=&#8221;default&#8221; custom_padding=&#8221;3%||||false|false&#8221; global_colors_info=&#8221;{}&#8221;][et_pb_image title_text=&#8221;sponsorlogo_DistrictBZL_kleur&#8221; _builder_version=&#8221;4.27.4&#8243; _module_preset=&#8221;default&#8221; width_tablet=&#8221;44%&#8221; width_phone=&#8221;67%&#8221; width_last_edited=&#8221;on|phone&#8221; global_colors_info=&#8221;{}&#8221; src=&#8221;https:\/\/smart-age.eu\/wp-content\/uploads\/2026\/01\/sponsorlogo_DistrictBZL_kleur.png&#8221; hover_enabled=&#8221;0&#8243; sticky_enabled=&#8221;0&#8243;][\/et_pb_image][\/et_pb_column][\/et_pb_row][\/et_pb_section][et_pb_section fb_built=&#8221;1&#8243; _builder_version=&#8221;4.27.4&#8243; _module_preset=&#8221;default&#8221; custom_padding=&#8221;3px||5px|||&#8221; global_colors_info=&#8221;{}&#8221;][et_pb_row column_structure=&#8221;3_4,1_4&#8243; _builder_version=&#8221;4.27.4&#8243; _module_preset=&#8221;default&#8221; border_width_bottom=&#8221;1px&#8221; border_color_bottom=&#8221;#E5E5E5&#8243; global_colors_info=&#8221;{}&#8221;][et_pb_column type=&#8221;3_4&#8243; _builder_version=&#8221;4.27.4&#8243; _module_preset=&#8221;default&#8221; global_colors_info=&#8221;{}&#8221;][et_pb_text _builder_version=&#8221;4.27.4&#8243; _module_preset=&#8221;default&#8221; header_3_font=&#8221;|700|||||||&#8221; global_colors_info=&#8221;{}&#8221;]<\/p>\n<h3>Distretto di Hoboken<\/h3>\n<p>Il quartiere Hoboken di Anversa partecipa al progetto SMART-AGE come caso di studio urbano. Grazie ai suoi quartieri residenziali eterogenei, alle associazioni locali attive e al mix unico di spazi industriali e verdi, Hoboken offre spunti preziosi su mobilit\u00e0 e accessibilit\u00e0 per diversi gruppi target. Il quartiere supporta il progetto attraverso la raccolta di dati locali, la sensibilizzazione dei residenti e la condivisione di informazioni pratiche sulle politiche.  <\/p>\n<p>[\/et_pb_text][\/et_pb_column][et_pb_column type=&#8221;1_4&#8243; _builder_version=&#8221;4.27.4&#8243; _module_preset=&#8221;default&#8221; custom_padding=&#8221;3%||||false|false&#8221; global_colors_info=&#8221;{}&#8221;][et_pb_image title_text=&#8221;Logo_District-Hoboken_Rechts_sRGB&#8221; _builder_version=&#8221;4.27.4&#8243; _module_preset=&#8221;default&#8221; width_tablet=&#8221;44%&#8221; width_phone=&#8221;67%&#8221; width_last_edited=&#8221;on|phone&#8221; global_colors_info=&#8221;{}&#8221; src=&#8221;https:\/\/smart-age.eu\/wp-content\/uploads\/2026\/01\/Logo_District-Hoboken_Rechts_sRGB.avif&#8221; hover_enabled=&#8221;0&#8243; sticky_enabled=&#8221;0&#8243;][\/et_pb_image][\/et_pb_column][\/et_pb_row][\/et_pb_section][et_pb_section fb_built=&#8221;1&#8243; _builder_version=&#8221;4.27.4&#8243; _module_preset=&#8221;default&#8221; custom_padding=&#8221;3px||54px|||&#8221; global_colors_info=&#8221;{}&#8221;][et_pb_row column_structure=&#8221;3_4,1_4&#8243; _builder_version=&#8221;4.27.4&#8243; _module_preset=&#8221;default&#8221; border_color_bottom=&#8221;#E5E5E5&#8243; global_colors_info=&#8221;{}&#8221;][et_pb_column type=&#8221;3_4&#8243; _builder_version=&#8221;4.27.4&#8243; _module_preset=&#8221;default&#8221; global_colors_info=&#8221;{}&#8221;][et_pb_text _builder_version=&#8221;4.27.4&#8243; _module_preset=&#8221;default&#8221; header_3_font=&#8221;|700|||||||&#8221; global_colors_info=&#8221;{}&#8221;]<\/p>\n<h3>Comune di Genova<\/h3>\n<p>Il Comune di Genova partecipa al progetto SMART-AGE come partner e caso studio, forte della sua esperienza nella promozione della mobilit\u00e0 urbana sostenibile, con particolare attenzione agli anziani. Avendo collaborato con il Politecnico di Milano in precedenti progetti, Genova apporta una preziosa esperienza nei metodi di co-creazione, tra cui la raccolta di dati e la condivisione delle politiche. <\/p>\n<p>[\/et_pb_text][\/et_pb_column][et_pb_column type=&#8221;1_4&#8243; _builder_version=&#8221;4.27.4&#8243; _module_preset=&#8221;default&#8221; custom_padding=&#8221;3%||||false|false&#8221; global_colors_info=&#8221;{}&#8221;][et_pb_image src=&#8221;https:\/\/smart-age.eu\/wp-content\/uploads\/2025\/02\/comune-di-genova-logo-png-transparent.png&#8221; title_text=&#8221;comune-di-genova-logo-png-transparent&#8221; _builder_version=&#8221;4.27.4&#8243; _module_preset=&#8221;default&#8221; width=&#8221;79%&#8221; width_tablet=&#8221;35%&#8221; width_phone=&#8221;58%&#8221; width_last_edited=&#8221;on|phone&#8221; global_colors_info=&#8221;{}&#8221;][\/et_pb_image][\/et_pb_column][\/et_pb_row][\/et_pb_section]<\/p>\n","protected":false},"excerpt":{"rendered":"<p>Chi siamoIl consorzio SMART-AGE unisce l&#8217;esperienza di 21 partner provenienti dal mondo accademico, politico e sociale:Universit\u00e0 di Anversa L&#8217;Universit\u00e0 di Anversa funge da coordinatore del progetto e porta con s\u00e9 l&#8217;esperienza nella collaborazione e nella ricerca transfrontaliera attraverso la sua Facolt\u00e0 di Giurisprudenza, rappresentata dai gruppi di ricerca Business and Law e Government and Law. [&hellip;]<\/p>\n","protected":false},"author":3,"featured_media":0,"parent":0,"menu_order":0,"comment_status":"closed","ping_status":"closed","template":"","meta":{"_et_pb_use_builder":"on","_et_pb_old_content":"","_et_gb_content_width":"","_umich_oidc_access":"","footnotes":""},"class_list":["post-588","page","type-page","status-publish","hentry"],"yoast_head":"<!-- This site is optimized with the Yoast SEO plugin v27.5 - https:\/\/yoast.com\/product\/yoast-seo-wordpress\/ -->\n<title>Chi siamo - SMART-AGE<\/title>\n<meta name=\"robots\" content=\"index, follow, max-snippet:-1, max-image-preview:large, max-video-preview:-1\" \/>\n<link rel=\"canonical\" href=\"https:\/\/smart-age.eu\/it\/chi-siamo\/\" \/>\n<meta property=\"og:locale\" content=\"it_IT\" \/>\n<meta property=\"og:type\" content=\"article\" \/>\n<meta property=\"og:title\" content=\"Chi siamo - SMART-AGE\" \/>\n<meta property=\"og:description\" content=\"Chi siamoIl consorzio SMART-AGE unisce l&#039;esperienza di 21 partner provenienti dal mondo accademico, politico e sociale:Universit\u00e0 di Anversa L&#039;Universit\u00e0 di Anversa funge da coordinatore del progetto e porta con s\u00e9 l&#039;esperienza nella collaborazione e nella ricerca transfrontaliera attraverso la sua Facolt\u00e0 di Giurisprudenza, rappresentata dai gruppi di ricerca Business and Law e Government and Law. [&hellip;]\" \/>\n<meta property=\"og:url\" content=\"https:\/\/smart-age.eu\/it\/chi-siamo\/\" \/>\n<meta property=\"og:site_name\" content=\"SMART-AGE\" \/>\n<meta property=\"article:modified_time\" content=\"2026-01-07T10:48:04+00:00\" \/>\n<meta name=\"twitter:card\" content=\"summary_large_image\" \/>\n<meta name=\"twitter:label1\" content=\"Tempo di lettura stimato\" \/>\n\t<meta name=\"twitter:data1\" content=\"26 minuti\" \/>\n<script type=\"application\/ld+json\" class=\"yoast-schema-graph\">{\"@context\":\"https:\\\/\\\/schema.org\",\"@graph\":[{\"@type\":\"WebPage\",\"@id\":\"https:\\\/\\\/smart-age.eu\\\/it\\\/chi-siamo\\\/\",\"url\":\"https:\\\/\\\/smart-age.eu\\\/it\\\/chi-siamo\\\/\",\"name\":\"Chi siamo - SMART-AGE\",\"isPartOf\":{\"@id\":\"https:\\\/\\\/smart-age.eu\\\/#website\"},\"datePublished\":\"2025-02-07T08:27:11+00:00\",\"dateModified\":\"2026-01-07T10:48:04+00:00\",\"breadcrumb\":{\"@id\":\"https:\\\/\\\/smart-age.eu\\\/it\\\/chi-siamo\\\/#breadcrumb\"},\"inLanguage\":\"it-IT\",\"potentialAction\":[{\"@type\":\"ReadAction\",\"target\":[\"https:\\\/\\\/smart-age.eu\\\/it\\\/chi-siamo\\\/\"]}]},{\"@type\":\"BreadcrumbList\",\"@id\":\"https:\\\/\\\/smart-age.eu\\\/it\\\/chi-siamo\\\/#breadcrumb\",\"itemListElement\":[{\"@type\":\"ListItem\",\"position\":1,\"name\":\"Home\",\"item\":\"https:\\\/\\\/smart-age.eu\\\/it\\\/home\\\/\"},{\"@type\":\"ListItem\",\"position\":2,\"name\":\"Chi siamo\"}]},{\"@type\":\"WebSite\",\"@id\":\"https:\\\/\\\/smart-age.eu\\\/#website\",\"url\":\"https:\\\/\\\/smart-age.eu\\\/\",\"name\":\"SMART-AGE\",\"description\":\"Sustainable Mobility and Accessibility for Resilient Transport in Aging Urban Environments\",\"potentialAction\":[{\"@type\":\"SearchAction\",\"target\":{\"@type\":\"EntryPoint\",\"urlTemplate\":\"https:\\\/\\\/smart-age.eu\\\/?s={search_term_string}\"},\"query-input\":{\"@type\":\"PropertyValueSpecification\",\"valueRequired\":true,\"valueName\":\"search_term_string\"}}],\"inLanguage\":\"it-IT\"}]}<\/script>\n<!-- \/ Yoast SEO plugin. -->","yoast_head_json":{"title":"Chi siamo - SMART-AGE","robots":{"index":"index","follow":"follow","max-snippet":"max-snippet:-1","max-image-preview":"max-image-preview:large","max-video-preview":"max-video-preview:-1"},"canonical":"https:\/\/smart-age.eu\/it\/chi-siamo\/","og_locale":"it_IT","og_type":"article","og_title":"Chi siamo - SMART-AGE","og_description":"Chi siamoIl consorzio SMART-AGE unisce l'esperienza di 21 partner provenienti dal mondo accademico, politico e sociale:Universit\u00e0 di Anversa L'Universit\u00e0 di Anversa funge da coordinatore del progetto e porta con s\u00e9 l'esperienza nella collaborazione e nella ricerca transfrontaliera attraverso la sua Facolt\u00e0 di Giurisprudenza, rappresentata dai gruppi di ricerca Business and Law e Government and Law. [&hellip;]","og_url":"https:\/\/smart-age.eu\/it\/chi-siamo\/","og_site_name":"SMART-AGE","article_modified_time":"2026-01-07T10:48:04+00:00","twitter_card":"summary_large_image","twitter_misc":{"Tempo di lettura stimato":"26 minuti"},"schema":{"@context":"https:\/\/schema.org","@graph":[{"@type":"WebPage","@id":"https:\/\/smart-age.eu\/it\/chi-siamo\/","url":"https:\/\/smart-age.eu\/it\/chi-siamo\/","name":"Chi siamo - SMART-AGE","isPartOf":{"@id":"https:\/\/smart-age.eu\/#website"},"datePublished":"2025-02-07T08:27:11+00:00","dateModified":"2026-01-07T10:48:04+00:00","breadcrumb":{"@id":"https:\/\/smart-age.eu\/it\/chi-siamo\/#breadcrumb"},"inLanguage":"it-IT","potentialAction":[{"@type":"ReadAction","target":["https:\/\/smart-age.eu\/it\/chi-siamo\/"]}]},{"@type":"BreadcrumbList","@id":"https:\/\/smart-age.eu\/it\/chi-siamo\/#breadcrumb","itemListElement":[{"@type":"ListItem","position":1,"name":"Home","item":"https:\/\/smart-age.eu\/it\/home\/"},{"@type":"ListItem","position":2,"name":"Chi siamo"}]},{"@type":"WebSite","@id":"https:\/\/smart-age.eu\/#website","url":"https:\/\/smart-age.eu\/","name":"SMART-AGE","description":"Sustainable Mobility and Accessibility for Resilient Transport in Aging Urban Environments","potentialAction":[{"@type":"SearchAction","target":{"@type":"EntryPoint","urlTemplate":"https:\/\/smart-age.eu\/?s={search_term_string}"},"query-input":{"@type":"PropertyValueSpecification","valueRequired":true,"valueName":"search_term_string"}}],"inLanguage":"it-IT"}]}},"_links":{"self":[{"href":"https:\/\/smart-age.eu\/it\/wp-json\/wp\/v2\/pages\/588","targetHints":{"allow":["GET"]}}],"collection":[{"href":"https:\/\/smart-age.eu\/it\/wp-json\/wp\/v2\/pages"}],"about":[{"href":"https:\/\/smart-age.eu\/it\/wp-json\/wp\/v2\/types\/page"}],"author":[{"embeddable":true,"href":"https:\/\/smart-age.eu\/it\/wp-json\/wp\/v2\/users\/3"}],"replies":[{"embeddable":true,"href":"https:\/\/smart-age.eu\/it\/wp-json\/wp\/v2\/comments?post=588"}],"version-history":[{"count":25,"href":"https:\/\/smart-age.eu\/it\/wp-json\/wp\/v2\/pages\/588\/revisions"}],"predecessor-version":[{"id":934,"href":"https:\/\/smart-age.eu\/it\/wp-json\/wp\/v2\/pages\/588\/revisions\/934"}],"wp:attachment":[{"href":"https:\/\/smart-age.eu\/it\/wp-json\/wp\/v2\/media?parent=588"}],"curies":[{"name":"wp","href":"https:\/\/api.w.org\/{rel}","templated":true}]}}