{"id":603,"date":"2024-12-18T16:58:15","date_gmt":"2024-12-18T16:58:15","guid":{"rendered":"https:\/\/smart-age.eu\/privacy-policy\/"},"modified":"2025-03-19T12:49:20","modified_gmt":"2025-03-19T12:49:20","slug":"privacy-policy","status":"publish","type":"page","link":"https:\/\/smart-age.eu\/pl\/privacy-policy\/","title":{"rendered":"Polityka prywatno\u015bci"},"content":{"rendered":"<p>[et_pb_section fb_built=&#8221;1&#8243; _builder_version=&#8221;4.27.4&#8243; _module_preset=&#8221;default&#8221; custom_padding=&#8221;3px||5px|||&#8221; global_colors_info=&#8221;{}&#8221;][et_pb_row _builder_version=&#8221;4.27.4&#8243; _module_preset=&#8221;default&#8221; global_colors_info=&#8221;{}&#8221;][et_pb_column type=&#8221;4_4&#8243; _builder_version=&#8221;4.27.4&#8243; _module_preset=&#8221;default&#8221; global_colors_info=&#8221;{}&#8221;][et_pb_text _builder_version=&#8221;4.27.4&#8243; _module_preset=&#8221;default&#8221; header_font=&#8221;|700||on|||||&#8221; header_font_size=&#8221;46px&#8221; header_font_size_tablet=&#8221;46px&#8221; header_font_size_phone=&#8221;31px&#8221; header_font_size_last_edited=&#8221;on|phone&#8221; global_colors_info=&#8221;{}&#8221;]<\/p>\n<h1 style=\"text-align: left;\">Polityka prywatno\u015bci<\/h1>\n<p>[\/et_pb_text][\/et_pb_column][\/et_pb_row][\/et_pb_section][et_pb_section fb_built=&#8221;1&#8243; _builder_version=&#8221;4.27.4&#8243; _module_preset=&#8221;default&#8221; custom_padding=&#8221;0px|||||&#8221; global_colors_info=&#8221;{}&#8221;][et_pb_row _builder_version=&#8221;4.27.4&#8243; _module_preset=&#8221;default&#8221; custom_padding=&#8221;5px|||||&#8221; global_colors_info=&#8221;{}&#8221;][et_pb_column type=&#8221;4_4&#8243; _builder_version=&#8221;4.27.4&#8243; _module_preset=&#8221;default&#8221; global_colors_info=&#8221;{}&#8221;][et_pb_text _builder_version=&#8221;4.27.4&#8243; _module_preset=&#8221;default&#8221; hover_enabled=&#8221;0&#8243; global_colors_info=&#8221;{}&#8221; sticky_enabled=&#8221;0&#8243;]<\/p>\n<h3><strong>Ochrona danych osobowych<\/strong><\/h3>\n<p><span>SMART-AGE<\/span> przywi\u0105zuje du\u017c\u0105 wag\u0119 do ochrony prywatno\u015bci u\u017cytkownik\u00f3w.<\/p>\n<p>W niniejszym O\u015bwiadczeniu o Ochronie Prywatno\u015bci, <span>SMART-AGE<\/span> informuje o sposobie przetwarzania danych osobowych. <span>SMART-AGE<\/span> zastrzega sobie prawo do wprowadzania zmian w tym o\u015bwiadczeniu, je\u015bli b\u0119dzie to konieczne, aby dostosowa\u0107 si\u0119 do potrzeb i wymaga\u0144 spo\u0142ecze\u0144stwa oraz przestrzega\u0107 obowi\u0105zuj\u0105cych przepis\u00f3w prawa. W zwi\u0105zku z tym <span>SMART-AGE<\/span> zaleca regularne zapoznawanie si\u0119 z niniejszym o\u015bwiadczeniem. <\/p>\n<h3><strong>To\u017csamo\u015b\u0107 inspektora ochrony danych &#8211; dane inspektora ochrony danych<\/strong><\/h3>\n<p><span>SMART-AGE<\/span>, reprezentowana przez Woutera Verheyena, jest odpowiedzialna za przetwarzanie danych osobowych u\u017cytkownik\u00f3w. Nasz inspektor ochrony danych ma biuro przy Venusstraat 23, 2000 Antwerpen i mo\u017cna si\u0119 z nim skontaktowa\u0107 za po\u015brednictwem poczty elektronicznej pod adresem <a href=\"mailto:wouter.verheyen@uantwerpen.be\">wouter.verheyen@uantwerpen.be<\/a>.  <\/p>\n<h3><strong>Gwarancje dotycz\u0105ce przetwarzania danych osobowych:<\/strong><\/h3>\n<p>Dane osobowe u\u017cytkownika s\u0105 zawsze przetwarzane zgodnie z obowi\u0105zuj\u0105cymi przepisami dotycz\u0105cymi prywatno\u015bci.<\/p>\n<p>Dane osobowe b\u0119d\u0105 gromadzone i przetwarzane wy\u0142\u0105cznie w celu dostarczenia \u017c\u0105danych informacji lub \u015bwiadczenia us\u0142ug online. Przetwarzanie danych osobowych jest ograniczone do zamierzonego celu. <\/p>\n<p>Dane osobowe nie b\u0119d\u0105 ujawniane stronom trzecim i nie b\u0119d\u0105 wykorzystywane do marketingu bezpo\u015bredniego, chyba \u017ce u\u017cytkownik wyrazi na to zgod\u0119 za po\u015brednictwem opcji \u201eopt-in\u201d.<\/p>\n<p>SMART-AGE podejmuje najlepsze mo\u017cliwe \u015brodki bezpiecze\u0144stwa, aby zapobiec niew\u0142a\u015bciwemu wykorzystaniu danych osobowych przez osoby trzecie.<\/p>\n<h3><strong>Cel i podstawa prawna przetwarzania danych osobowych u\u017cytkownika:<\/strong><\/h3>\n<p><strong>Podczas korzystania z naszej strony internetowej:<\/strong><\/p>\n<p>Dost\u0119p do wi\u0119kszo\u015bci informacji mo\u017cna uzyska\u0107 bez konieczno\u015bci podawania jakichkolwiek danych osobowych. W niekt\u00f3rych przypadkach u\u017cytkownik zostanie jednak poproszony o podanie danych osobowych. <\/p>\n<p>Niekt\u00f3re dane osobowe, takie jak pliki cookie, s\u0105 wykorzystywane do tworzenia statystyk u\u017cytkownik\u00f3w i poprawy bezpiecze\u0144stwa naszych witryn internetowych. <a href=\"https:\/\/smart-age.eu\/pl\/cookie-policy-eu\/\">Z nasz\u0105 polityk\u0105 dotycz\u0105c\u0105 plik\u00f3w cookie mo\u017cna zapozna\u0107 si\u0119 tutaj.<\/a><\/p>\n<p><strong>Podstawa prawna:<\/strong> zgoda (pliki cookie) i wymagane do \u015bwiadczenia \u017c\u0105danej us\u0142ugi.<\/p>\n<h3><strong>Okres przechowywania<\/strong><\/h3>\n<p>SMART-AGE nigdy nie przechowuje danych osobowych d\u0142u\u017cej ni\u017c jest to konieczne.<\/p>\n<p>Na przyk\u0142ad dane osobowe os\u00f3b <strong>odwiedzaj\u0105cych witryn\u0119<\/strong> (pliki cookie) nigdy nie s\u0105 przechowywane d\u0142u\u017cej ni\u017c jest to konieczne do cel\u00f3w okre\u015blonych w Polityce dotycz\u0105cej plik\u00f3w cookie. Je\u015bli przechowywane s\u0105 inne dane osobowe odwiedzaj\u0105cych witryn\u0119, nigdy nie b\u0119d\u0105 one przechowywane d\u0142u\u017cej ni\u017c uzgodniony okres. <\/p>\n<p>Dane osobowe os\u00f3b trzecich (wsp\u00f3\u0142wykonawc\u00f3w) s\u0105 przechowywane przez okres niezb\u0119dny do wykonania um\u00f3w.<\/p>\n<h3><strong>Prawa osoby zainteresowanej<\/strong><\/h3>\n<p>Jako zainteresowana strona masz prawo wgl\u0105du do swoich danych osobowych, a tak\u017ce \u017c\u0105dania ich poprawienia, usuni\u0119cia lub ograniczenia.<\/p>\n<p>Jako zainteresowana strona u\u017cytkownik ma r\u00f3wnie\u017c prawo do przeniesienia swoich danych osobowych do siebie lub do nowego administratora, je\u015bli jest to technicznie mo\u017cliwe. Je\u015bli u\u017cytkownik chce to zrobi\u0107, musi powiadomi\u0107 o tym z wyprzedzeniem. <\/p>\n<p>Wycofanie udzielonej zgody jest zawsze mo\u017cliwe bez wp\u0142ywu na zgodno\u015b\u0107 z prawem przetwarzania danych osobowych, poniewa\u017c odbywa si\u0119 ono na podstawie uprzednio udzielonej zgody.<\/p>\n<p>Aby skorzysta\u0107 ze swoich praw jako osoby zainteresowanej, mo\u017cna napisa\u0107 na adres <a href=\"mailto:wouter.verheyen@uantwerpen.be\">wouter.verheyen@uantwerpen.be.<\/a><\/p>\n<p>Zainteresowana strona ma prawo z\u0142o\u017cy\u0107 skarg\u0119 do Urz\u0119du Ochrony Danych Osobowych (GBA).<\/p>\n<h3>Naruszenie bezpiecze\u0144stwa danych<\/h3>\n<p>Czy zauwa\u017cy\u0142e\u015b naruszenie danych osobowych zarz\u0105dzanych przez SMART-AGE? Mo\u017cesz napisa\u0107 na adres <a href=\"mailto:wouter.verheyen@uantwerpen.be\">wouter.verheyen@uantwerpen.be&lt;\/a.<\/a>[\/et_pb_text][\/et_pb_column][\/et_pb_row][\/et_pb_section]<\/p>\n","protected":false},"excerpt":{"rendered":"<p>Polityka prywatno\u015bciOchrona danych osobowych SMART-AGE przywi\u0105zuje du\u017c\u0105 wag\u0119 do ochrony prywatno\u015bci u\u017cytkownik\u00f3w. W niniejszym O\u015bwiadczeniu o Ochronie Prywatno\u015bci, SMART-AGE informuje o sposobie przetwarzania danych osobowych. SMART-AGE zastrzega sobie prawo do wprowadzania zmian w tym o\u015bwiadczeniu, je\u015bli b\u0119dzie to konieczne, aby dostosowa\u0107 si\u0119 do potrzeb i wymaga\u0144 spo\u0142ecze\u0144stwa oraz przestrzega\u0107 obowi\u0105zuj\u0105cych przepis\u00f3w prawa. W zwi\u0105zku z [&hellip;]<\/p>\n","protected":false},"author":1,"featured_media":0,"parent":0,"menu_order":0,"comment_status":"closed","ping_status":"open","template":"","meta":{"_et_pb_use_builder":"on","_et_pb_old_content":"","_et_gb_content_width":"","_umich_oidc_access":"","footnotes":""},"class_list":["post-603","page","type-page","status-publish","hentry"],"yoast_head":"<!-- This site is optimized with the Yoast SEO plugin v27.5 - https:\/\/yoast.com\/product\/yoast-seo-wordpress\/ -->\n<title>Polityka prywatno\u015bci - SMART-AGE<\/title>\n<meta name=\"robots\" content=\"index, follow, max-snippet:-1, max-image-preview:large, max-video-preview:-1\" \/>\n<link rel=\"canonical\" href=\"https:\/\/smart-age.eu\/pl\/privacy-policy\/\" \/>\n<meta property=\"og:locale\" content=\"pl_PL\" \/>\n<meta property=\"og:type\" content=\"article\" \/>\n<meta property=\"og:title\" content=\"Polityka prywatno\u015bci - SMART-AGE\" \/>\n<meta property=\"og:description\" content=\"Polityka prywatno\u015bciOchrona danych osobowych SMART-AGE przywi\u0105zuje du\u017c\u0105 wag\u0119 do ochrony prywatno\u015bci u\u017cytkownik\u00f3w. W niniejszym O\u015bwiadczeniu o Ochronie Prywatno\u015bci, SMART-AGE informuje o sposobie przetwarzania danych osobowych. SMART-AGE zastrzega sobie prawo do wprowadzania zmian w tym o\u015bwiadczeniu, je\u015bli b\u0119dzie to konieczne, aby dostosowa\u0107 si\u0119 do potrzeb i wymaga\u0144 spo\u0142ecze\u0144stwa oraz przestrzega\u0107 obowi\u0105zuj\u0105cych przepis\u00f3w prawa. W zwi\u0105zku z [&hellip;]\" \/>\n<meta property=\"og:url\" content=\"https:\/\/smart-age.eu\/pl\/privacy-policy\/\" \/>\n<meta property=\"og:site_name\" content=\"SMART-AGE\" \/>\n<meta property=\"article:modified_time\" content=\"2025-03-19T12:49:20+00:00\" \/>\n<meta name=\"twitter:card\" content=\"summary_large_image\" \/>\n<meta name=\"twitter:label1\" content=\"Szacowany czas czytania\" \/>\n\t<meta name=\"twitter:data1\" content=\"4 minuty\" \/>\n<script type=\"application\/ld+json\" class=\"yoast-schema-graph\">{\"@context\":\"https:\\\/\\\/schema.org\",\"@graph\":[{\"@type\":\"WebPage\",\"@id\":\"https:\\\/\\\/smart-age.eu\\\/pl\\\/privacy-policy\\\/\",\"url\":\"https:\\\/\\\/smart-age.eu\\\/pl\\\/privacy-policy\\\/\",\"name\":\"Polityka prywatno\u015bci - SMART-AGE\",\"isPartOf\":{\"@id\":\"https:\\\/\\\/smart-age.eu\\\/#website\"},\"datePublished\":\"2024-12-18T16:58:15+00:00\",\"dateModified\":\"2025-03-19T12:49:20+00:00\",\"breadcrumb\":{\"@id\":\"https:\\\/\\\/smart-age.eu\\\/pl\\\/privacy-policy\\\/#breadcrumb\"},\"inLanguage\":\"pl-PL\",\"potentialAction\":[{\"@type\":\"ReadAction\",\"target\":[\"https:\\\/\\\/smart-age.eu\\\/pl\\\/privacy-policy\\\/\"]}]},{\"@type\":\"BreadcrumbList\",\"@id\":\"https:\\\/\\\/smart-age.eu\\\/pl\\\/privacy-policy\\\/#breadcrumb\",\"itemListElement\":[{\"@type\":\"ListItem\",\"position\":1,\"name\":\"Home\",\"item\":\"https:\\\/\\\/smart-age.eu\\\/pl\\\/home\\\/\"},{\"@type\":\"ListItem\",\"position\":2,\"name\":\"Polityka prywatno\u015bci\"}]},{\"@type\":\"WebSite\",\"@id\":\"https:\\\/\\\/smart-age.eu\\\/#website\",\"url\":\"https:\\\/\\\/smart-age.eu\\\/\",\"name\":\"SMART-AGE\",\"description\":\"Sustainable Mobility and Accessibility for Resilient Transport in Aging Urban Environments\",\"potentialAction\":[{\"@type\":\"SearchAction\",\"target\":{\"@type\":\"EntryPoint\",\"urlTemplate\":\"https:\\\/\\\/smart-age.eu\\\/?s={search_term_string}\"},\"query-input\":{\"@type\":\"PropertyValueSpecification\",\"valueRequired\":true,\"valueName\":\"search_term_string\"}}],\"inLanguage\":\"pl-PL\"}]}<\/script>\n<!-- \/ Yoast SEO plugin. -->","yoast_head_json":{"title":"Polityka prywatno\u015bci - SMART-AGE","robots":{"index":"index","follow":"follow","max-snippet":"max-snippet:-1","max-image-preview":"max-image-preview:large","max-video-preview":"max-video-preview:-1"},"canonical":"https:\/\/smart-age.eu\/pl\/privacy-policy\/","og_locale":"pl_PL","og_type":"article","og_title":"Polityka prywatno\u015bci - SMART-AGE","og_description":"Polityka prywatno\u015bciOchrona danych osobowych SMART-AGE przywi\u0105zuje du\u017c\u0105 wag\u0119 do ochrony prywatno\u015bci u\u017cytkownik\u00f3w. W niniejszym O\u015bwiadczeniu o Ochronie Prywatno\u015bci, SMART-AGE informuje o sposobie przetwarzania danych osobowych. SMART-AGE zastrzega sobie prawo do wprowadzania zmian w tym o\u015bwiadczeniu, je\u015bli b\u0119dzie to konieczne, aby dostosowa\u0107 si\u0119 do potrzeb i wymaga\u0144 spo\u0142ecze\u0144stwa oraz przestrzega\u0107 obowi\u0105zuj\u0105cych przepis\u00f3w prawa. W zwi\u0105zku z [&hellip;]","og_url":"https:\/\/smart-age.eu\/pl\/privacy-policy\/","og_site_name":"SMART-AGE","article_modified_time":"2025-03-19T12:49:20+00:00","twitter_card":"summary_large_image","twitter_misc":{"Szacowany czas czytania":"4 minuty"},"schema":{"@context":"https:\/\/schema.org","@graph":[{"@type":"WebPage","@id":"https:\/\/smart-age.eu\/pl\/privacy-policy\/","url":"https:\/\/smart-age.eu\/pl\/privacy-policy\/","name":"Polityka prywatno\u015bci - SMART-AGE","isPartOf":{"@id":"https:\/\/smart-age.eu\/#website"},"datePublished":"2024-12-18T16:58:15+00:00","dateModified":"2025-03-19T12:49:20+00:00","breadcrumb":{"@id":"https:\/\/smart-age.eu\/pl\/privacy-policy\/#breadcrumb"},"inLanguage":"pl-PL","potentialAction":[{"@type":"ReadAction","target":["https:\/\/smart-age.eu\/pl\/privacy-policy\/"]}]},{"@type":"BreadcrumbList","@id":"https:\/\/smart-age.eu\/pl\/privacy-policy\/#breadcrumb","itemListElement":[{"@type":"ListItem","position":1,"name":"Home","item":"https:\/\/smart-age.eu\/pl\/home\/"},{"@type":"ListItem","position":2,"name":"Polityka prywatno\u015bci"}]},{"@type":"WebSite","@id":"https:\/\/smart-age.eu\/#website","url":"https:\/\/smart-age.eu\/","name":"SMART-AGE","description":"Sustainable Mobility and Accessibility for Resilient Transport in Aging Urban Environments","potentialAction":[{"@type":"SearchAction","target":{"@type":"EntryPoint","urlTemplate":"https:\/\/smart-age.eu\/?s={search_term_string}"},"query-input":{"@type":"PropertyValueSpecification","valueRequired":true,"valueName":"search_term_string"}}],"inLanguage":"pl-PL"}]}},"_links":{"self":[{"href":"https:\/\/smart-age.eu\/pl\/wp-json\/wp\/v2\/pages\/603","targetHints":{"allow":["GET"]}}],"collection":[{"href":"https:\/\/smart-age.eu\/pl\/wp-json\/wp\/v2\/pages"}],"about":[{"href":"https:\/\/smart-age.eu\/pl\/wp-json\/wp\/v2\/types\/page"}],"author":[{"embeddable":true,"href":"https:\/\/smart-age.eu\/pl\/wp-json\/wp\/v2\/users\/1"}],"replies":[{"embeddable":true,"href":"https:\/\/smart-age.eu\/pl\/wp-json\/wp\/v2\/comments?post=603"}],"version-history":[{"count":11,"href":"https:\/\/smart-age.eu\/pl\/wp-json\/wp\/v2\/pages\/603\/revisions"}],"predecessor-version":[{"id":722,"href":"https:\/\/smart-age.eu\/pl\/wp-json\/wp\/v2\/pages\/603\/revisions\/722"}],"wp:attachment":[{"href":"https:\/\/smart-age.eu\/pl\/wp-json\/wp\/v2\/media?parent=603"}],"curies":[{"name":"wp","href":"https:\/\/api.w.org\/{rel}","templated":true}]}}