{"id":612,"date":"2025-02-07T08:27:11","date_gmt":"2025-02-07T08:27:11","guid":{"rendered":"https:\/\/smart-age.eu\/kim-jestesmy\/"},"modified":"2026-01-07T10:50:14","modified_gmt":"2026-01-07T10:50:14","slug":"kim-jestesmy","status":"publish","type":"page","link":"https:\/\/smart-age.eu\/pl\/kim-jestesmy\/","title":{"rendered":"Kim jeste\u015bmy"},"content":{"rendered":"<p>[et_pb_section fb_built=&#8221;1&#8243; _builder_version=&#8221;4.27.4&#8243; _module_preset=&#8221;default&#8221; custom_padding=&#8221;3px||5px|||&#8221; global_colors_info=&#8221;{}&#8221;][et_pb_row _builder_version=&#8221;4.27.4&#8243; _module_preset=&#8221;default&#8221; global_colors_info=&#8221;{}&#8221;][et_pb_column type=&#8221;4_4&#8243; _builder_version=&#8221;4.27.4&#8243; _module_preset=&#8221;default&#8221; global_colors_info=&#8221;{}&#8221;][et_pb_text _builder_version=&#8221;4.27.4&#8243; _module_preset=&#8221;default&#8221; header_font=&#8221;|700||on|||||&#8221; header_font_size=&#8221;46px&#8221; global_colors_info=&#8221;{}&#8221;]<\/p>\n<h1 style=\"text-align: left;\">Kim jeste\u015bmy<\/h1>\n<p>[\/et_pb_text][\/et_pb_column][\/et_pb_row][\/et_pb_section][et_pb_section fb_built=&#8221;1&#8243; _builder_version=&#8221;4.27.4&#8243; _module_preset=&#8221;default&#8221; custom_padding=&#8221;0px||5px|||&#8221; global_colors_info=&#8221;{}&#8221;][et_pb_row _builder_version=&#8221;4.27.4&#8243; _module_preset=&#8221;default&#8221; custom_padding=&#8221;5px||0px|||&#8221; global_colors_info=&#8221;{}&#8221;][et_pb_column type=&#8221;4_4&#8243; _builder_version=&#8221;4.27.4&#8243; _module_preset=&#8221;default&#8221; global_colors_info=&#8221;{}&#8221;][et_pb_text _builder_version=&#8221;4.27.4&#8243; _module_preset=&#8221;default&#8221; header_2_text_color=&#8221;#19BF6C&#8221; header_2_line_height=&#8221;1.3em&#8221; global_colors_info=&#8221;{}&#8221;]<\/p>\n<h2>Konsorcjum SMART-AGE \u0142\u0105czy do\u015bwiadczenie 21 partner\u00f3w z r\u00f3\u017cnych \u015brodowisk akademickich, politycznych i spo\u0142ecznych:<\/h2>\n<p>[\/et_pb_text][\/et_pb_column][\/et_pb_row][\/et_pb_section][et_pb_section fb_built=&#8221;1&#8243; _builder_version=&#8221;4.27.4&#8243; _module_preset=&#8221;default&#8221; custom_padding=&#8221;3px||4px|||&#8221; global_colors_info=&#8221;{}&#8221;][et_pb_row column_structure=&#8221;3_4,1_4&#8243; _builder_version=&#8221;4.27.4&#8243; _module_preset=&#8221;default&#8221; border_width_bottom=&#8221;1px&#8221; border_color_bottom=&#8221;#E5E5E5&#8243; global_colors_info=&#8221;{}&#8221;][et_pb_column type=&#8221;3_4&#8243; _builder_version=&#8221;4.27.4&#8243; _module_preset=&#8221;default&#8221; global_colors_info=&#8221;{}&#8221;][et_pb_text _builder_version=&#8221;4.27.4&#8243; _module_preset=&#8221;default&#8221; header_3_font=&#8221;|700|||||||&#8221; global_colors_info=&#8221;{}&#8221;]<\/p>\n<h3>Uniwersytet w Antwerpii<\/h3>\n<p>Uniwersytet w Antwerpii pe\u0142ni rol\u0119 koordynatora projektu, wnosi do\u015bwiadczenie w zakresie wsp\u00f3\u0142pracy transgranicznej oraz bada\u0144 naukowych poprzez Wydzia\u0142 Prawa, reprezentowanego przez grupy badawcze Business and Law oraz Government and Law. Jednostki te prowadz\u0105 szeroko zakrojone analizy nad zagadnieniami prawno-naukowymi na styku biznesu, prawa, zarz\u0105dzania i wyzwa\u0144 spo\u0142ecznych, ze szczeg\u00f3lnym uwzgl\u0119dnieniem globalizacji, digitalizacji oraz zr\u00f3wnowa\u017conego rozwoju. K\u0142ad\u0105c szczeg\u00f3lny nacisk na zr\u00f3wnowa\u017cony rozw\u00f3j spo\u0142eczny i inkluzywno\u015b\u0107 w planowaniu mobilno\u015bci, Wydzia\u0142 odgrywa kluczow\u0105 rol\u0119 w Pakiecie Roboczym 1 (WP1).  <\/p>\n<p>Kluczowi wsp\u00f3\u0142pracownicy to:<\/p>\n<ul>\n<li>Prof. Wouter Verheyen, kt\u00f3ry posiada bogate do\u015bwiadczenie w zakresie prawa zr\u00f3wnowa\u017conego transportu i mobilno\u015bci, a tak\u017ce w kierowaniu konsorcjami badawczymi oraz prowadzeniu analiz polityk dla instytucji publicznych i prywatnych.<\/li>\n<li>\u00dclk\u00fc Tanriverdi, badaczka specjalizuj\u0105ca si\u0119 w analizie regulacji dotycz\u0105cych inteligentnej mobilno\u015bci i dost\u0119pno\u015bci, dostarczaj\u0105ca cennych informacji na temat regulacyjnego krajobrazu Flandrii.<\/li>\n<\/ul>\n<p>Ich po\u0142\u0105czone do\u015bwiadczenie przyczynia si\u0119 do rozwoju ram prawnych i politycznych dla zr\u00f3wnowa\u017conej i inkluzywnej mobilno\u015bci miejskiej.<\/p>\n<p>[\/et_pb_text][\/et_pb_column][et_pb_column type=&#8221;1_4&#8243; _builder_version=&#8221;4.27.4&#8243; _module_preset=&#8221;default&#8221; custom_padding=&#8221;3%||||false|false&#8221; global_colors_info=&#8221;{}&#8221;][et_pb_image src=&#8221;https:\/\/smart-age.eu\/wp-content\/uploads\/2025\/02\/logo-UA.jpg&#8221; title_text=&#8221;logo UA&#8221; _builder_version=&#8221;4.27.4&#8243; _module_preset=&#8221;default&#8221; width=&#8221;100%&#8221; width_tablet=&#8221;47%&#8221; width_phone=&#8221;47%&#8221; width_last_edited=&#8221;on|phone&#8221; global_colors_info=&#8221;{}&#8221;][\/et_pb_image][\/et_pb_column][\/et_pb_row][\/et_pb_section][et_pb_section fb_built=&#8221;1&#8243; _builder_version=&#8221;4.27.4&#8243; _module_preset=&#8221;default&#8221; custom_padding=&#8221;3px||5px|||&#8221; global_colors_info=&#8221;{}&#8221;][et_pb_row column_structure=&#8221;3_4,1_4&#8243; _builder_version=&#8221;4.27.4&#8243; _module_preset=&#8221;default&#8221; border_width_bottom=&#8221;1px&#8221; border_color_bottom=&#8221;#E5E5E5&#8243; global_colors_info=&#8221;{}&#8221;][et_pb_column type=&#8221;3_4&#8243; _builder_version=&#8221;4.27.4&#8243; _module_preset=&#8221;default&#8221; global_colors_info=&#8221;{}&#8221;][et_pb_text _builder_version=&#8221;4.27.4&#8243; _module_preset=&#8221;default&#8221; header_3_font=&#8221;|700|||||||&#8221; global_colors_info=&#8221;{}&#8221;]<\/p>\n<h3>AP Uniwersytet Nauk Stosowanych i Sztuki w Antwerpii<\/h3>\n<p>Uniwersytet Nauk Stosowanych i Sztuki AP w Antwerpii wnosi sw\u00f3j wk\u0142ad poprzez grup\u0119 badawcz\u0105 Stadskracht, kt\u00f3ra koncentruje si\u0119 na badaniach stosowanych i partycypacyjnych w celu tworzenia inkluzywnych, zdrowych i zr\u00f3wnowa\u017conych miast. Stadskracht posiada do\u015bwiadczenie we wsp\u00f3\u0142pracy z lokalnymi urz\u0119dami oraz seniorami w zakresie mobilno\u015bci przyjaznej osobom starszym i wyzwa\u0144 zwi\u0105zanych z przestrzeni\u0105 publiczn\u0105, wykorzystuj\u0105c metody partycypacyjne, takie jak wywiady w grupach spacerowych oraz mapy ciep\u0142a oparte na GIS. <\/p>\n<p>Kluczowi wsp\u00f3\u0142pracownicy to:<\/p>\n<ul>\n<li>Pieter Cools, do\u015bwiadczony w zakresie innowacji spo\u0142ecznych w miastach, partycypacji obywatelskiej oraz projekt\u00f3w badawczych finansowanych przez UE.<\/li>\n<li>Sofie Vermeiren, badaczka, piel\u0119gniarka i gerontolog z do\u015bwiadczeniem, specjalizuj\u0105ca si\u0119 w uczestnictwie i opiece nad osobami starszymi, posiadaj\u0105ca odpowiednie do\u015bwiadczenie w organizowaniu wywiad\u00f3w spacerowych.<\/li>\n<\/ul>\n<p>Ich praca wspiera podej\u015bcia partycypacyjne do mobilno\u015bci przyjaznej osobom starszym w ramach Pakietu Roboczego 3 (WP3).<\/p>\n<p>[\/et_pb_text][\/et_pb_column][et_pb_column type=&#8221;1_4&#8243; _builder_version=&#8221;4.27.4&#8243; _module_preset=&#8221;default&#8221; custom_padding=&#8221;3%||||false|false&#8221; global_colors_info=&#8221;{}&#8221;][et_pb_image src=&#8221;https:\/\/smart-age.eu\/wp-content\/uploads\/2025\/02\/AP_logo_staand_ENG_rgb.png&#8221; title_text=&#8221;AP_logo_staand_ENG_rgb&#8221; _builder_version=&#8221;4.27.4&#8243; _module_preset=&#8221;default&#8221; width=&#8221;58%&#8221; width_tablet=&#8221;43%&#8221; width_phone=&#8221;42%&#8221; width_last_edited=&#8221;on|phone&#8221; global_colors_info=&#8221;{}&#8221;][\/et_pb_image][\/et_pb_column][\/et_pb_row][\/et_pb_section][et_pb_section fb_built=&#8221;1&#8243; _builder_version=&#8221;4.27.4&#8243; _module_preset=&#8221;default&#8221; custom_padding=&#8221;3px||5px|||&#8221; global_colors_info=&#8221;{}&#8221;][et_pb_row column_structure=&#8221;3_4,1_4&#8243; _builder_version=&#8221;4.27.4&#8243; _module_preset=&#8221;default&#8221; border_width_bottom=&#8221;1px&#8221; border_color_bottom=&#8221;#E5E5E5&#8243; global_colors_info=&#8221;{}&#8221;][et_pb_column type=&#8221;3_4&#8243; _builder_version=&#8221;4.27.4&#8243; _module_preset=&#8221;default&#8221; global_colors_info=&#8221;{}&#8221;][et_pb_text _builder_version=&#8221;4.27.4&#8243; _module_preset=&#8221;default&#8221; header_3_font=&#8221;|700|||||||&#8221; global_colors_info=&#8221;{}&#8221;]<\/p>\n<h3>Uniwersytet Szczeci\u0144ski<\/h3>\n<p>Wykonawcami projektu z ramienia Uniwersytetu Szczeci\u0144skiego s\u0105 pracownicy Katedry Zarz\u0105dzania Transportem, Instytutu Zarz\u0105dzania, kt\u00f3rzy specjalizuj\u0105 si\u0119 w systemach transportowych, mobilno\u015bci i ekonomice transportu, ze szczeg\u00f3lnym uwzgl\u0119dnieniem koncepcji zr\u00f3wnowa\u017conego rozwoju. Zesp\u00f3\u0142 wnosi do\u015bwiadczenie w zakresie bada\u0144 i rozwoju zwi\u0105zanych z mobilno\u015bci\u0105 os\u00f3b starszych, wspieraj\u0105c Pakiet Roboczy 2 (WP2). <\/p>\n<p>Kluczowi wsp\u00f3\u0142pracownicy to:<\/p>\n<ul>\n<li>Dr Zuzanna K\u0142os-Adamkiewicz, adiunkt specjalizuj\u0105ca si\u0119 w zr\u00f3wnowa\u017conej mobilno\u015bci, transporcie miejskim oraz zarz\u0105dzaniu mobilno\u015bci\u0105. Koordynowa\u0142a plany transportowe, opracowywa\u0142a audyty mobilno\u015bci i wsp\u00f3\u0142pracowa\u0142a w szerokim zakresie z w\u0142adzami lokalnymi oraz przy realizacji projekt\u00f3w transportowych finansowanych przez Uni\u0119 Europejsk\u0105. <\/li>\n<li>Prof. Tomasz Kwarci\u0144ski, profesor nadzwyczajny, posiadaj\u0105cy do\u015bwiadczenie w zakresie transportu publicznego, dost\u0119pno\u015bci komunikacyjnej obszar\u00f3w wiejskich oraz niskoemisyjnych technologii transportu miejskiego, z bogatym dorobkiem wsp\u00f3\u0142pracy przy projektach regionalnych i mi\u0119dzynarodowych.<\/li>\n<li>Dr Agnieszka Gozdek, adiunkt zajmuj\u0105cy si\u0119 transportem drogowym, mobilno\u015bci\u0105 miejsk\u0105 i zr\u00f3wnowa\u017conym rozwojem, aktywnie zaanga\u017cowany w europejskie projekty transportowe.<\/li>\n<li>Dr Sylwia Kowalska, adiunkt badaj\u0105cy zagadnienia zwi\u0105zane ze zr\u00f3wnowa\u017conym rozwojem transportu oraz europejsk\u0105 polityk\u0105 transportow\u0105, ze szczeg\u00f3lnym uwzgl\u0119dnieniem paradygmatu przesuni\u0119\u0107 mi\u0119dzyga\u0142\u0119ziowych (modal shift).<\/li>\n<\/ul>\n<p>Uniwersytet wsp\u00f3\u0142pracuje z kluczowymi lokalnymi interesariuszami, w tym z miastami Szczecin i Gorz\u00f3w Wielkopolski, organami odpowiedzialnymi za transport publiczny oraz organizacjami zajmuj\u0105cymi si\u0119 prawami os\u00f3b starszych. Partnerzy wnosz\u0105 sw\u00f3j wk\u0142ad poprzez organizowanie warsztat\u00f3w, wydawanie opinii politycznych oraz przeprowadzanie bada\u0144 lokalnej mobilno\u015bci, zwi\u0119kszaj\u0105c znaczenie projektu i jego wp\u0142yw na rozwi\u0105zania w zakresie mobilno\u015bci dla os\u00f3b starszych. <\/p>\n<p>[\/et_pb_text][\/et_pb_column][et_pb_column type=&#8221;1_4&#8243; _builder_version=&#8221;4.27.4&#8243; _module_preset=&#8221;default&#8221; custom_padding=&#8221;3%||||false|false&#8221; global_colors_info=&#8221;{}&#8221;][et_pb_image src=&#8221;https:\/\/smart-age.eu\/wp-content\/uploads\/2025\/02\/the-university-of-szczecin.jpg&#8221; title_text=&#8221;the-university-of-szczecin&#8221; _builder_version=&#8221;4.27.4&#8243; _module_preset=&#8221;default&#8221; width_tablet=&#8221;51%&#8221; width_phone=&#8221;69%&#8221; width_last_edited=&#8221;on|phone&#8221; global_colors_info=&#8221;{}&#8221;][\/et_pb_image][\/et_pb_column][\/et_pb_row][\/et_pb_section][et_pb_section fb_built=&#8221;1&#8243; _builder_version=&#8221;4.27.4&#8243; _module_preset=&#8221;default&#8221; custom_padding=&#8221;3px||5px|||&#8221; global_colors_info=&#8221;{}&#8221;][et_pb_row column_structure=&#8221;3_4,1_4&#8243; _builder_version=&#8221;4.27.4&#8243; _module_preset=&#8221;default&#8221; border_width_bottom=&#8221;1px&#8221; border_color_bottom=&#8221;#E5E5E5&#8243; global_colors_info=&#8221;{}&#8221;][et_pb_column type=&#8221;3_4&#8243; _builder_version=&#8221;4.27.4&#8243; _module_preset=&#8221;default&#8221; global_colors_info=&#8221;{}&#8221;][et_pb_text _builder_version=&#8221;4.27.4&#8243; _module_preset=&#8221;default&#8221; header_3_font=&#8221;|700|||||||&#8221; global_colors_info=&#8221;{}&#8221;]<\/p>\n<h3>Politecnico di Milano<\/h3>\n<p>Wydzia\u0142 Architektury i Studi\u00f3w Miejskich (DAStU) na Politechnice w Mediolanie wnosi interdyscyplinarn\u0105 wiedz\u0119 specjalistyczn\u0105 w zakresie planowania urbanistycznego, mobilno\u015bci i ekonomiki transportu. Koncentruj\u0105c si\u0119 na zwi\u0105zku mi\u0119dzy cechami s\u0105siedztwa a nawykami mobilno\u015bci os\u00f3b starszych, zesp\u00f3\u0142 wnosi cenne spostrze\u017cenia do pakietu roboczego 3 (WP3). <\/p>\n<p>Kluczowi wsp\u00f3\u0142pracownicy to:<\/p>\n<ul>\n<li>Dr Federica Maria Rossi, adiunkt, ekspert w dziedzinie transportu i ekonomiki regionalnej.<\/li>\n<li>Prof. Ilaria Mariotti, specjalizuj\u0105ca si\u0119 w ekonomice miast i region\u00f3w, posiada bogate do\u015bwiadczenie w zakresie mobilno\u015bci i starzenia si\u0119 spo\u0142ecze\u0144stwa.<\/li>\n<li><span data-olk-copy-source=\"MessageBody\">Dr Tiziano Pavanini, pracownik naukowy, specjalizuj\u0105cy si\u0119 w ekonomice transportu ze szczeg\u00f3lnym uwzgl\u0119dnieniem zr\u00f3wnowa\u017conej mobilno\u015bci miejskiej.<\/span><\/li>\n<\/ul>\n<p>Ich badania nad transportem publicznym, dost\u0119pno\u015bci\u0105 i dobrostanem os\u00f3b starszych wspieraj\u0105 strategie zr\u00f3wnowa\u017conej i inkluzywnej mobilno\u015bci, podobnie jak ich wsp\u00f3\u0142praca z lokalnymi partnerami w Mediolanie i Genui.<\/p>\n<p>[\/et_pb_text][\/et_pb_column][et_pb_column type=&#8221;1_4&#8243; _builder_version=&#8221;4.27.4&#8243; _module_preset=&#8221;default&#8221; custom_padding=&#8221;3%||||false|false&#8221; global_colors_info=&#8221;{}&#8221;][et_pb_image src=&#8221;https:\/\/smart-age.eu\/wp-content\/uploads\/2025\/02\/logo_polimi.png&#8221; title_text=&#8221;logo_polimi&#8221; _builder_version=&#8221;4.27.4&#8243; _module_preset=&#8221;default&#8221; width_tablet=&#8221;51%&#8221; width_phone=&#8221;68%&#8221; width_last_edited=&#8221;on|phone&#8221; global_colors_info=&#8221;{}&#8221;][\/et_pb_image][\/et_pb_column][\/et_pb_row][\/et_pb_section][et_pb_section fb_built=&#8221;1&#8243; _builder_version=&#8221;4.27.4&#8243; _module_preset=&#8221;default&#8221; custom_padding=&#8221;3px||5px|||&#8221; global_colors_info=&#8221;{}&#8221;][et_pb_row column_structure=&#8221;3_4,1_4&#8243; _builder_version=&#8221;4.27.4&#8243; _module_preset=&#8221;default&#8221; border_width_bottom=&#8221;1px&#8221; border_color_bottom=&#8221;#E5E5E5&#8243; global_colors_info=&#8221;{}&#8221;][et_pb_column type=&#8221;3_4&#8243; _builder_version=&#8221;4.27.4&#8243; _module_preset=&#8221;default&#8221; global_colors_info=&#8221;{}&#8221;][et_pb_text _builder_version=&#8221;4.27.4&#8243; _module_preset=&#8221;default&#8221; header_3_font=&#8221;|700|||||||&#8221; global_colors_info=&#8221;{}&#8221;]<\/p>\n<h3>Odisee University of Applied Sciences<\/h3>\n<p>Centrum Zr\u00f3wnowa\u017conej Przedsi\u0119biorczo\u015bci (CenSE) na Uniwersytecie Nauk Stosowanych w Odisee specjalizuje si\u0119 w badaniach zorientowanych na praktyk\u0119 w zakresie zr\u00f3wnowa\u017conego rozwoju spo\u0142eczno-gospodarczego i \u015brodowiskowego, ze szczeg\u00f3lnym uwzgl\u0119dnieniem zaanga\u017cowania zainteresowanych stron i dzielenia si\u0119 inicjatywami w zakresie mobilno\u015bci. Zesp\u00f3\u0142 b\u0119dzie prowadzi\u0142 WP4, koncentruj\u0105c si\u0119 na rozwoju i walidacji wsp\u00f3lnych ram, oraz wsp\u00f3\u0142prowadzi\u0142 WP2, analizuj\u0105c praktyki rynkowe i odbi\u00f3r przez u\u017cytkownik\u00f3w. Zaanga\u017cowanie Odisee&#8217;s Centre for Research on Elderly Care (EXP-O), koncentruj\u0105cego si\u0119 na aktywnym starzeniu si\u0119 i wzmocnieniu pozycji, dodatkowo wzmacnia zdolno\u015b\u0107 zespo\u0142u do realizacji cel\u00f3w SMART-AGE.  <\/p>\n<p>Do kluczowych badaczy nale\u017c\u0105:<\/p>\n<ul>\n<li>Dr Bart Henssen, szef CenSE, kt\u00f3rego badania koncentruj\u0105 si\u0119 na transformacji w kierunku zr\u00f3wnowa\u017conych przedsi\u0119biorstw i zr\u00f3wnowa\u017conych ekosystem\u00f3w.<\/li>\n<li>Karen Brabant, do\u015bwidczona badaczka i koordynatorka ds. gospodarki o obiegu zamkni\u0119tym w CenSE, kt\u00f3ra uzupe\u0142nia zesp\u00f3\u0142 swoj\u0105 wiedz\u0105 specjalistyczn\u0105 w zakresie partnerstw wielopodmiotowych i modeli biznesowych opartych na wsp\u00f3\u0142pracy.<\/li>\n<li>Dr Dries Couckuyt, starszy badacz w dziedzinie interdyscyplinarno\u015bci z do\u015bwiadczeniem w zakresie polityki gospodarczej i zr\u00f3wnowa\u017conego rozwoju \u015brodowiska korporacyjnego w celu stymulowania innowacji politycznych i zr\u00f3wnowa\u017conej transformacji biznesowej.<\/li>\n<li>Tesnime Imnadine, asystentka naukowa, kt\u00f3ra wspiera r\u00f3\u017cnorodne projekty zr\u00f3wnowa\u017conego rozwoju i zarz\u0105dza zar\u00f3wno komunikacj\u0105 wewn\u0119trzn\u0105, jak i zewn\u0119trzn\u0105 w CenSE, wykorzystuj\u0105c swoj\u0105 wiedz\u0119 z zakresu komunikacji strategicznej.<\/li>\n<\/ul>\n<p>[\/et_pb_text][\/et_pb_column][et_pb_column type=&#8221;1_4&#8243; _builder_version=&#8221;4.27.4&#8243; _module_preset=&#8221;default&#8221; custom_padding=&#8221;3%||||false|false&#8221; global_colors_info=&#8221;{}&#8221;][et_pb_image src=&#8221;https:\/\/smart-age.eu\/wp-content\/uploads\/2025\/02\/CenSE-logo-black-on-white.jpg&#8221; title_text=&#8221;CenSE logo black on white&#8221; _builder_version=&#8221;4.27.4&#8243; _module_preset=&#8221;default&#8221; width_tablet=&#8221;62%&#8221; width_phone=&#8221;96%&#8221; width_last_edited=&#8221;on|phone&#8221; global_colors_info=&#8221;{}&#8221; width__hover_enabled=&#8221;on|desktop&#8221;][\/et_pb_image][\/et_pb_column][\/et_pb_row][et_pb_row column_structure=&#8221;3_4,1_4&#8243; _builder_version=&#8221;4.27.4&#8243; _module_preset=&#8221;default&#8221; border_width_bottom=&#8221;1px&#8221; border_color_bottom=&#8221;#E5E5E5&#8243; global_colors_info=&#8221;{}&#8221;][et_pb_column type=&#8221;3_4&#8243; _builder_version=&#8221;4.27.4&#8243; _module_preset=&#8221;default&#8221; global_colors_info=&#8221;{}&#8221;][et_pb_text _builder_version=&#8221;4.27.4&#8243; _module_preset=&#8221;default&#8221; header_3_font=&#8221;|700|||||||&#8221; global_colors_info=&#8221;{}&#8221;]<\/p>\n<h3>Urban Studies Institute &#8211; Uniwersytet w Antwerpii<\/h3>\n<p>Instytut Studi\u00f3w Miejskich (USI) na Uniwersytecie w Antwerpii jest interdyscyplinarnym o\u015brodkiem badawczym zajmuj\u0105cym si\u0119 zrozumieniem i rozwi\u0105zywaniem wyzwa\u0144 miejskich. USI wspiera wsp\u00f3\u0142prac\u0119 w zakresie takich temat\u00f3w jak zr\u00f3wnowa\u017cona mobilno\u015b\u0107, dost\u0119pno\u015b\u0107 miast i rozw\u00f3j miast. W ramach projektu SMART-AGE USI wnios\u0142o swoj\u0105 wiedz\u0119 specjalistyczn\u0105 we wsparcie w przygotowaniu udanego wniosku z\u0142o\u017conego do DUT. Ich spostrze\u017cenia s\u0105 nadal cenne w kszta\u0142towaniu podej\u015bcia projektu do zr\u00f3wnowa\u017conej mobilno\u015bci miejskiej dla starzej\u0105cych si\u0119 populacji.   <\/p>\n<p>[\/et_pb_text][\/et_pb_column][et_pb_column type=&#8221;1_4&#8243; _builder_version=&#8221;4.27.4&#8243; _module_preset=&#8221;default&#8221; custom_padding=&#8221;3%||||false|false&#8221; global_colors_info=&#8221;{}&#8221;][et_pb_image src=&#8221;https:\/\/smart-age.eu\/wp-content\/uploads\/2025\/03\/usi-en-rgb.jpg&#8221; title_text=&#8221;usi-en-rgb&#8221; _builder_version=&#8221;4.27.4&#8243; _module_preset=&#8221;default&#8221; width_tablet=&#8221;62%&#8221; width_phone=&#8221;96%&#8221; width_last_edited=&#8221;on|phone&#8221; global_colors_info=&#8221;{}&#8221; width__hover_enabled=&#8221;on|desktop&#8221;][\/et_pb_image][\/et_pb_column][\/et_pb_row][\/et_pb_section][et_pb_section fb_built=&#8221;1&#8243; _builder_version=&#8221;4.27.4&#8243; _module_preset=&#8221;default&#8221; custom_padding=&#8221;3px||5px|||&#8221; global_colors_info=&#8221;{}&#8221;][et_pb_row column_structure=&#8221;3_4,1_4&#8243; _builder_version=&#8221;4.27.4&#8243; _module_preset=&#8221;default&#8221; border_width_bottom=&#8221;1px&#8221; border_color_bottom=&#8221;#E5E5E5&#8243; global_colors_info=&#8221;{}&#8221;][et_pb_column type=&#8221;3_4&#8243; _builder_version=&#8221;4.27.4&#8243; _module_preset=&#8221;default&#8221; global_colors_info=&#8221;{}&#8221;][et_pb_text _builder_version=&#8221;4.27.4&#8243; _module_preset=&#8221;default&#8221; header_3_font=&#8221;|700|||||||&#8221; global_colors_info=&#8221;{}&#8221;]<\/p>\n<h3>Miasto Antwerpia<\/h3>\n<p>Miasto Antwerpia do\u0142\u0105cza do inicjatywy SMART-AGE, aby wspiera\u0107 badania nad mobilno\u015bci\u0105 dostosowan\u0105 do potrzeb starzej\u0105cego si\u0119 spo\u0142ecze\u0144stwa oraz stawi\u0107 czo\u0142a lokalnym wyzwaniom zwi\u0105zanym z \u0142\u0105czno\u015bci\u0105, umo\u017cliwieniem seniorom pozostania w miejscu zamieszkania oraz redukcj\u0105 zale\u017cno\u015bci od samochod\u00f3w. Antwerpia wnosi do projektu swoj\u0105 ekspertyz\u0119, studia przypadk\u00f3w oraz wk\u0142ad w kszta\u0142towanie polityki, co zapewnia, \u017ce rezultaty bada\u0144 b\u0119d\u0105 zgodne z jej priorytetami oraz trendami demograficznymi. <\/p>\n<p>[\/et_pb_text][\/et_pb_column][et_pb_column type=&#8221;1_4&#8243; _builder_version=&#8221;4.27.4&#8243; _module_preset=&#8221;default&#8221; custom_padding=&#8221;3%||||false|false&#8221; global_colors_info=&#8221;{}&#8221;][et_pb_image src=&#8221;https:\/\/smart-age.eu\/wp-content\/uploads\/2025\/02\/stad_antwerpen.png&#8221; title_text=&#8221;stad_antwerpen&#8221; _builder_version=&#8221;4.27.4&#8243; _module_preset=&#8221;default&#8221; width_tablet=&#8221;53%&#8221; width_phone=&#8221;72%&#8221; width_last_edited=&#8221;on|phone&#8221; global_colors_info=&#8221;{}&#8221;][\/et_pb_image][\/et_pb_column][\/et_pb_row][\/et_pb_section][et_pb_section fb_built=&#8221;1&#8243; _builder_version=&#8221;4.27.4&#8243; _module_preset=&#8221;default&#8221; custom_padding=&#8221;3px||5px|||&#8221; global_colors_info=&#8221;{}&#8221;][et_pb_row column_structure=&#8221;3_4,1_4&#8243; _builder_version=&#8221;4.27.4&#8243; _module_preset=&#8221;default&#8221; border_width_bottom=&#8221;1px&#8221; border_color_bottom=&#8221;#E5E5E5&#8243; global_colors_info=&#8221;{}&#8221;][et_pb_column type=&#8221;3_4&#8243; _builder_version=&#8221;4.27.4&#8243; _module_preset=&#8221;default&#8221; global_colors_info=&#8221;{}&#8221;][et_pb_text _builder_version=&#8221;4.27.4&#8243; _module_preset=&#8221;default&#8221; header_3_font=&#8221;|700|||||||&#8221; global_colors_info=&#8221;{}&#8221;]<\/p>\n<h3>Zarz\u0105d Drog i Transportu Miejskiego w Szczecinie (ZDiTM)<\/h3>\n<p>ZDiTM, organizator transportu publicznego dla Szczecina i jego przedmie\u015b\u0107, wnosi do\u015bwiadczenie w rozwi\u0105zywaniu wsp\u00f3\u0142czesnych wyzwa\u0144 zwi\u0105zanych z mobilno\u015bci\u0105 i dostosowywaniu us\u0142ug do zr\u00f3\u017cnicowanych potrzeb u\u017cytkownik\u00f3w transportu. W ramach projektu SMART-AGE, ZDiTM koncentruje si\u0119 na zrozumieniu i odpowiedzi na wymagania w zakresie mobilno\u015bci os\u00f3b starszych. <\/p>\n<p>[\/et_pb_text][\/et_pb_column][et_pb_column type=&#8221;1_4&#8243; _builder_version=&#8221;4.27.4&#8243; _module_preset=&#8221;default&#8221; custom_padding=&#8221;3%||||false|false&#8221; global_colors_info=&#8221;{}&#8221;][et_pb_image src=&#8221;https:\/\/smart-age.eu\/wp-content\/uploads\/2025\/02\/zditm.png&#8221; title_text=&#8221;zditm&#8221; _builder_version=&#8221;4.27.4&#8243; _module_preset=&#8221;default&#8221; width_tablet=&#8221;65%&#8221; width_phone=&#8221;86%&#8221; width_last_edited=&#8221;on|phone&#8221; global_colors_info=&#8221;{}&#8221;][\/et_pb_image][\/et_pb_column][\/et_pb_row][\/et_pb_section][et_pb_section fb_built=&#8221;1&#8243; _builder_version=&#8221;4.27.4&#8243; _module_preset=&#8221;default&#8221; custom_padding=&#8221;3px||5px|||&#8221; global_colors_info=&#8221;{}&#8221;][et_pb_row column_structure=&#8221;3_4,1_4&#8243; _builder_version=&#8221;4.27.4&#8243; _module_preset=&#8221;default&#8221; border_width_bottom=&#8221;1px&#8221; border_color_bottom=&#8221;#E5E5E5&#8243; global_colors_info=&#8221;{}&#8221;][et_pb_column type=&#8221;3_4&#8243; _builder_version=&#8221;4.27.4&#8243; _module_preset=&#8221;default&#8221; global_colors_info=&#8221;{}&#8221;][et_pb_text _builder_version=&#8221;4.27.4&#8243; _module_preset=&#8221;default&#8221; header_3_font=&#8221;|700|||||||&#8221; global_colors_info=&#8221;{}&#8221;]<\/p>\n<h3>Towarzystwo Wspierania Inicjatyw Kulturalno-Spo\u0142ecznych<\/h3>\n<p>Towarzystwo Wspierania Inicjatyw Kulturalno-Spo\u0142ecznych, centrum seniora z siedzib\u0105 w Szczecinie, wnosi wiedz\u0119 specjalistyczn\u0105 w zakresie wspierania os\u00f3b starszych i wspierania zaanga\u017cowania spo\u0142eczno\u015bci. Towarzystwo aktywnie uczestniczy w projekcie SMART-AGE, aby zapewni\u0107 skuteczno\u015b\u0107 projektu w rozwi\u0105zywaniu wyzwa\u0144 w zakresie mobilno\u015bci os\u00f3b starszych, wspieraj\u0105c rozw\u00f3j alternatywnych sposob\u00f3w przemieszczania oraz poprawiaj\u0105c jako\u015b\u0107 \u017cycia tej grupy spo\u0142ecznej. <\/p>\n<p>[\/et_pb_text][\/et_pb_column][et_pb_column type=&#8221;1_4&#8243; _builder_version=&#8221;4.27.4&#8243; _module_preset=&#8221;default&#8221; custom_padding=&#8221;3%||||false|false&#8221; global_colors_info=&#8221;{}&#8221;][et_pb_image src=&#8221;https:\/\/smart-age.eu\/wp-content\/uploads\/2025\/02\/twiks.png&#8221; title_text=&#8221;twiks&#8221; _builder_version=&#8221;4.27.4&#8243; _module_preset=&#8221;default&#8221; width=&#8221;74%&#8221; width_tablet=&#8221;33%&#8221; width_phone=&#8221;33%&#8221; width_last_edited=&#8221;on|phone&#8221; custom_margin=&#8221;-65px||||false|false&#8221; custom_padding=&#8221;0px||||false|false&#8221; global_colors_info=&#8221;{}&#8221;][\/et_pb_image][\/et_pb_column][\/et_pb_row][\/et_pb_section][et_pb_section fb_built=&#8221;1&#8243; _builder_version=&#8221;4.27.4&#8243; _module_preset=&#8221;default&#8221; custom_padding=&#8221;3px||5px|||&#8221; global_colors_info=&#8221;{}&#8221;][et_pb_row column_structure=&#8221;3_4,1_4&#8243; _builder_version=&#8221;4.27.4&#8243; _module_preset=&#8221;default&#8221; border_width_bottom=&#8221;1px&#8221; border_color_bottom=&#8221;#E5E5E5&#8243; global_colors_info=&#8221;{}&#8221;][et_pb_column type=&#8221;3_4&#8243; _builder_version=&#8221;4.27.4&#8243; _module_preset=&#8221;default&#8221; global_colors_info=&#8221;{}&#8221;][et_pb_text _builder_version=&#8221;4.27.4&#8243; _module_preset=&#8221;default&#8221; header_3_font=&#8221;|700|||||||&#8221; global_colors_info=&#8221;{}&#8221;]<\/p>\n<h3>Azienda Mobilit\u00e0 e Trasporti SPA<\/h3>\n<p>Azienda Mobilit\u00e0 e Trasporti SPA (AMT SPA), operator miejskiego i podmiejskiego transportu publicznego w Genui, aktywnie uczestniczy w projekcie SMART-AGE jako kluczowy partner w studium przypadku Genui. AMT SPA oferuje swoj\u0105 wiedz\u0119 i zasoby w zakresie transportu, mobilno\u015bci i os\u00f3b starszych, wzmacniaj\u0105c w ten spos\u00f3b wysi\u0142ki projektu na rzecz poprawy dost\u0119pno\u015bci i jako\u015bci \u017cycia os\u00f3b starszych w Genui i poza ni\u0105. <\/p>\n<p>[\/et_pb_text][\/et_pb_column][et_pb_column type=&#8221;1_4&#8243; _builder_version=&#8221;4.27.4&#8243; _module_preset=&#8221;default&#8221; custom_padding=&#8221;3%||||false|false&#8221; global_colors_info=&#8221;{}&#8221;][et_pb_image src=&#8221;https:\/\/smart-age.eu\/wp-content\/uploads\/2025\/02\/logo-mobilita-e-trasporti-SPA.png&#8221; title_text=&#8221;logo mobilita e trasporti SPA&#8221; _builder_version=&#8221;4.27.4&#8243; _module_preset=&#8221;default&#8221; width=&#8221;80%&#8221; width_tablet=&#8221;39%&#8221; width_phone=&#8221;36%&#8221; width_last_edited=&#8221;on|phone&#8221; global_colors_info=&#8221;{}&#8221;][\/et_pb_image][\/et_pb_column][\/et_pb_row][\/et_pb_section][et_pb_section fb_built=&#8221;1&#8243; _builder_version=&#8221;4.27.4&#8243; _module_preset=&#8221;default&#8221; custom_padding=&#8221;3px||5px|||&#8221; global_colors_info=&#8221;{}&#8221;][et_pb_row column_structure=&#8221;3_4,1_4&#8243; _builder_version=&#8221;4.27.4&#8243; _module_preset=&#8221;default&#8221; border_width_bottom=&#8221;1px&#8221; border_color_bottom=&#8221;#E5E5E5&#8243; global_colors_info=&#8221;{}&#8221;][et_pb_column type=&#8221;3_4&#8243; _builder_version=&#8221;4.27.4&#8243; _module_preset=&#8221;default&#8221; global_colors_info=&#8221;{}&#8221;][et_pb_text _builder_version=&#8221;4.27.4&#8243; _module_preset=&#8221;default&#8221; header_3_font=&#8221;|700|||||||&#8221; global_colors_info=&#8221;{}&#8221;]<\/p>\n<h3>UniGeSenior<\/h3>\n<p>UniGeSenior, inicjatywa Uniwersytetu w Genui dla os\u00f3b powy\u017cej 45 roku \u017cycia, aktywnie wsp\u00f3\u0142pracuje w projekcie SMART-AGE w ramach studium przypadku Genui. Dzi\u0119ki swojemu do\u015bwiadczeniu w zaspokajaniu potrzeb starzej\u0105cej si\u0119 populacji Genui, UniGeSenior pomaga w opracowywaniu dostosowanych rozwi\u0105za\u0144 w celu poprawy mobilno\u015bci i jako\u015bci \u017cycia os\u00f3b starszych. <\/p>\n<p>[\/et_pb_text][\/et_pb_column][et_pb_column type=&#8221;1_4&#8243; _builder_version=&#8221;4.27.4&#8243; _module_preset=&#8221;default&#8221; custom_padding=&#8221;3%||||false|false&#8221; global_colors_info=&#8221;{}&#8221;][et_pb_image src=&#8221;https:\/\/smart-age.eu\/wp-content\/uploads\/2025\/02\/New_UniGeSenior-rit.jpg&#8221; title_text=&#8221;New_UniGeSenior rit&#8221; _builder_version=&#8221;4.27.4&#8243; _module_preset=&#8221;default&#8221; width_tablet=&#8221;&#8221; width_phone=&#8221;70%&#8221; width_last_edited=&#8221;on|phone&#8221; global_colors_info=&#8221;{}&#8221;][\/et_pb_image][\/et_pb_column][\/et_pb_row][\/et_pb_section][et_pb_section fb_built=&#8221;1&#8243; _builder_version=&#8221;4.27.4&#8243; _module_preset=&#8221;default&#8221; custom_padding=&#8221;3px||5px|||&#8221; global_colors_info=&#8221;{}&#8221;][et_pb_row column_structure=&#8221;3_4,1_4&#8243; _builder_version=&#8221;4.27.4&#8243; _module_preset=&#8221;default&#8221; border_width_bottom=&#8221;1px&#8221; border_color_bottom=&#8221;#E5E5E5&#8243; global_colors_info=&#8221;{}&#8221;][et_pb_column type=&#8221;3_4&#8243; _builder_version=&#8221;4.27.4&#8243; _module_preset=&#8221;default&#8221; global_colors_info=&#8221;{}&#8221;][et_pb_text _builder_version=&#8221;4.27.4&#8243; _module_preset=&#8221;default&#8221; header_3_font=&#8221;|700|||||||&#8221; global_colors_info=&#8221;{}&#8221;]<\/p>\n<h3>Lantis<\/h3>\n<p>Lantis realizuje z\u0142o\u017cone projekty mobilno\u015bci w regionie Antwerpii, wzmacniaj\u0105c miasto i region poprzez budowanie istotnych po\u0142\u0105cze\u0144. W ramach tej misji Lantis wspiera Region Transportu w Antwerpii, jeden z 15 klastr\u00f3w we Flandrii odpowiedzialnych za planowanie i wdra\u017canie mobilno\u015bci regionalnej, w osi\u0105gni\u0119ciu celu, jakim jest udzia\u0142 50\/50 w zr\u00f3wnowa\u017conym transporcie. Dzi\u0119ki bogatemu do\u015bwiadczeniu w promowaniu ponadlokalnej wsp\u00f3\u0142pracy i integracyjnych us\u0142ug mobilno\u015bci, Lantis wniesie wk\u0142ad w projekt SMART-AGE, dziel\u0105c si\u0119 studiami przypadk\u00f3w, uczestnicz\u0105c w okr\u0105g\u0142ych sto\u0142ach politycznych i zapewniaj\u0105c, \u017ce wyniki bada\u0144 s\u0105 zgodne z regionalnymi wyzwaniami mobilno\u015bci w celu poprawy dost\u0119pno\u015bci dla starzej\u0105cych si\u0119 populacji.  <\/p>\n<p>[\/et_pb_text][\/et_pb_column][et_pb_column type=&#8221;1_4&#8243; _builder_version=&#8221;4.27.4&#8243; _module_preset=&#8221;default&#8221; custom_padding=&#8221;3%||||false|false&#8221; global_colors_info=&#8221;{}&#8221;][et_pb_image src=&#8221;https:\/\/smart-age.eu\/wp-content\/uploads\/2025\/02\/08-logo-lantis.jpg&#8221; title_text=&#8221;08-logo-lantis&#8221; _builder_version=&#8221;4.27.4&#8243; _module_preset=&#8221;default&#8221; width=&#8221;76%&#8221; width_tablet=&#8221;44%&#8221; width_phone=&#8221;50%&#8221; width_last_edited=&#8221;on|phone&#8221; global_colors_info=&#8221;{}&#8221;][\/et_pb_image][\/et_pb_column][\/et_pb_row][\/et_pb_section][et_pb_section fb_built=&#8221;1&#8243; _builder_version=&#8221;4.27.4&#8243; _module_preset=&#8221;default&#8221; custom_padding=&#8221;3px||5px|||&#8221; global_colors_info=&#8221;{}&#8221;][et_pb_row column_structure=&#8221;3_4,1_4&#8243; _builder_version=&#8221;4.27.4&#8243; _module_preset=&#8221;default&#8221; border_width_bottom=&#8221;1px&#8221; border_color_bottom=&#8221;#E5E5E5&#8243; global_colors_info=&#8221;{}&#8221;][et_pb_column type=&#8221;3_4&#8243; _builder_version=&#8221;4.27.4&#8243; _module_preset=&#8221;default&#8221; global_colors_info=&#8221;{}&#8221;][et_pb_text _builder_version=&#8221;4.27.4&#8243; _module_preset=&#8221;default&#8221; header_3_font=&#8221;|700|||||||&#8221; custom_padding=&#8221;6px|||||&#8221; global_colors_info=&#8221;{}&#8221;]<\/p>\n<h3>Miasto Gorz\u00f3w Wielkopolski<\/h3>\n<p>Miasto Gorz\u00f3w Wielkopolski wnosi cenne do\u015bwiadczenie w zakresie rozwi\u0105zywania wyzwa\u0144 spo\u0142ecznych, w tym zagadnie\u0144 zwi\u0105zanych z mobilno\u015bci\u0105 os\u00f3b starszych, poprzez aktywny udzia\u0142 w licznych projektach.<\/p>\n<p>[\/et_pb_text][\/et_pb_column][et_pb_column type=&#8221;1_4&#8243; _builder_version=&#8221;4.27.4&#8243; _module_preset=&#8221;default&#8221; custom_padding=&#8221;3%||||false|false&#8221; global_colors_info=&#8221;{}&#8221;][et_pb_image src=&#8221;https:\/\/smart-age.eu\/wp-content\/uploads\/2025\/02\/banner-1.png&#8221; title_text=&#8221;banner-1&#8243; _builder_version=&#8221;4.27.4&#8243; _module_preset=&#8221;default&#8221; width_tablet=&#8221;&#8221; width_phone=&#8221;68%&#8221; width_last_edited=&#8221;on|phone&#8221; global_colors_info=&#8221;{}&#8221;][\/et_pb_image][\/et_pb_column][\/et_pb_row][\/et_pb_section][et_pb_section fb_built=&#8221;1&#8243; _builder_version=&#8221;4.27.4&#8243; _module_preset=&#8221;default&#8221; custom_padding=&#8221;3px||5px|||&#8221; global_colors_info=&#8221;{}&#8221;][et_pb_row column_structure=&#8221;3_4,1_4&#8243; _builder_version=&#8221;4.27.4&#8243; _module_preset=&#8221;default&#8221; border_width_bottom=&#8221;1px&#8221; border_color_bottom=&#8221;#E5E5E5&#8243; global_colors_info=&#8221;{}&#8221;][et_pb_column type=&#8221;3_4&#8243; _builder_version=&#8221;4.27.4&#8243; _module_preset=&#8221;default&#8221; global_colors_info=&#8221;{}&#8221;][et_pb_text _builder_version=&#8221;4.27.4&#8243; _module_preset=&#8221;default&#8221; header_3_font=&#8221;|700|||||||&#8221; global_colors_info=&#8221;{}&#8221;]<\/p>\n<h3>Urz\u0105d Miasta Szczecin<\/h3>\n<p>Miasto Szczecin wnosi do\u015bwiadczenie w realizacji projekt\u00f3w mobilno\u015bci oraz w podejmowaniu wyzwa\u0144 zwi\u0105zanych z mobilno\u015bci\u0105 os\u00f3b starszych. Za po\u015brednictwem Wydzia\u0142u Spraw Spo\u0142ecznych miasto aktywnie anga\u017cuje si\u0119, zapewniaj\u0105c wgl\u0105d w lokaln\u0105 polityk\u0119 oraz dokumenty strategiczne. <\/p>\n<p>[\/et_pb_text][\/et_pb_column][et_pb_column type=&#8221;1_4&#8243; _builder_version=&#8221;4.27.4&#8243; _module_preset=&#8221;default&#8221; custom_padding=&#8221;3%||||false|false&#8221; global_colors_info=&#8221;{}&#8221;][et_pb_image src=&#8221;https:\/\/smart-age.eu\/wp-content\/uploads\/2025\/02\/Miasto-Szczecin.png&#8221; title_text=&#8221;Miasto-Szczecin&#8221; _builder_version=&#8221;4.27.4&#8243; _module_preset=&#8221;default&#8221; width_tablet=&#8221;42%&#8221; width_phone=&#8221;74%&#8221; width_last_edited=&#8221;on|phone&#8221; global_colors_info=&#8221;{}&#8221;][\/et_pb_image][\/et_pb_column][\/et_pb_row][\/et_pb_section][et_pb_section fb_built=&#8221;1&#8243; _builder_version=&#8221;4.27.4&#8243; _module_preset=&#8221;default&#8221; custom_padding=&#8221;3px||5px|||&#8221; global_colors_info=&#8221;{}&#8221;][et_pb_row column_structure=&#8221;3_4,1_4&#8243; _builder_version=&#8221;4.27.4&#8243; _module_preset=&#8221;default&#8221; border_width_bottom=&#8221;1px&#8221; border_color_bottom=&#8221;#E5E5E5&#8243; global_colors_info=&#8221;{}&#8221;][et_pb_column type=&#8221;3_4&#8243; _builder_version=&#8221;4.27.4&#8243; _module_preset=&#8221;default&#8221; global_colors_info=&#8221;{}&#8221;][et_pb_text _builder_version=&#8221;4.27.4&#8243; _module_preset=&#8221;default&#8221; header_3_font=&#8221;|700|||||||&#8221; global_colors_info=&#8221;{}&#8221;]<\/p>\n<h3>Mpact<\/h3>\n<p>Mpact to organizacja non-profit z wieloletnim do\u015bwiadczeniem w opracowywaniu i optymalizacji wsp\u00f3lnych rozwi\u0105za\u0144 w zakresie mobilno\u015bci w ca\u0142ej Belgii. Zaanga\u017cowana w r\u00f3wnowa\u017cenie dobrobytu ludzi, dobrobytu gospodarczego i zr\u00f3wnowa\u017conego rozwoju \u015brodowiska, Mpact koncentruje si\u0119 na tworzeniu inkluzywnych system\u00f3w mobilno\u015bci, kt\u00f3re priorytetowo traktuj\u0105 dost\u0119pno\u015b\u0107 dla mniej mobilnych os\u00f3b, cz\u0119sto pomijanych przez platformy komercyjne. Dzi\u0119ki bogatemu do\u015bwiadczeniu w promowaniu polityki ograniczania liczby samochod\u00f3w i wspieraniu po\u0142\u0105cze\u0144 multimodalnych, Mpact wnosi cenn\u0105 wiedz\u0119 do projektu SMART-AGE.  <\/p>\n<p>[\/et_pb_text][\/et_pb_column][et_pb_column type=&#8221;1_4&#8243; _builder_version=&#8221;4.27.4&#8243; _module_preset=&#8221;default&#8221; custom_padding=&#8221;3%||||false|false&#8221; global_colors_info=&#8221;{}&#8221;][et_pb_image src=&#8221;https:\/\/smart-age.eu\/wp-content\/uploads\/2025\/02\/mpact_logo_rgb.png&#8221; title_text=&#8221;mpact_logo_rgb&#8221; _builder_version=&#8221;4.27.4&#8243; _module_preset=&#8221;default&#8221; width_tablet=&#8221;52%&#8221; width_phone=&#8221;76%&#8221; width_last_edited=&#8221;on|phone&#8221; global_colors_info=&#8221;{}&#8221;][\/et_pb_image][\/et_pb_column][\/et_pb_row][\/et_pb_section][et_pb_section fb_built=&#8221;1&#8243; _builder_version=&#8221;4.27.4&#8243; _module_preset=&#8221;default&#8221; custom_padding=&#8221;3px||5px|||&#8221; global_colors_info=&#8221;{}&#8221;][et_pb_row column_structure=&#8221;3_4,1_4&#8243; _builder_version=&#8221;4.27.4&#8243; _module_preset=&#8221;default&#8221; border_width_bottom=&#8221;1px&#8221; border_color_bottom=&#8221;#E5E5E5&#8243; global_colors_info=&#8221;{}&#8221;][et_pb_column type=&#8221;3_4&#8243; _builder_version=&#8221;4.27.4&#8243; _module_preset=&#8221;default&#8221; global_colors_info=&#8221;{}&#8221;][et_pb_text _builder_version=&#8221;4.27.4&#8243; _module_preset=&#8221;default&#8221; header_3_font=&#8221;|700|||||||&#8221; global_colors_info=&#8221;{}&#8221;]<\/p>\n<h3>Vlaamse Ouderenraad<\/h3>\n<p>Vlaamse Ouderenraad (Flamandzka Rada Os\u00f3b Starszych) to rada doradcza i partycypacyjna reprezentuj\u0105ca osoby starsze we Flandrii. Dzi\u0119ki bogatemu do\u015bwiadczeniu w rzecznictwie w imieniu os\u00f3b starszych w r\u00f3\u017cnych dziedzinach polityki, Rada wnosi cenne spostrze\u017cenia do konsorcjum SMART-AGE. <\/p>\n<p>[\/et_pb_text][\/et_pb_column][et_pb_column type=&#8221;1_4&#8243; _builder_version=&#8221;4.27.4&#8243; _module_preset=&#8221;default&#8221; custom_padding=&#8221;3%||||false|false&#8221; global_colors_info=&#8221;{}&#8221;][et_pb_image src=&#8221;https:\/\/smart-age.eu\/wp-content\/uploads\/2025\/02\/Vlaamse-Ouderenraad-scaled.jpg&#8221; title_text=&#8221;Vlaamse Ouderenraad&#8221; _builder_version=&#8221;4.27.4&#8243; _module_preset=&#8221;default&#8221; width_tablet=&#8221;49%&#8221; width_phone=&#8221;67%&#8221; width_last_edited=&#8221;on|phone&#8221; global_colors_info=&#8221;{}&#8221;][\/et_pb_image][\/et_pb_column][\/et_pb_row][\/et_pb_section][et_pb_section fb_built=&#8221;1&#8243; _builder_version=&#8221;4.27.4&#8243; _module_preset=&#8221;default&#8221; custom_padding=&#8221;3px||5px|||&#8221; global_colors_info=&#8221;{}&#8221;][et_pb_row column_structure=&#8221;3_4,1_4&#8243; _builder_version=&#8221;4.27.4&#8243; _module_preset=&#8221;default&#8221; border_width_bottom=&#8221;1px&#8221; border_color_bottom=&#8221;#E5E5E5&#8243; global_colors_info=&#8221;{}&#8221;][et_pb_column type=&#8221;3_4&#8243; _builder_version=&#8221;4.27.4&#8243; _module_preset=&#8221;default&#8221; global_colors_info=&#8221;{}&#8221;][et_pb_text _builder_version=&#8221;4.27.4&#8243; _module_preset=&#8221;default&#8221; header_3_font=&#8221;|700|||||||&#8221; global_colors_info=&#8221;{}&#8221;]<\/p>\n<h3>Municipio 9 Milano<\/h3>\n<p>Municipio 9 miasta Mediolan wsp\u00f3\u0142pracuje z SMART-AGE jako studium przypadku. Opieraj\u0105c si\u0119 na wcze\u015bniejszej wsp\u00f3\u0142pracy z Politecnico di Milano, przyczynia si\u0119 do gromadzenia danych, dzielenia si\u0119 polityk\u0105, interaktywnych spacer\u00f3w mobilno\u015bci i rozpowszechniania projektu. <\/p>\n<p>[\/et_pb_text][\/et_pb_column][et_pb_column type=&#8221;1_4&#8243; _builder_version=&#8221;4.27.4&#8243; _module_preset=&#8221;default&#8221; custom_padding=&#8221;3%||||false|false&#8221; global_colors_info=&#8221;{}&#8221;][et_pb_image src=&#8221;https:\/\/smart-age.eu\/wp-content\/uploads\/2025\/02\/Municipio_09.png&#8221; title_text=&#8221;Municipio_09&#8243; _builder_version=&#8221;4.27.4&#8243; _module_preset=&#8221;default&#8221; width=&#8221;74%&#8221; width_tablet=&#8221;41%&#8221; width_phone=&#8221;52%&#8221; width_last_edited=&#8221;on|phone&#8221; global_colors_info=&#8221;{}&#8221;][\/et_pb_image][\/et_pb_column][\/et_pb_row][\/et_pb_section][et_pb_section fb_built=&#8221;1&#8243; _builder_version=&#8221;4.27.4&#8243; _module_preset=&#8221;default&#8221; custom_padding=&#8221;3px||5px|||&#8221; global_colors_info=&#8221;{}&#8221;][et_pb_row column_structure=&#8221;3_4,1_4&#8243; _builder_version=&#8221;4.27.4&#8243; _module_preset=&#8221;default&#8221; border_width_bottom=&#8221;1px&#8221; border_color_bottom=&#8221;#E5E5E5&#8243; global_colors_info=&#8221;{}&#8221;][et_pb_column type=&#8221;3_4&#8243; _builder_version=&#8221;4.27.4&#8243; _module_preset=&#8221;default&#8221; global_colors_info=&#8221;{}&#8221;][et_pb_text _builder_version=&#8221;4.27.4&#8243; _module_preset=&#8221;default&#8221; header_3_font=&#8221;|700|||||||&#8221; global_colors_info=&#8221;{}&#8221;]<\/p>\n<h3>Auser Indieme di Milano<\/h3>\n<p>AUSER Milano, stowarzyszenie promocji spo\u0142ecznej, do\u0142\u0105cza do SMART-AGE jako kluczowy partner wsp\u00f3\u0142pracy, wykorzystuj\u0105c swoj\u0105 wiedz\u0119 specjalistyczn\u0105 w zakresie wspierania os\u00f3b starszych i wspierania integracji spo\u0142ecznej. Dzi\u0119ki bogatemu do\u015bwiadczeniu w us\u0142ugach spo\u0142ecznych i wsp\u00f3\u0142pracy z gmin\u0105 Mediolan i Politechnik\u0105 Mediola\u0144sk\u0105, AUSER Milano przyczynia si\u0119 do wsp\u00f3\u0142tworzenia dzia\u0142a\u0144, gromadzenia danych i rozpowszechniania projekt\u00f3w. <\/p>\n<p>[\/et_pb_text][\/et_pb_column][et_pb_column type=&#8221;1_4&#8243; _builder_version=&#8221;4.27.4&#8243; _module_preset=&#8221;default&#8221; custom_padding=&#8221;3%||||false|false&#8221; global_colors_info=&#8221;{}&#8221;][et_pb_image src=&#8221;https:\/\/smart-age.eu\/wp-content\/uploads\/2025\/02\/auser.png&#8221; title_text=&#8221;auser&#8221; _builder_version=&#8221;4.27.4&#8243; _module_preset=&#8221;default&#8221; width_tablet=&#8221;42%&#8221; width_phone=&#8221;67%&#8221; width_last_edited=&#8221;on|phone&#8221; global_colors_info=&#8221;{}&#8221;][\/et_pb_image][\/et_pb_column][\/et_pb_row][\/et_pb_section][et_pb_section fb_built=&#8221;1&#8243; _builder_version=&#8221;4.27.4&#8243; _module_preset=&#8221;default&#8221; custom_padding=&#8221;3px||5px|||&#8221; global_colors_info=&#8221;{}&#8221;][et_pb_row column_structure=&#8221;3_4,1_4&#8243; _builder_version=&#8221;4.27.4&#8243; _module_preset=&#8221;default&#8221; border_width_bottom=&#8221;1px&#8221; border_color_bottom=&#8221;#E5E5E5&#8243; global_colors_info=&#8221;{}&#8221;][et_pb_column type=&#8221;3_4&#8243; _builder_version=&#8221;4.27.4&#8243; _module_preset=&#8221;default&#8221; global_colors_info=&#8221;{}&#8221;][et_pb_text _builder_version=&#8221;4.27.4&#8243; _module_preset=&#8221;default&#8221; header_3_font=&#8221;|700|||||||&#8221; global_colors_info=&#8221;{}&#8221;]<\/p>\n<h3>Brussels Mobility<\/h3>\n<p>Brussels Mobility, administracja odpowiedzialna za transport i infrastruktur\u0119 w Regionie Sto\u0142ecznym Brukseli, do\u0142\u0105cza do projektu SMART-AGE, aby podzieli\u0107 si\u0119 swoj\u0105 wiedz\u0105 w zakresie zarz\u0105dzania transportem miejskim. Ich wk\u0142ad obejmuje analiz\u0119 kluczowych danych na temat potrzeb os\u00f3b starszych w zakresie mobilno\u015bci przy u\u017cyciu narz\u0119dzi takich jak badania zachowa\u0144 podr\u00f3\u017cnych i statystyki mobilno\u015bci, a tak\u017ce u\u0142atwianie komunikacji i koordynacji mi\u0119dzy kluczowymi podmiotami w administracji i partnerami projektu. <\/p>\n<p>[\/et_pb_text][\/et_pb_column][et_pb_column type=&#8221;1_4&#8243; _builder_version=&#8221;4.27.4&#8243; _module_preset=&#8221;default&#8221; custom_padding=&#8221;3%||||false|false&#8221; global_colors_info=&#8221;{}&#8221;][et_pb_image src=&#8221;https:\/\/smart-age.eu\/wp-content\/uploads\/2025\/02\/Brussels-Mobility.png&#8221; title_text=&#8221;Brussels Mobility&#8221; _builder_version=&#8221;4.27.4&#8243; _module_preset=&#8221;default&#8221; width_tablet=&#8221;&#8221; width_phone=&#8221;72%&#8221; width_last_edited=&#8221;on|phone&#8221; global_colors_info=&#8221;{}&#8221; width__hover_enabled=&#8221;on|desktop&#8221;][\/et_pb_image][\/et_pb_column][\/et_pb_row][\/et_pb_section][et_pb_section fb_built=&#8221;1&#8243; _builder_version=&#8221;4.27.4&#8243; _module_preset=&#8221;default&#8221; custom_padding=&#8221;3px||5px|||&#8221; global_colors_info=&#8221;{}&#8221;][et_pb_row column_structure=&#8221;3_4,1_4&#8243; _builder_version=&#8221;4.27.4&#8243; _module_preset=&#8221;default&#8221; border_width_bottom=&#8221;1px&#8221; border_color_bottom=&#8221;#E5E5E5&#8243; global_colors_info=&#8221;{}&#8221;][et_pb_column type=&#8221;3_4&#8243; _builder_version=&#8221;4.27.4&#8243; _module_preset=&#8221;default&#8221; global_colors_info=&#8221;{}&#8221;][et_pb_text _builder_version=&#8221;4.27.4&#8243; _module_preset=&#8221;default&#8221; header_3_font=&#8221;|700|||||||&#8221; global_colors_info=&#8221;{}&#8221;]<\/p>\n<h3>Brussels Ouderenplatform<\/h3>\n<p>Brussels Ouderenplatform (Bop) to organizacja non-profit zajmuj\u0105ca si\u0119 mi\u0119dzy innymi obron\u0105 praw os\u00f3b starszych w Brukseli. Jej misj\u0105 jest wzmacnianie g\u0142osu os\u00f3b starszych i ich organizacji, zapewniaj\u0105c, \u017ce ich potrzeby s\u0105 s\u0142yszane przez decydent\u00f3w. Dzia\u0142 rzecznictwa BOp wspiera dialog, wsp\u00f3\u0142pracuje z organizacjami i anga\u017cuje decydent\u00f3w. Posiada wiele istotnych danych dost\u0119pnych dla projektu SMART-AGE i ma szerokie do\u015bwiadczenie w budowaniu most\u00f3w mi\u0119dzy potrzebami starszej spo\u0142eczno\u015bci a decydentami.   <\/p>\n<p>[\/et_pb_text][\/et_pb_column][et_pb_column type=&#8221;1_4&#8243; _builder_version=&#8221;4.27.4&#8243; _module_preset=&#8221;default&#8221; custom_padding=&#8221;3%||||false|false&#8221; global_colors_info=&#8221;{}&#8221;][et_pb_image src=&#8221;https:\/\/smart-age.eu\/wp-content\/uploads\/2025\/02\/bop_logo_kleur.jpg&#8221; title_text=&#8221;bop_logo_kleur&#8221; _builder_version=&#8221;4.27.4&#8243; _module_preset=&#8221;default&#8221; width_tablet=&#8221;44%&#8221; width_phone=&#8221;67%&#8221; width_last_edited=&#8221;on|phone&#8221; global_colors_info=&#8221;{}&#8221;][\/et_pb_image][\/et_pb_column][\/et_pb_row][\/et_pb_section][et_pb_section fb_built=&#8221;1&#8243; _builder_version=&#8221;4.27.4&#8243; _module_preset=&#8221;default&#8221; custom_padding=&#8221;3px||5px|||&#8221; global_colors_info=&#8221;{}&#8221;][et_pb_row column_structure=&#8221;3_4,1_4&#8243; _builder_version=&#8221;4.27.4&#8243; _module_preset=&#8221;default&#8221; border_width_bottom=&#8221;1px&#8221; border_color_bottom=&#8221;#E5E5E5&#8243; global_colors_info=&#8221;{}&#8221;][et_pb_column type=&#8221;3_4&#8243; _builder_version=&#8221;4.27.4&#8243; _module_preset=&#8221;default&#8221; global_colors_info=&#8221;{}&#8221;][et_pb_text _builder_version=&#8221;4.27.4&#8243; _module_preset=&#8221;default&#8221; header_3_font=&#8221;|700|||||||&#8221; global_colors_info=&#8221;{}&#8221;]<\/p>\n<h3>Dzielnica Berendrecht-Zandvliet<\/h3>\n<p>Powiat Berendrecht-Zandvliet uczestniczy w projekcie SMART-AGE jako studium przypadku, o wyra\u017anie wiejskim i logistycznym kontek\u015bcie. Dzi\u0119ki rozproszonym obszarom mieszkalnym, infrastrukturze portowej i specyficznym wyzwaniom w zakresie mobilno\u015bci, powiat wnosi do projektu uzupe\u0142niaj\u0105c\u0105 perspektyw\u0119. Wnosi wk\u0142ad poprzez dzielenie si\u0119 lokalnymi spostrze\u017ceniami, anga\u017cowanie mieszka\u0144c\u00f3w i interesariuszy oraz pomoc w rozpowszechnianiu wynik\u00f3w w spo\u0142eczno\u015bci.  <\/p>\n<p>[\/et_pb_text][\/et_pb_column][et_pb_column type=&#8221;1_4&#8243; _builder_version=&#8221;4.27.4&#8243; _module_preset=&#8221;default&#8221; custom_padding=&#8221;3%||||false|false&#8221; global_colors_info=&#8221;{}&#8221;][et_pb_image title_text=&#8221;sponsorlogo_DistrictBZL_kleur&#8221; _builder_version=&#8221;4.27.4&#8243; _module_preset=&#8221;default&#8221; width_tablet=&#8221;44%&#8221; width_phone=&#8221;67%&#8221; width_last_edited=&#8221;on|phone&#8221; global_colors_info=&#8221;{}&#8221; src=&#8221;https:\/\/smart-age.eu\/wp-content\/uploads\/2026\/01\/sponsorlogo_DistrictBZL_kleur.png&#8221; hover_enabled=&#8221;0&#8243; sticky_enabled=&#8221;0&#8243;][\/et_pb_image][\/et_pb_column][\/et_pb_row][\/et_pb_section][et_pb_section fb_built=&#8221;1&#8243; _builder_version=&#8221;4.27.4&#8243; _module_preset=&#8221;default&#8221; custom_padding=&#8221;3px||5px|||&#8221; global_colors_info=&#8221;{}&#8221;][et_pb_row column_structure=&#8221;3_4,1_4&#8243; _builder_version=&#8221;4.27.4&#8243; _module_preset=&#8221;default&#8221; border_width_bottom=&#8221;1px&#8221; border_color_bottom=&#8221;#E5E5E5&#8243; global_colors_info=&#8221;{}&#8221;][et_pb_column type=&#8221;3_4&#8243; _builder_version=&#8221;4.27.4&#8243; _module_preset=&#8221;default&#8221; global_colors_info=&#8221;{}&#8221;][et_pb_text _builder_version=&#8221;4.27.4&#8243; _module_preset=&#8221;default&#8221; header_3_font=&#8221;|700|||||||&#8221; global_colors_info=&#8221;{}&#8221;]<\/p>\n<h3>Dzielnica Hoboken<\/h3>\n<p>Dzielnica Hoboken w Antwerpii do\u0142\u0105cza do projektu SMART-AGE jako miejskie studium przypadku. Dzi\u0119ki zr\u00f3\u017cnicowanym dzielnicom mieszkaniowym, aktywnym stowarzyszeniom lokalnym oraz unikalnemu po\u0142\u0105czeniu teren\u00f3w przemys\u0142owych i zielonych, Hoboken oferuje cenne informacje na temat mobilno\u015bci i dost\u0119pno\u015bci dla r\u00f3\u017cnych grup docelowych. Dzielnica wspiera projekt poprzez lokalne gromadzenie danych, dzia\u0142ania informacyjne skierowane do mieszka\u0144c\u00f3w oraz udost\u0119pnianie praktycznych informacji politycznych.  <\/p>\n<p>[\/et_pb_text][\/et_pb_column][et_pb_column type=&#8221;1_4&#8243; _builder_version=&#8221;4.27.4&#8243; _module_preset=&#8221;default&#8221; custom_padding=&#8221;3%||||false|false&#8221; global_colors_info=&#8221;{}&#8221;][et_pb_image title_text=&#8221;Logo_District-Hoboken_Rechts_sRGB&#8221; _builder_version=&#8221;4.27.4&#8243; _module_preset=&#8221;default&#8221; width_tablet=&#8221;44%&#8221; width_phone=&#8221;67%&#8221; width_last_edited=&#8221;on|phone&#8221; global_colors_info=&#8221;{}&#8221; src=&#8221;https:\/\/smart-age.eu\/wp-content\/uploads\/2026\/01\/Logo_District-Hoboken_Rechts_sRGB.avif&#8221; hover_enabled=&#8221;0&#8243; sticky_enabled=&#8221;0&#8243;][\/et_pb_image][\/et_pb_column][\/et_pb_row][\/et_pb_section][et_pb_section fb_built=&#8221;1&#8243; _builder_version=&#8221;4.27.4&#8243; _module_preset=&#8221;default&#8221; custom_padding=&#8221;3px||54px|||&#8221; global_colors_info=&#8221;{}&#8221;][et_pb_row column_structure=&#8221;3_4,1_4&#8243; _builder_version=&#8221;4.27.4&#8243; _module_preset=&#8221;default&#8221; border_color_bottom=&#8221;#E5E5E5&#8243; global_colors_info=&#8221;{}&#8221;][et_pb_column type=&#8221;3_4&#8243; _builder_version=&#8221;4.27.4&#8243; _module_preset=&#8221;default&#8221; global_colors_info=&#8221;{}&#8221;][et_pb_text _builder_version=&#8221;4.27.4&#8243; _module_preset=&#8221;default&#8221; header_3_font=&#8221;|700|||||||&#8221; global_colors_info=&#8221;{}&#8221;]<\/p>\n<h3>Comune di Genova<\/h3>\n<p>Comune di Genova joins the SMART-AGE project as a co-operation partner and case study city, building on its experience in promoting sustainable urban mobility with a focus on older adults. Having collaborated with Co-Applicant Politecnico di Milano on previous projects, Genova brings valuable expertise in co-creation methods, including data collection and policy sharing. <\/p>\n<p>[\/et_pb_text][\/et_pb_column][et_pb_column type=&#8221;1_4&#8243; _builder_version=&#8221;4.27.4&#8243; _module_preset=&#8221;default&#8221; custom_padding=&#8221;3%||||false|false&#8221; global_colors_info=&#8221;{}&#8221;][et_pb_image src=&#8221;https:\/\/smart-age.eu\/wp-content\/uploads\/2025\/02\/comune-di-genova-logo-png-transparent.png&#8221; title_text=&#8221;comune-di-genova-logo-png-transparent&#8221; _builder_version=&#8221;4.27.4&#8243; _module_preset=&#8221;default&#8221; width=&#8221;79%&#8221; width_tablet=&#8221;35%&#8221; width_phone=&#8221;58%&#8221; width_last_edited=&#8221;on|phone&#8221; global_colors_info=&#8221;{}&#8221;][\/et_pb_image][\/et_pb_column][\/et_pb_row][\/et_pb_section]<\/p>\n","protected":false},"excerpt":{"rendered":"<p>Kim jeste\u015bmyKonsorcjum SMART-AGE \u0142\u0105czy do\u015bwiadczenie 21 partner\u00f3w z r\u00f3\u017cnych \u015brodowisk akademickich, politycznych i spo\u0142ecznych:Uniwersytet w Antwerpii Uniwersytet w Antwerpii pe\u0142ni rol\u0119 koordynatora projektu, wnosi do\u015bwiadczenie w zakresie wsp\u00f3\u0142pracy transgranicznej oraz bada\u0144 naukowych poprzez Wydzia\u0142 Prawa, reprezentowanego przez grupy badawcze Business and Law oraz Government and Law. Jednostki te prowadz\u0105 szeroko zakrojone analizy nad zagadnieniami prawno-naukowymi [&hellip;]<\/p>\n","protected":false},"author":3,"featured_media":0,"parent":0,"menu_order":0,"comment_status":"closed","ping_status":"closed","template":"","meta":{"_et_pb_use_builder":"on","_et_pb_old_content":"","_et_gb_content_width":"","_umich_oidc_access":"","footnotes":""},"class_list":["post-612","page","type-page","status-publish","hentry"],"yoast_head":"<!-- This site is optimized with the Yoast SEO plugin v27.5 - https:\/\/yoast.com\/product\/yoast-seo-wordpress\/ -->\n<title>Kim jeste\u015bmy - SMART-AGE<\/title>\n<meta name=\"robots\" content=\"index, follow, max-snippet:-1, max-image-preview:large, max-video-preview:-1\" \/>\n<link rel=\"canonical\" href=\"https:\/\/smart-age.eu\/pl\/kim-jestesmy\/\" \/>\n<meta property=\"og:locale\" content=\"pl_PL\" \/>\n<meta property=\"og:type\" content=\"article\" \/>\n<meta property=\"og:title\" content=\"Kim jeste\u015bmy - SMART-AGE\" \/>\n<meta property=\"og:description\" content=\"Kim jeste\u015bmyKonsorcjum SMART-AGE \u0142\u0105czy do\u015bwiadczenie 21 partner\u00f3w z r\u00f3\u017cnych \u015brodowisk akademickich, politycznych i spo\u0142ecznych:Uniwersytet w Antwerpii Uniwersytet w Antwerpii pe\u0142ni rol\u0119 koordynatora projektu, wnosi do\u015bwiadczenie w zakresie wsp\u00f3\u0142pracy transgranicznej oraz bada\u0144 naukowych poprzez Wydzia\u0142 Prawa, reprezentowanego przez grupy badawcze Business and Law oraz Government and Law. Jednostki te prowadz\u0105 szeroko zakrojone analizy nad zagadnieniami prawno-naukowymi [&hellip;]\" \/>\n<meta property=\"og:url\" content=\"https:\/\/smart-age.eu\/pl\/kim-jestesmy\/\" \/>\n<meta property=\"og:site_name\" content=\"SMART-AGE\" \/>\n<meta property=\"article:modified_time\" content=\"2026-01-07T10:50:14+00:00\" \/>\n<meta name=\"twitter:card\" content=\"summary_large_image\" \/>\n<meta name=\"twitter:label1\" content=\"Szacowany czas czytania\" \/>\n\t<meta name=\"twitter:data1\" content=\"27 minut\" \/>\n<script type=\"application\/ld+json\" class=\"yoast-schema-graph\">{\"@context\":\"https:\\\/\\\/schema.org\",\"@graph\":[{\"@type\":\"WebPage\",\"@id\":\"https:\\\/\\\/smart-age.eu\\\/pl\\\/kim-jestesmy\\\/\",\"url\":\"https:\\\/\\\/smart-age.eu\\\/pl\\\/kim-jestesmy\\\/\",\"name\":\"Kim jeste\u015bmy - SMART-AGE\",\"isPartOf\":{\"@id\":\"https:\\\/\\\/smart-age.eu\\\/#website\"},\"datePublished\":\"2025-02-07T08:27:11+00:00\",\"dateModified\":\"2026-01-07T10:50:14+00:00\",\"breadcrumb\":{\"@id\":\"https:\\\/\\\/smart-age.eu\\\/pl\\\/kim-jestesmy\\\/#breadcrumb\"},\"inLanguage\":\"pl-PL\",\"potentialAction\":[{\"@type\":\"ReadAction\",\"target\":[\"https:\\\/\\\/smart-age.eu\\\/pl\\\/kim-jestesmy\\\/\"]}]},{\"@type\":\"BreadcrumbList\",\"@id\":\"https:\\\/\\\/smart-age.eu\\\/pl\\\/kim-jestesmy\\\/#breadcrumb\",\"itemListElement\":[{\"@type\":\"ListItem\",\"position\":1,\"name\":\"Home\",\"item\":\"https:\\\/\\\/smart-age.eu\\\/pl\\\/home\\\/\"},{\"@type\":\"ListItem\",\"position\":2,\"name\":\"Kim jeste\u015bmy\"}]},{\"@type\":\"WebSite\",\"@id\":\"https:\\\/\\\/smart-age.eu\\\/#website\",\"url\":\"https:\\\/\\\/smart-age.eu\\\/\",\"name\":\"SMART-AGE\",\"description\":\"Sustainable Mobility and Accessibility for Resilient Transport in Aging Urban Environments\",\"potentialAction\":[{\"@type\":\"SearchAction\",\"target\":{\"@type\":\"EntryPoint\",\"urlTemplate\":\"https:\\\/\\\/smart-age.eu\\\/?s={search_term_string}\"},\"query-input\":{\"@type\":\"PropertyValueSpecification\",\"valueRequired\":true,\"valueName\":\"search_term_string\"}}],\"inLanguage\":\"pl-PL\"}]}<\/script>\n<!-- \/ Yoast SEO plugin. -->","yoast_head_json":{"title":"Kim jeste\u015bmy - SMART-AGE","robots":{"index":"index","follow":"follow","max-snippet":"max-snippet:-1","max-image-preview":"max-image-preview:large","max-video-preview":"max-video-preview:-1"},"canonical":"https:\/\/smart-age.eu\/pl\/kim-jestesmy\/","og_locale":"pl_PL","og_type":"article","og_title":"Kim jeste\u015bmy - SMART-AGE","og_description":"Kim jeste\u015bmyKonsorcjum SMART-AGE \u0142\u0105czy do\u015bwiadczenie 21 partner\u00f3w z r\u00f3\u017cnych \u015brodowisk akademickich, politycznych i spo\u0142ecznych:Uniwersytet w Antwerpii Uniwersytet w Antwerpii pe\u0142ni rol\u0119 koordynatora projektu, wnosi do\u015bwiadczenie w zakresie wsp\u00f3\u0142pracy transgranicznej oraz bada\u0144 naukowych poprzez Wydzia\u0142 Prawa, reprezentowanego przez grupy badawcze Business and Law oraz Government and Law. Jednostki te prowadz\u0105 szeroko zakrojone analizy nad zagadnieniami prawno-naukowymi [&hellip;]","og_url":"https:\/\/smart-age.eu\/pl\/kim-jestesmy\/","og_site_name":"SMART-AGE","article_modified_time":"2026-01-07T10:50:14+00:00","twitter_card":"summary_large_image","twitter_misc":{"Szacowany czas czytania":"27 minut"},"schema":{"@context":"https:\/\/schema.org","@graph":[{"@type":"WebPage","@id":"https:\/\/smart-age.eu\/pl\/kim-jestesmy\/","url":"https:\/\/smart-age.eu\/pl\/kim-jestesmy\/","name":"Kim jeste\u015bmy - SMART-AGE","isPartOf":{"@id":"https:\/\/smart-age.eu\/#website"},"datePublished":"2025-02-07T08:27:11+00:00","dateModified":"2026-01-07T10:50:14+00:00","breadcrumb":{"@id":"https:\/\/smart-age.eu\/pl\/kim-jestesmy\/#breadcrumb"},"inLanguage":"pl-PL","potentialAction":[{"@type":"ReadAction","target":["https:\/\/smart-age.eu\/pl\/kim-jestesmy\/"]}]},{"@type":"BreadcrumbList","@id":"https:\/\/smart-age.eu\/pl\/kim-jestesmy\/#breadcrumb","itemListElement":[{"@type":"ListItem","position":1,"name":"Home","item":"https:\/\/smart-age.eu\/pl\/home\/"},{"@type":"ListItem","position":2,"name":"Kim jeste\u015bmy"}]},{"@type":"WebSite","@id":"https:\/\/smart-age.eu\/#website","url":"https:\/\/smart-age.eu\/","name":"SMART-AGE","description":"Sustainable Mobility and Accessibility for Resilient Transport in Aging Urban Environments","potentialAction":[{"@type":"SearchAction","target":{"@type":"EntryPoint","urlTemplate":"https:\/\/smart-age.eu\/?s={search_term_string}"},"query-input":{"@type":"PropertyValueSpecification","valueRequired":true,"valueName":"search_term_string"}}],"inLanguage":"pl-PL"}]}},"_links":{"self":[{"href":"https:\/\/smart-age.eu\/pl\/wp-json\/wp\/v2\/pages\/612","targetHints":{"allow":["GET"]}}],"collection":[{"href":"https:\/\/smart-age.eu\/pl\/wp-json\/wp\/v2\/pages"}],"about":[{"href":"https:\/\/smart-age.eu\/pl\/wp-json\/wp\/v2\/types\/page"}],"author":[{"embeddable":true,"href":"https:\/\/smart-age.eu\/pl\/wp-json\/wp\/v2\/users\/3"}],"replies":[{"embeddable":true,"href":"https:\/\/smart-age.eu\/pl\/wp-json\/wp\/v2\/comments?post=612"}],"version-history":[{"count":35,"href":"https:\/\/smart-age.eu\/pl\/wp-json\/wp\/v2\/pages\/612\/revisions"}],"predecessor-version":[{"id":936,"href":"https:\/\/smart-age.eu\/pl\/wp-json\/wp\/v2\/pages\/612\/revisions\/936"}],"wp:attachment":[{"href":"https:\/\/smart-age.eu\/pl\/wp-json\/wp\/v2\/media?parent=612"}],"curies":[{"name":"wp","href":"https:\/\/api.w.org\/{rel}","templated":true}]}}